{"version":"1.0","provider_name":"\u017durnalas Lietuv\u0117","provider_url":"https:\/\/lietuve.lt","title":"11-osios \u201eLietuvos garb\u0117s\u201c k\u016br\u0117jai kvie\u010dia pagerbti ma\u017euosius herojus  - \u017durnalas Lietuv\u0117","type":"rich","width":600,"height":338,"html":"<blockquote class=\"wp-embedded-content\" data-secret=\"c4MiHizulY\"><a href=\"https:\/\/lietuve.lt\/11-osios-lietuvos-garbes-kurejai-kviecia-pagerbti-mazuosius-herojus\/\">11-osios \u201eLietuvos garb\u0117s\u201c k\u016br\u0117jai kvie\u010dia pagerbti ma\u017euosius herojus<\/a><\/blockquote><iframe sandbox=\"allow-scripts\" security=\"restricted\" src=\"https:\/\/lietuve.lt\/11-osios-lietuvos-garbes-kurejai-kviecia-pagerbti-mazuosius-herojus\/embed\/#?secret=c4MiHizulY\" width=\"600\" height=\"338\" title=\"&#8220;11-osios \u201eLietuvos garb\u0117s\u201c k\u016br\u0117jai kvie\u010dia pagerbti ma\u017euosius herojus&#8221; &#8212; \u017durnalas Lietuv\u0117\" data-secret=\"c4MiHizulY\" frameborder=\"0\" marginwidth=\"0\" marginheight=\"0\" scrolling=\"no\" class=\"wp-embedded-content\"><\/iframe><script type=\"text\/javascript\">\n\/* <![CDATA[ *\/\n\/*! This file is auto-generated *\/\n!function(d,l){\"use strict\";l.querySelector&&d.addEventListener&&\"undefined\"!=typeof URL&&(d.wp=d.wp||{},d.wp.receiveEmbedMessage||(d.wp.receiveEmbedMessage=function(e){var t=e.data;if((t||t.secret||t.message||t.value)&&!\/[^a-zA-Z0-9]\/.test(t.secret)){for(var s,r,n,a=l.querySelectorAll('iframe[data-secret=\"'+t.secret+'\"]'),o=l.querySelectorAll('blockquote[data-secret=\"'+t.secret+'\"]'),c=new RegExp(\"^https?:$\",\"i\"),i=0;i<o.length;i++)o[i].style.display=\"none\";for(i=0;i<a.length;i++)s=a[i],e.source===s.contentWindow&&(s.removeAttribute(\"style\"),\"height\"===t.message?(1e3<(r=parseInt(t.value,10))?r=1e3:~~r<200&&(r=200),s.height=r):\"link\"===t.message&&(r=new URL(s.getAttribute(\"src\")),n=new URL(t.value),c.test(n.protocol))&&n.host===r.host&&l.activeElement===s&&(d.top.location.href=t.value))}},d.addEventListener(\"message\",d.wp.receiveEmbedMessage,!1),l.addEventListener(\"DOMContentLoaded\",function(){for(var e,t,s=l.querySelectorAll(\"iframe.wp-embedded-content\"),r=0;r<s.length;r++)(t=(e=s[r]).getAttribute(\"data-secret\"))||(t=Math.random().toString(36).substring(2,12),e.src+=\"#?secret=\"+t,e.setAttribute(\"data-secret\",t)),e.contentWindow.postMessage({message:\"ready\",secret:t},\"*\")},!1)))}(window,document);\n\/\/# sourceURL=https:\/\/lietuve.lt\/wp-includes\/js\/wp-embed.min.js\n\/* ]]> *\/\n<\/script>\n","description":"Kovo 11-\u0105j\u0105, Lietuvos nepriklausomyb\u0117s atk\u016brimo dien\u0105, kaip ir kasmet, prie ekran\u0173 \u017ei\u016brovus suburs TV3 televizija. Tiesioginiame eteryje jau 11-\u0105j\u012f kart\u0105 bus surengti tradicija tap\u0119 paprast\u0173 Lietuvos \u017emoni\u0173 ir m\u016bs\u0173 \u0161aliai nusipelniusi\u0173j\u0173 apdovanojimai \u201eLietuvos garb\u0117\u201c. I\u0161kilmingoje ceremonijoje bus papasakotos i\u0161skirtin\u0117s, jautrios, ypatingos gerumo istorijos. M\u016bs\u0173 \u0161al\u012f gerais darbais garsinantiems \u0161i\u0173 istorij\u0173 herojams bus \u012fteiktos \u201eLietuvos garb\u0117s\u201c"}