{"version":"1.0","provider_name":"\u017durnalas Lietuv\u0117","provider_url":"https:\/\/lietuve.lt","title":"A. Butkevi\u010dius: \u201eLietuvai labai reikalingi pasaulio lietuviai\u201c - \u017durnalas Lietuv\u0117","type":"rich","width":600,"height":338,"html":"<blockquote class=\"wp-embedded-content\" data-secret=\"0wjnJOextE\"><a href=\"https:\/\/lietuve.lt\/a-butkevicius-lietuvai-labai-reikalingi-pasaulio-lietuviai\/\">A. Butkevi\u010dius: \u201eLietuvai labai reikalingi pasaulio lietuviai\u201c<\/a><\/blockquote><iframe sandbox=\"allow-scripts\" security=\"restricted\" src=\"https:\/\/lietuve.lt\/a-butkevicius-lietuvai-labai-reikalingi-pasaulio-lietuviai\/embed\/#?secret=0wjnJOextE\" width=\"600\" height=\"338\" title=\"&#8220;A. Butkevi\u010dius: \u201eLietuvai labai reikalingi pasaulio lietuviai\u201c&#8221; &#8212; \u017durnalas Lietuv\u0117\" data-secret=\"0wjnJOextE\" frameborder=\"0\" marginwidth=\"0\" marginheight=\"0\" scrolling=\"no\" class=\"wp-embedded-content\"><\/iframe><script type=\"text\/javascript\">\n\/* <![CDATA[ *\/\n\/*! This file is auto-generated *\/\n!function(d,l){\"use strict\";l.querySelector&&d.addEventListener&&\"undefined\"!=typeof URL&&(d.wp=d.wp||{},d.wp.receiveEmbedMessage||(d.wp.receiveEmbedMessage=function(e){var t=e.data;if((t||t.secret||t.message||t.value)&&!\/[^a-zA-Z0-9]\/.test(t.secret)){for(var s,r,n,a=l.querySelectorAll('iframe[data-secret=\"'+t.secret+'\"]'),o=l.querySelectorAll('blockquote[data-secret=\"'+t.secret+'\"]'),c=new RegExp(\"^https?:$\",\"i\"),i=0;i<o.length;i++)o[i].style.display=\"none\";for(i=0;i<a.length;i++)s=a[i],e.source===s.contentWindow&&(s.removeAttribute(\"style\"),\"height\"===t.message?(1e3<(r=parseInt(t.value,10))?r=1e3:~~r<200&&(r=200),s.height=r):\"link\"===t.message&&(r=new URL(s.getAttribute(\"src\")),n=new URL(t.value),c.test(n.protocol))&&n.host===r.host&&l.activeElement===s&&(d.top.location.href=t.value))}},d.addEventListener(\"message\",d.wp.receiveEmbedMessage,!1),l.addEventListener(\"DOMContentLoaded\",function(){for(var e,t,s=l.querySelectorAll(\"iframe.wp-embedded-content\"),r=0;r<s.length;r++)(t=(e=s[r]).getAttribute(\"data-secret\"))||(t=Math.random().toString(36).substring(2,12),e.src+=\"#?secret=\"+t,e.setAttribute(\"data-secret\",t)),e.contentWindow.postMessage({message:\"ready\",secret:t},\"*\")},!1)))}(window,document);\n\/\/# sourceURL=https:\/\/lietuve.lt\/wp-includes\/js\/wp-embed.min.js\n\/* ]]> *\/\n<\/script>\n","description":"Ministras Pirmininkas Algirdas Butkevi\u010dius ketvirtadien\u012f dalyvavo susitikime su Pasaulio lietuvi\u0173 jaunimo s\u0105jungos (PLJS) atstovais. Buvo svarstomos 2016 m. liepos m\u0117nes\u012f rengiamo PLJS suva\u017eiavimo \u201eGlobalios (Pasaulio) Lietuvos k\u016brimas\u201c gair\u0117s. A. Butkevi\u010dius pa\u017eym\u0117jo, kad i\u0161silavinim\u0105 kitose \u0161alyse\u00a0 \u012fgijusi\u0173 ar darbo patirt\u012f turin\u010di\u0173 jaun\u0173 \u017emoni\u0173 protas ir talentai \u2013 ne\u012fkainojamas ind\u0117lis. Jis sak\u0117 tuo \u012fsitikin\u0119s asmeni\u0161kai, susipa\u017ein\u0119s su"}