{"version":"1.0","provider_name":"\u017durnalas Lietuv\u0117","provider_url":"https:\/\/lietuve.lt","title":"A. Dani\u016bnas: \u201eU\u017euojauta stojantiems abiturientams ir j\u0173 t\u0117vams\u201c - \u017durnalas Lietuv\u0117","type":"rich","width":600,"height":338,"html":"<blockquote class=\"wp-embedded-content\" data-secret=\"hHjIDVdf6I\"><a href=\"https:\/\/lietuve.lt\/a-daniunas-uzuojauta-stojantiems-abiturientams-ir-ju-tevams\/\">A. Dani\u016bnas: \u201eU\u017euojauta stojantiems abiturientams ir j\u0173 t\u0117vams\u201c<\/a><\/blockquote><iframe sandbox=\"allow-scripts\" security=\"restricted\" src=\"https:\/\/lietuve.lt\/a-daniunas-uzuojauta-stojantiems-abiturientams-ir-ju-tevams\/embed\/#?secret=hHjIDVdf6I\" width=\"600\" height=\"338\" title=\"&#8220;A. Dani\u016bnas: \u201eU\u017euojauta stojantiems abiturientams ir j\u0173 t\u0117vams\u201c&#8221; &#8212; \u017durnalas Lietuv\u0117\" data-secret=\"hHjIDVdf6I\" frameborder=\"0\" marginwidth=\"0\" marginheight=\"0\" scrolling=\"no\" class=\"wp-embedded-content\"><\/iframe><script type=\"text\/javascript\">\n\/* <![CDATA[ *\/\n\/*! This file is auto-generated *\/\n!function(d,l){\"use strict\";l.querySelector&&d.addEventListener&&\"undefined\"!=typeof URL&&(d.wp=d.wp||{},d.wp.receiveEmbedMessage||(d.wp.receiveEmbedMessage=function(e){var t=e.data;if((t||t.secret||t.message||t.value)&&!\/[^a-zA-Z0-9]\/.test(t.secret)){for(var s,r,n,a=l.querySelectorAll('iframe[data-secret=\"'+t.secret+'\"]'),o=l.querySelectorAll('blockquote[data-secret=\"'+t.secret+'\"]'),c=new RegExp(\"^https?:$\",\"i\"),i=0;i<o.length;i++)o[i].style.display=\"none\";for(i=0;i<a.length;i++)s=a[i],e.source===s.contentWindow&&(s.removeAttribute(\"style\"),\"height\"===t.message?(1e3<(r=parseInt(t.value,10))?r=1e3:~~r<200&&(r=200),s.height=r):\"link\"===t.message&&(r=new URL(s.getAttribute(\"src\")),n=new URL(t.value),c.test(n.protocol))&&n.host===r.host&&l.activeElement===s&&(d.top.location.href=t.value))}},d.addEventListener(\"message\",d.wp.receiveEmbedMessage,!1),l.addEventListener(\"DOMContentLoaded\",function(){for(var e,t,s=l.querySelectorAll(\"iframe.wp-embedded-content\"),r=0;r<s.length;r++)(t=(e=s[r]).getAttribute(\"data-secret\"))||(t=Math.random().toString(36).substring(2,12),e.src+=\"#?secret=\"+t,e.setAttribute(\"data-secret\",t)),e.contentWindow.postMessage({message:\"ready\",secret:t},\"*\")},!1)))}(window,document);\n\/\/# sourceURL=https:\/\/lietuve.lt\/wp-includes\/js\/wp-embed.min.js\n\/* ]]> *\/\n<\/script>\n","thumbnail_url":"https:\/\/lietuve.lt\/wp-content\/uploads\/2017\/05\/Vilniaus-Gedimino-technikos-universiteto-rektorius-Alfonsas-Dani\u016bnas.-Asmeninio-archyvo-nuotr..jpg","thumbnail_width":800,"thumbnail_height":534,"description":"Kam did\u017eiausi\u0105 \u017eal\u0105 daro diskusijos apie auk\u0161tojo mokslo reform\u0105? Ne universitetams. Ir ne politik\u0173 reitingams. Su kiekviena pasirod\u017eiusia nuomone ir komentaru kelioms de\u0161imtims t\u016bkstan\u010di\u0173 jaunuoli\u0173 tampa vis neai\u0161kiau, k\u0105 jiems studijuoti, \u012f kuri\u0105 pus\u0119 kreipti savo gyvenim\u0105. B\u016btent \u0161ie moksleiviai ir j\u0173 t\u0117vai yra did\u017eiausi diskusij\u0173 apie auk\u0161tojo mokslo reform\u0105 \u012fkaitai. Turb\u016bt retas gali \u012fsivaizduoti,"}