{"version":"1.0","provider_name":"\u017durnalas Lietuv\u0117","provider_url":"https:\/\/lietuve.lt","title":"AIRIJA. Lituanistin\u0117 mokykla \u201eSaul\u0117s zuiku\u010diai\u201c \u0161vent\u0117 penkeri\u0173 met\u0173 jubiliej\u0173 - \u017durnalas Lietuv\u0117","type":"rich","width":600,"height":338,"html":"<blockquote class=\"wp-embedded-content\" data-secret=\"8D83qsXfE6\"><a href=\"https:\/\/lietuve.lt\/airija-lituanistine-mokykla-saules-zuikuciai-svente-penkeriu-metu-jubilieju\/\">AIRIJA. Lituanistin\u0117 mokykla \u201eSaul\u0117s zuiku\u010diai\u201c \u0161vent\u0117 penkeri\u0173 met\u0173 jubiliej\u0173<\/a><\/blockquote><iframe sandbox=\"allow-scripts\" security=\"restricted\" src=\"https:\/\/lietuve.lt\/airija-lituanistine-mokykla-saules-zuikuciai-svente-penkeriu-metu-jubilieju\/embed\/#?secret=8D83qsXfE6\" width=\"600\" height=\"338\" title=\"&#8220;AIRIJA. Lituanistin\u0117 mokykla \u201eSaul\u0117s zuiku\u010diai\u201c \u0161vent\u0117 penkeri\u0173 met\u0173 jubiliej\u0173&#8221; &#8212; \u017durnalas Lietuv\u0117\" data-secret=\"8D83qsXfE6\" frameborder=\"0\" marginwidth=\"0\" marginheight=\"0\" scrolling=\"no\" class=\"wp-embedded-content\"><\/iframe><script type=\"text\/javascript\">\n\/* <![CDATA[ *\/\n\/*! This file is auto-generated *\/\n!function(d,l){\"use strict\";l.querySelector&&d.addEventListener&&\"undefined\"!=typeof URL&&(d.wp=d.wp||{},d.wp.receiveEmbedMessage||(d.wp.receiveEmbedMessage=function(e){var t=e.data;if((t||t.secret||t.message||t.value)&&!\/[^a-zA-Z0-9]\/.test(t.secret)){for(var s,r,n,a=l.querySelectorAll('iframe[data-secret=\"'+t.secret+'\"]'),o=l.querySelectorAll('blockquote[data-secret=\"'+t.secret+'\"]'),c=new RegExp(\"^https?:$\",\"i\"),i=0;i<o.length;i++)o[i].style.display=\"none\";for(i=0;i<a.length;i++)s=a[i],e.source===s.contentWindow&&(s.removeAttribute(\"style\"),\"height\"===t.message?(1e3<(r=parseInt(t.value,10))?r=1e3:~~r<200&&(r=200),s.height=r):\"link\"===t.message&&(r=new URL(s.getAttribute(\"src\")),n=new URL(t.value),c.test(n.protocol))&&n.host===r.host&&l.activeElement===s&&(d.top.location.href=t.value))}},d.addEventListener(\"message\",d.wp.receiveEmbedMessage,!1),l.addEventListener(\"DOMContentLoaded\",function(){for(var e,t,s=l.querySelectorAll(\"iframe.wp-embedded-content\"),r=0;r<s.length;r++)(t=(e=s[r]).getAttribute(\"data-secret\"))||(t=Math.random().toString(36).substring(2,12),e.src+=\"#?secret=\"+t,e.setAttribute(\"data-secret\",t)),e.contentWindow.postMessage({message:\"ready\",secret:t},\"*\")},!1)))}(window,document);\n\/\/# sourceURL=https:\/\/lietuve.lt\/wp-includes\/js\/wp-embed.min.js\n\/* ]]> *\/\n<\/script>\n","thumbnail_url":"https:\/\/lietuve.lt\/wp-content\/uploads\/2015\/04\/281.jpg","thumbnail_width":960,"thumbnail_height":621,"description":"Baland\u017eio 26 d. Airijos Carrickmacrosso miesto lituanistin\u0117 mokykla \u201eSaul\u0117s zuiku\u010diai\u201c \u0161vent\u0117 penkeri\u0173 met\u0173 jubiliej\u0173. \u012e rengin\u012f pasveikinti mokyklos bendruomen\u0117s atvyko Lietuvos Respublikos ambasador\u0117 Airijoje Rasa Adomavi\u010dien\u0117. Jame taip pat dalyvavo Monaghano apskrities meras Padraig Mc Nally, buvusi Carrickmacrosso miesto savivaldyb\u0117s nar\u0117 Mary Kerr-Conlon, pradin\u0117s mokyklos direktorius Paul Fitzpatrick, Airijos lietuvi\u0173 bendruomen\u0117s pirmininkas Ar\u016bnas Tei\u0161erskis. Sulaukta"}