{"version":"1.0","provider_name":"\u017durnalas Lietuv\u0117","provider_url":"https:\/\/lietuve.lt","title":"Airin\u0117 Pal\u0161yt\u0117 \u017eiemos sezon\u0105 prad\u0117jo pasiekdama ketvirt\u0105 rezultat\u0105 pasaulyje - \u017durnalas Lietuv\u0117","type":"rich","width":600,"height":338,"html":"<blockquote class=\"wp-embedded-content\" data-secret=\"7ocEvYwSpf\"><a href=\"https:\/\/lietuve.lt\/airine-palsyte-ziemos-sezona-pradejo-pasiekdama-ketvirta-rezultata-pasaulyje\/\">Airin\u0117 Pal\u0161yt\u0117 \u017eiemos sezon\u0105 prad\u0117jo pasiekdama ketvirt\u0105 rezultat\u0105 pasaulyje<\/a><\/blockquote><iframe sandbox=\"allow-scripts\" security=\"restricted\" src=\"https:\/\/lietuve.lt\/airine-palsyte-ziemos-sezona-pradejo-pasiekdama-ketvirta-rezultata-pasaulyje\/embed\/#?secret=7ocEvYwSpf\" width=\"600\" height=\"338\" title=\"&#8220;Airin\u0117 Pal\u0161yt\u0117 \u017eiemos sezon\u0105 prad\u0117jo pasiekdama ketvirt\u0105 rezultat\u0105 pasaulyje&#8221; &#8212; \u017durnalas Lietuv\u0117\" data-secret=\"7ocEvYwSpf\" frameborder=\"0\" marginwidth=\"0\" marginheight=\"0\" scrolling=\"no\" class=\"wp-embedded-content\"><\/iframe><script type=\"text\/javascript\">\n\/* <![CDATA[ *\/\n\/*! This file is auto-generated *\/\n!function(d,l){\"use strict\";l.querySelector&&d.addEventListener&&\"undefined\"!=typeof URL&&(d.wp=d.wp||{},d.wp.receiveEmbedMessage||(d.wp.receiveEmbedMessage=function(e){var t=e.data;if((t||t.secret||t.message||t.value)&&!\/[^a-zA-Z0-9]\/.test(t.secret)){for(var s,r,n,a=l.querySelectorAll('iframe[data-secret=\"'+t.secret+'\"]'),o=l.querySelectorAll('blockquote[data-secret=\"'+t.secret+'\"]'),c=new RegExp(\"^https?:$\",\"i\"),i=0;i<o.length;i++)o[i].style.display=\"none\";for(i=0;i<a.length;i++)s=a[i],e.source===s.contentWindow&&(s.removeAttribute(\"style\"),\"height\"===t.message?(1e3<(r=parseInt(t.value,10))?r=1e3:~~r<200&&(r=200),s.height=r):\"link\"===t.message&&(r=new URL(s.getAttribute(\"src\")),n=new URL(t.value),c.test(n.protocol))&&n.host===r.host&&l.activeElement===s&&(d.top.location.href=t.value))}},d.addEventListener(\"message\",d.wp.receiveEmbedMessage,!1),l.addEventListener(\"DOMContentLoaded\",function(){for(var e,t,s=l.querySelectorAll(\"iframe.wp-embedded-content\"),r=0;r<s.length;r++)(t=(e=s[r]).getAttribute(\"data-secret\"))||(t=Math.random().toString(36).substring(2,12),e.src+=\"#?secret=\"+t,e.setAttribute(\"data-secret\",t)),e.contentWindow.postMessage({message:\"ready\",secret:t},\"*\")},!1)))}(window,document);\n\/\/# sourceURL=https:\/\/lietuve.lt\/wp-includes\/js\/wp-embed.min.js\n\/* ]]> *\/\n<\/script>\n","description":"Viena tituluo\u010diausi\u0173 Lietuvos lengvaatle\u010di\u0173 Airin\u0117 Pal\u0161yt\u0117 prad\u0117jo 2015 met\u0173 \u017eiemos sezon\u0105. \u010cekijoje surengtose \u201eHustopecske skakani\u201c \u0161uoli\u0173 \u012f auk\u0161t\u012f var\u017eybose 22 met\u0173 lietuv\u0117 pirmu bandymu per\u0161oko \u012f 192 cm auk\u0161t\u012f i\u0161kelt\u0105 kartel\u0119, u\u017e\u0117m\u0117 tre\u010di\u0105 viet\u0105 ir pasiek\u0117 ketvirt\u0105 sezono rezultat\u0105 pasaulyje! \u201e\u0160iek tiek apmaudu, nes buvau pasiruo\u0161usi \u0161okti ir daugiau. Pirmas bandymas (per\u0161okti 194 cm \u2013"}