{"version":"1.0","provider_name":"\u017durnalas Lietuv\u0117","provider_url":"https:\/\/lietuve.lt","title":"Aktor\u0117 Ineta Stasiulyt\u0117 ry\u017eosi \u012fveikti vien\u0105 did\u017eiausi\u0173 savo baimi\u0173  - \u017durnalas Lietuv\u0117","type":"rich","width":600,"height":338,"html":"<blockquote class=\"wp-embedded-content\" data-secret=\"WiMPJvpe0e\"><a href=\"https:\/\/lietuve.lt\/aktore-ineta-stasiulyte-ryzosi-iveikti-viena-didziausiu-savo-baimiu\/\">Aktor\u0117 Ineta Stasiulyt\u0117 ry\u017eosi \u012fveikti vien\u0105 did\u017eiausi\u0173 savo baimi\u0173<\/a><\/blockquote><iframe sandbox=\"allow-scripts\" security=\"restricted\" src=\"https:\/\/lietuve.lt\/aktore-ineta-stasiulyte-ryzosi-iveikti-viena-didziausiu-savo-baimiu\/embed\/#?secret=WiMPJvpe0e\" width=\"600\" height=\"338\" title=\"&#8220;Aktor\u0117 Ineta Stasiulyt\u0117 ry\u017eosi \u012fveikti vien\u0105 did\u017eiausi\u0173 savo baimi\u0173&#8221; &#8212; \u017durnalas Lietuv\u0117\" data-secret=\"WiMPJvpe0e\" frameborder=\"0\" marginwidth=\"0\" marginheight=\"0\" scrolling=\"no\" class=\"wp-embedded-content\"><\/iframe><script type=\"text\/javascript\">\n\/* <![CDATA[ *\/\n\/*! This file is auto-generated *\/\n!function(d,l){\"use strict\";l.querySelector&&d.addEventListener&&\"undefined\"!=typeof URL&&(d.wp=d.wp||{},d.wp.receiveEmbedMessage||(d.wp.receiveEmbedMessage=function(e){var t=e.data;if((t||t.secret||t.message||t.value)&&!\/[^a-zA-Z0-9]\/.test(t.secret)){for(var s,r,n,a=l.querySelectorAll('iframe[data-secret=\"'+t.secret+'\"]'),o=l.querySelectorAll('blockquote[data-secret=\"'+t.secret+'\"]'),c=new RegExp(\"^https?:$\",\"i\"),i=0;i<o.length;i++)o[i].style.display=\"none\";for(i=0;i<a.length;i++)s=a[i],e.source===s.contentWindow&&(s.removeAttribute(\"style\"),\"height\"===t.message?(1e3<(r=parseInt(t.value,10))?r=1e3:~~r<200&&(r=200),s.height=r):\"link\"===t.message&&(r=new URL(s.getAttribute(\"src\")),n=new URL(t.value),c.test(n.protocol))&&n.host===r.host&&l.activeElement===s&&(d.top.location.href=t.value))}},d.addEventListener(\"message\",d.wp.receiveEmbedMessage,!1),l.addEventListener(\"DOMContentLoaded\",function(){for(var e,t,s=l.querySelectorAll(\"iframe.wp-embedded-content\"),r=0;r<s.length;r++)(t=(e=s[r]).getAttribute(\"data-secret\"))||(t=Math.random().toString(36).substring(2,12),e.src+=\"#?secret=\"+t,e.setAttribute(\"data-secret\",t)),e.contentWindow.postMessage({message:\"ready\",secret:t},\"*\")},!1)))}(window,document);\n\/\/# sourceURL=https:\/\/lietuve.lt\/wp-includes\/js\/wp-embed.min.js\n\/* ]]> *\/\n<\/script>\n","thumbnail_url":"https:\/\/lietuve.lt\/wp-content\/uploads\/2015\/08\/LNK.jpg","thumbnail_width":719,"thumbnail_height":480,"description":"Daugyb\u0117s \u017ei\u016brov\u0173 \u0161irdis paker\u0117j\u0119s muzikinis BTV projektas \u201eMuzikin\u0117 kauk\u0117\u201c v\u0117l d\u017eiugins savo gerb\u0117jus. Ketvirt\u0105j\u012f muzikinio projekto sezon\u0105 \u017ei\u016brov\u0173 laukia daugyb\u0117 poky\u010di\u0173. Projektas i\u0161 televizijos studijos keliasi \u012f koncert\u0173 sal\u0119 \u201eCompensa\u201c, tod\u0117l bus dar didingesnis ir \u012fsp\u016bdingesnis. \u201eMuzikin\u0117je kauk\u0117je\u201c dalyvaus de\u0161imt garsi\u0173 Lietuvos \u017emoni\u0173, jie \u012fk\u016bnys pasaulinio lygio dainininkus. Viena pirm\u0173j\u0173, prisijungusi\u0173 prie \u0161io muzikinio projekto,"}