{"version":"1.0","provider_name":"\u017durnalas Lietuv\u0117","provider_url":"https:\/\/lietuve.lt","title":"Aktualu dirbantiems lauke ir va\u017ein\u0117jantiems: did\u0117ja socialin\u0117s garantijos - \u017durnalas Lietuv\u0117","type":"rich","width":600,"height":338,"html":"<blockquote class=\"wp-embedded-content\" data-secret=\"8sPZIi7nuD\"><a href=\"https:\/\/lietuve.lt\/aktualu-dirbantiems-lauke-ir-vazinejantiems-dideja-socialines-garantijos\/\">Aktualu dirbantiems lauke ir va\u017ein\u0117jantiems: did\u0117ja socialin\u0117s garantijos<\/a><\/blockquote><iframe sandbox=\"allow-scripts\" security=\"restricted\" src=\"https:\/\/lietuve.lt\/aktualu-dirbantiems-lauke-ir-vazinejantiems-dideja-socialines-garantijos\/embed\/#?secret=8sPZIi7nuD\" width=\"600\" height=\"338\" title=\"&#8220;Aktualu dirbantiems lauke ir va\u017ein\u0117jantiems: did\u0117ja socialin\u0117s garantijos&#8221; &#8212; \u017durnalas Lietuv\u0117\" data-secret=\"8sPZIi7nuD\" frameborder=\"0\" marginwidth=\"0\" marginheight=\"0\" scrolling=\"no\" class=\"wp-embedded-content\"><\/iframe><script type=\"text\/javascript\">\n\/* <![CDATA[ *\/\n\/*! This file is auto-generated *\/\n!function(d,l){\"use strict\";l.querySelector&&d.addEventListener&&\"undefined\"!=typeof URL&&(d.wp=d.wp||{},d.wp.receiveEmbedMessage||(d.wp.receiveEmbedMessage=function(e){var t=e.data;if((t||t.secret||t.message||t.value)&&!\/[^a-zA-Z0-9]\/.test(t.secret)){for(var s,r,n,a=l.querySelectorAll('iframe[data-secret=\"'+t.secret+'\"]'),o=l.querySelectorAll('blockquote[data-secret=\"'+t.secret+'\"]'),c=new RegExp(\"^https?:$\",\"i\"),i=0;i<o.length;i++)o[i].style.display=\"none\";for(i=0;i<a.length;i++)s=a[i],e.source===s.contentWindow&&(s.removeAttribute(\"style\"),\"height\"===t.message?(1e3<(r=parseInt(t.value,10))?r=1e3:~~r<200&&(r=200),s.height=r):\"link\"===t.message&&(r=new URL(s.getAttribute(\"src\")),n=new URL(t.value),c.test(n.protocol))&&n.host===r.host&&l.activeElement===s&&(d.top.location.href=t.value))}},d.addEventListener(\"message\",d.wp.receiveEmbedMessage,!1),l.addEventListener(\"DOMContentLoaded\",function(){for(var e,t,s=l.querySelectorAll(\"iframe.wp-embedded-content\"),r=0;r<s.length;r++)(t=(e=s[r]).getAttribute(\"data-secret\"))||(t=Math.random().toString(36).substring(2,12),e.src+=\"#?secret=\"+t,e.setAttribute(\"data-secret\",t)),e.contentWindow.postMessage({message:\"ready\",secret:t},\"*\")},!1)))}(window,document);\n\/\/# sourceURL=https:\/\/lietuve.lt\/wp-includes\/js\/wp-embed.min.js\n\/* ]]> *\/\n<\/script>\n","thumbnail_url":"https:\/\/lietuve.lt\/wp-content\/uploads\/2022\/10\/1-7-scaled.jpg","thumbnail_width":1024,"thumbnail_height":682,"description":"Nuo lapkri\u010dio 1 dienos ma\u017einamas leistinas kompensacij\u0173 dydis darbuotojams, dirbantiems lauke ar tiems, kuri\u0173 darbas susij\u0119s su kelion\u0117mis bei va\u017eiavimu. Bazinio darbo u\u017emokes\u010dio kompensacijos dydis suma\u017e\u0117s nuo 50 iki 30 proc. Nuo 2023 m. bir\u017eelio bus visai atsisakyta kompensacij\u0173 \u0161iems darbuotojams. \u201eKompensacijos yra nepalankios darbuotojams, nes jos ne\u012ftraukiamos skiriant kitas socialines garantijas: skai\u010diuojant atostoginius, ligos"}