{"version":"1.0","provider_name":"\u017durnalas Lietuv\u0117","provider_url":"https:\/\/lietuve.lt","title":"Andal\u016bzija: nuo Pikaso gimtin\u0117s Malagos iki Vidur\u017eemio j\u016bros bang\u0173 - \u017durnalas Lietuv\u0117","type":"rich","width":600,"height":338,"html":"<blockquote class=\"wp-embedded-content\" data-secret=\"PVv9IjOMkw\"><a href=\"https:\/\/lietuve.lt\/andaluzija-nuo-pikaso-gimtines-malagos-iki-vidurzemio-juros-bangu\/\">Andal\u016bzija: nuo Pikaso gimtin\u0117s Malagos iki Vidur\u017eemio j\u016bros bang\u0173<\/a><\/blockquote><iframe sandbox=\"allow-scripts\" security=\"restricted\" src=\"https:\/\/lietuve.lt\/andaluzija-nuo-pikaso-gimtines-malagos-iki-vidurzemio-juros-bangu\/embed\/#?secret=PVv9IjOMkw\" width=\"600\" height=\"338\" title=\"&#8220;Andal\u016bzija: nuo Pikaso gimtin\u0117s Malagos iki Vidur\u017eemio j\u016bros bang\u0173&#8221; &#8212; \u017durnalas Lietuv\u0117\" data-secret=\"PVv9IjOMkw\" frameborder=\"0\" marginwidth=\"0\" marginheight=\"0\" scrolling=\"no\" class=\"wp-embedded-content\"><\/iframe><script type=\"text\/javascript\">\n\/* <![CDATA[ *\/\n\/*! This file is auto-generated *\/\n!function(d,l){\"use strict\";l.querySelector&&d.addEventListener&&\"undefined\"!=typeof URL&&(d.wp=d.wp||{},d.wp.receiveEmbedMessage||(d.wp.receiveEmbedMessage=function(e){var t=e.data;if((t||t.secret||t.message||t.value)&&!\/[^a-zA-Z0-9]\/.test(t.secret)){for(var s,r,n,a=l.querySelectorAll('iframe[data-secret=\"'+t.secret+'\"]'),o=l.querySelectorAll('blockquote[data-secret=\"'+t.secret+'\"]'),c=new RegExp(\"^https?:$\",\"i\"),i=0;i<o.length;i++)o[i].style.display=\"none\";for(i=0;i<a.length;i++)s=a[i],e.source===s.contentWindow&&(s.removeAttribute(\"style\"),\"height\"===t.message?(1e3<(r=parseInt(t.value,10))?r=1e3:~~r<200&&(r=200),s.height=r):\"link\"===t.message&&(r=new URL(s.getAttribute(\"src\")),n=new URL(t.value),c.test(n.protocol))&&n.host===r.host&&l.activeElement===s&&(d.top.location.href=t.value))}},d.addEventListener(\"message\",d.wp.receiveEmbedMessage,!1),l.addEventListener(\"DOMContentLoaded\",function(){for(var e,t,s=l.querySelectorAll(\"iframe.wp-embedded-content\"),r=0;r<s.length;r++)(t=(e=s[r]).getAttribute(\"data-secret\"))||(t=Math.random().toString(36).substring(2,12),e.src+=\"#?secret=\"+t,e.setAttribute(\"data-secret\",t)),e.contentWindow.postMessage({message:\"ready\",secret:t},\"*\")},!1)))}(window,document);\n\/\/# sourceURL=https:\/\/lietuve.lt\/wp-includes\/js\/wp-embed.min.js\n\/* ]]> *\/\n<\/script>\n","thumbnail_url":"https:\/\/lietuve.lt\/wp-content\/uploads\/2025\/06\/6-5.jpg","thumbnail_width":1000,"thumbnail_height":666,"description":"\u012esivaizduokite viet\u0105, kur rytai prasideda aromatingos kavos ar \u0161vie\u017eiai spaust\u0173 apelsin\u0173 sul\u010di\u0173 gurk\u0161niu, o dienos teka m\u0117gaujantis Vidur\u017eemio j\u016bros bangomis ir \u0161iltu auksiniu sm\u0117liu. Vakarus \u010dia lydi ram\u016bs pasivaik\u0161\u010diojimai paj\u016brio promenada ir saul\u0117lydis u\u017e palm\u0117mis i\u0161gra\u017einto horizonto. Tai \u2013 Andal\u016bzija, i\u0161skirtinis Ispanijos piet\u0173 regionas, kuriame susilieja poilsis, kult\u016bra ir autenti\u0161kas gyvenimo skonis. Saul\u0117s nutapytos pakrant\u0117s"}