{"version":"1.0","provider_name":"\u017durnalas Lietuv\u0117","provider_url":"https:\/\/lietuve.lt","title":"Apgintos Lietuvos laisv\u0117s 25-met\u012f lietuviai min\u0117jo visame pasaulyje - \u017durnalas Lietuv\u0117","type":"rich","width":600,"height":338,"html":"<blockquote class=\"wp-embedded-content\" data-secret=\"gVuBTc34hU\"><a href=\"https:\/\/lietuve.lt\/apgintos-lietuvos-laisves-25-meti-lietuviai-minejo-visame-pasaulyje\/\">Apgintos Lietuvos laisv\u0117s 25-met\u012f lietuviai min\u0117jo visame pasaulyje<\/a><\/blockquote><iframe sandbox=\"allow-scripts\" security=\"restricted\" src=\"https:\/\/lietuve.lt\/apgintos-lietuvos-laisves-25-meti-lietuviai-minejo-visame-pasaulyje\/embed\/#?secret=gVuBTc34hU\" width=\"600\" height=\"338\" title=\"&#8220;Apgintos Lietuvos laisv\u0117s 25-met\u012f lietuviai min\u0117jo visame pasaulyje&#8221; &#8212; \u017durnalas Lietuv\u0117\" data-secret=\"gVuBTc34hU\" frameborder=\"0\" marginwidth=\"0\" marginheight=\"0\" scrolling=\"no\" class=\"wp-embedded-content\"><\/iframe><script type=\"text\/javascript\">\n\/* <![CDATA[ *\/\n\/*! This file is auto-generated *\/\n!function(d,l){\"use strict\";l.querySelector&&d.addEventListener&&\"undefined\"!=typeof URL&&(d.wp=d.wp||{},d.wp.receiveEmbedMessage||(d.wp.receiveEmbedMessage=function(e){var t=e.data;if((t||t.secret||t.message||t.value)&&!\/[^a-zA-Z0-9]\/.test(t.secret)){for(var s,r,n,a=l.querySelectorAll('iframe[data-secret=\"'+t.secret+'\"]'),o=l.querySelectorAll('blockquote[data-secret=\"'+t.secret+'\"]'),c=new RegExp(\"^https?:$\",\"i\"),i=0;i<o.length;i++)o[i].style.display=\"none\";for(i=0;i<a.length;i++)s=a[i],e.source===s.contentWindow&&(s.removeAttribute(\"style\"),\"height\"===t.message?(1e3<(r=parseInt(t.value,10))?r=1e3:~~r<200&&(r=200),s.height=r):\"link\"===t.message&&(r=new URL(s.getAttribute(\"src\")),n=new URL(t.value),c.test(n.protocol))&&n.host===r.host&&l.activeElement===s&&(d.top.location.href=t.value))}},d.addEventListener(\"message\",d.wp.receiveEmbedMessage,!1),l.addEventListener(\"DOMContentLoaded\",function(){for(var e,t,s=l.querySelectorAll(\"iframe.wp-embedded-content\"),r=0;r<s.length;r++)(t=(e=s[r]).getAttribute(\"data-secret\"))||(t=Math.random().toString(36).substring(2,12),e.src+=\"#?secret=\"+t,e.setAttribute(\"data-secret\",t)),e.contentWindow.postMessage({message:\"ready\",secret:t},\"*\")},!1)))}(window,document);\n\/\/# sourceURL=https:\/\/lietuve.lt\/wp-includes\/js\/wp-embed.min.js\n\/* ]]> *\/\n<\/script>\n","description":"Minint 25-\u0105sias 1991-\u0173j\u0173 sausio \u012fvyki\u0173 metines, Lietuvos diplomatin\u0117s atstovyb\u0117s u\u017esienyje kviet\u0117 lietuvius ir Lietuvos draugus kartu pagerbti Sausio 13-osios auk\u0173 atminim\u0105. Renginiuose buvo dalijamasi prisiminimais su tragi\u0161kos nakties kov\u0173 dalyviais, organizuotos film\u0173 per\u017ei\u016bros, nuotrauk\u0173 parodos, socialin\u0117s ir pilietin\u0117s akcijos. Lietuvos ambasada Japonijoje Laisv\u0117s gyn\u0117j\u0173 dien\u0105 min\u0117jo drauge su Japonijos Vyriausyb\u0117s ir vietos vald\u017eios atstovais, visuomen\u0117s"}