{"version":"1.0","provider_name":"\u017durnalas Lietuv\u0117","provider_url":"https:\/\/lietuve.lt","title":"Aptartos galimyb\u0117s u\u017esienio lietuviams aktyviau dalyvauti \u0161alies gyvenime - \u017durnalas Lietuv\u0117","type":"rich","width":600,"height":338,"html":"<blockquote class=\"wp-embedded-content\" data-secret=\"BYijIlg33X\"><a href=\"https:\/\/lietuve.lt\/aptartos-galimybes-uzsienio-lietuviams-aktyviau-dalyvauti-salies-gyvenime\/\">Aptartos galimyb\u0117s u\u017esienio lietuviams aktyviau dalyvauti \u0161alies gyvenime<\/a><\/blockquote><iframe sandbox=\"allow-scripts\" security=\"restricted\" src=\"https:\/\/lietuve.lt\/aptartos-galimybes-uzsienio-lietuviams-aktyviau-dalyvauti-salies-gyvenime\/embed\/#?secret=BYijIlg33X\" width=\"600\" height=\"338\" title=\"&#8220;Aptartos galimyb\u0117s u\u017esienio lietuviams aktyviau dalyvauti \u0161alies gyvenime&#8221; &#8212; \u017durnalas Lietuv\u0117\" data-secret=\"BYijIlg33X\" frameborder=\"0\" marginwidth=\"0\" marginheight=\"0\" scrolling=\"no\" class=\"wp-embedded-content\"><\/iframe><script type=\"text\/javascript\">\n\/* <![CDATA[ *\/\n\/*! This file is auto-generated *\/\n!function(d,l){\"use strict\";l.querySelector&&d.addEventListener&&\"undefined\"!=typeof URL&&(d.wp=d.wp||{},d.wp.receiveEmbedMessage||(d.wp.receiveEmbedMessage=function(e){var t=e.data;if((t||t.secret||t.message||t.value)&&!\/[^a-zA-Z0-9]\/.test(t.secret)){for(var s,r,n,a=l.querySelectorAll('iframe[data-secret=\"'+t.secret+'\"]'),o=l.querySelectorAll('blockquote[data-secret=\"'+t.secret+'\"]'),c=new RegExp(\"^https?:$\",\"i\"),i=0;i<o.length;i++)o[i].style.display=\"none\";for(i=0;i<a.length;i++)s=a[i],e.source===s.contentWindow&&(s.removeAttribute(\"style\"),\"height\"===t.message?(1e3<(r=parseInt(t.value,10))?r=1e3:~~r<200&&(r=200),s.height=r):\"link\"===t.message&&(r=new URL(s.getAttribute(\"src\")),n=new URL(t.value),c.test(n.protocol))&&n.host===r.host&&l.activeElement===s&&(d.top.location.href=t.value))}},d.addEventListener(\"message\",d.wp.receiveEmbedMessage,!1),l.addEventListener(\"DOMContentLoaded\",function(){for(var e,t,s=l.querySelectorAll(\"iframe.wp-embedded-content\"),r=0;r<s.length;r++)(t=(e=s[r]).getAttribute(\"data-secret\"))||(t=Math.random().toString(36).substring(2,12),e.src+=\"#?secret=\"+t,e.setAttribute(\"data-secret\",t)),e.contentWindow.postMessage({message:\"ready\",secret:t},\"*\")},!1)))}(window,document);\n\/\/# sourceURL=https:\/\/lietuve.lt\/wp-includes\/js\/wp-embed.min.js\n\/* ]]> *\/\n<\/script>\n","description":"U\u017esienio reikal\u0173 ministras Linas Linkevi\u010dius liepos 29 dien\u0105 Vilniuje susitiko su nauj\u0105ja Pasaulio lietuvi\u0173 bendruomen\u0117s (PLB) valdybos pirmininke Dalia Henke ir si\u016bl\u0117 \u0161iai 42-ose \u0161alyse gyvenan\u010dius lietuvius jungian\u010diai organizacijai pasaulin\u0117s \u012ftampos metu b\u016bti bendrame informaciniame lauke su Lietuva. \u201eAtnaujinus Pasaulio lietuvi\u0173 bendruomen\u0117s valdybos komisijas, j\u0173 sud\u0117t\u012f, reikia dar glaud\u017eiau bendradarbiauti su atitinkamomis vyriausybin\u0117mis institucijomis ir"}