{"version":"1.0","provider_name":"\u017durnalas Lietuv\u0117","provider_url":"https:\/\/lietuve.lt","title":"Ap\u017evalgos ratas \u2013 pakeliui \u012f Kaun\u0105: pagamintas anks\u010diau nei planuota - \u017durnalas Lietuv\u0117","type":"rich","width":600,"height":338,"html":"<blockquote class=\"wp-embedded-content\" data-secret=\"HRRv54Ydgm\"><a href=\"https:\/\/lietuve.lt\/apzvalgos-ratas-pakeliui-i-kauna-pagamintas-anksciau-nei-planuota\/\">Ap\u017evalgos ratas \u2013 pakeliui \u012f Kaun\u0105: pagamintas anks\u010diau nei planuota<\/a><\/blockquote><iframe sandbox=\"allow-scripts\" security=\"restricted\" src=\"https:\/\/lietuve.lt\/apzvalgos-ratas-pakeliui-i-kauna-pagamintas-anksciau-nei-planuota\/embed\/#?secret=HRRv54Ydgm\" width=\"600\" height=\"338\" title=\"&#8220;Ap\u017evalgos ratas \u2013 pakeliui \u012f Kaun\u0105: pagamintas anks\u010diau nei planuota&#8221; &#8212; \u017durnalas Lietuv\u0117\" data-secret=\"HRRv54Ydgm\" frameborder=\"0\" marginwidth=\"0\" marginheight=\"0\" scrolling=\"no\" class=\"wp-embedded-content\"><\/iframe><script>\n\/*! This file is auto-generated *\/\n!function(d,l){\"use strict\";l.querySelector&&d.addEventListener&&\"undefined\"!=typeof URL&&(d.wp=d.wp||{},d.wp.receiveEmbedMessage||(d.wp.receiveEmbedMessage=function(e){var t=e.data;if((t||t.secret||t.message||t.value)&&!\/[^a-zA-Z0-9]\/.test(t.secret)){for(var s,r,n,a=l.querySelectorAll('iframe[data-secret=\"'+t.secret+'\"]'),o=l.querySelectorAll('blockquote[data-secret=\"'+t.secret+'\"]'),c=new RegExp(\"^https?:$\",\"i\"),i=0;i<o.length;i++)o[i].style.display=\"none\";for(i=0;i<a.length;i++)s=a[i],e.source===s.contentWindow&&(s.removeAttribute(\"style\"),\"height\"===t.message?(1e3<(r=parseInt(t.value,10))?r=1e3:~~r<200&&(r=200),s.height=r):\"link\"===t.message&&(r=new URL(s.getAttribute(\"src\")),n=new URL(t.value),c.test(n.protocol))&&n.host===r.host&&l.activeElement===s&&(d.top.location.href=t.value))}},d.addEventListener(\"message\",d.wp.receiveEmbedMessage,!1),l.addEventListener(\"DOMContentLoaded\",function(){for(var e,t,s=l.querySelectorAll(\"iframe.wp-embedded-content\"),r=0;r<s.length;r++)(t=(e=s[r]).getAttribute(\"data-secret\"))||(t=Math.random().toString(36).substring(2,12),e.src+=\"#?secret=\"+t,e.setAttribute(\"data-secret\",t)),e.contentWindow.postMessage({message:\"ready\",secret:t},\"*\")},!1)))}(window,document);\n\/\/# sourceURL=https:\/\/lietuve.lt\/wp-includes\/js\/wp-embed.min.js\n<\/script>\n","thumbnail_url":"https:\/\/lietuve.lt\/wp-content\/uploads\/2026\/08\/Apzvalgos-ratas.jpg","thumbnail_width":1489,"thumbnail_height":1080,"description":"Kasmet vis didesniu traukos centru tampanti Nemuno sala jau \u0161\u012f ruden\u012f sulauks naujo akcento \u2013 45 metr\u0173 auk\u0161t\u012f siekian\u010dio ap\u017evalgos rato. I\u0161 kondicionuojam\u0173 ir \u0161ildom\u0173 gondol\u0173 atsivers vaizdingas kra\u0161tovaizdis \u2013 tiek \u012f centrin\u0119 miesto dal\u012f, tiek ir \u012f \u017dem\u0105j\u0105 Fred\u0105 bei Aleksoto ir \u017daliakalnio \u0161laitus. Ateityje naujasis mobilus \u012frenginys gal\u0117s b\u016bti perkeltas ir \u012f kitas vietas."}