{"version":"1.0","provider_name":"\u017durnalas Lietuv\u0117","provider_url":"https:\/\/lietuve.lt","title":"Ar emigrantai i\u0161saugos lietuvi\u0161k\u0105 tapatyb\u0119 ir gr\u012f\u0161 \u012f t\u0117vyn\u0119? - \u017durnalas Lietuv\u0117","type":"rich","width":600,"height":338,"html":"<blockquote class=\"wp-embedded-content\" data-secret=\"eVlQAQXAoq\"><a href=\"https:\/\/lietuve.lt\/ar-emigrantai-issaugos-lietuviska-tapatybe-ir-gris-i-tevyne\/\">Ar emigrantai i\u0161saugos lietuvi\u0161k\u0105 tapatyb\u0119 ir gr\u012f\u0161 \u012f t\u0117vyn\u0119?<\/a><\/blockquote><iframe sandbox=\"allow-scripts\" security=\"restricted\" src=\"https:\/\/lietuve.lt\/ar-emigrantai-issaugos-lietuviska-tapatybe-ir-gris-i-tevyne\/embed\/#?secret=eVlQAQXAoq\" width=\"600\" height=\"338\" title=\"&#8220;Ar emigrantai i\u0161saugos lietuvi\u0161k\u0105 tapatyb\u0119 ir gr\u012f\u0161 \u012f t\u0117vyn\u0119?&#8221; &#8212; \u017durnalas Lietuv\u0117\" data-secret=\"eVlQAQXAoq\" frameborder=\"0\" marginwidth=\"0\" marginheight=\"0\" scrolling=\"no\" class=\"wp-embedded-content\"><\/iframe><script type=\"text\/javascript\">\n\/* <![CDATA[ *\/\n\/*! This file is auto-generated *\/\n!function(d,l){\"use strict\";l.querySelector&&d.addEventListener&&\"undefined\"!=typeof URL&&(d.wp=d.wp||{},d.wp.receiveEmbedMessage||(d.wp.receiveEmbedMessage=function(e){var t=e.data;if((t||t.secret||t.message||t.value)&&!\/[^a-zA-Z0-9]\/.test(t.secret)){for(var s,r,n,a=l.querySelectorAll('iframe[data-secret=\"'+t.secret+'\"]'),o=l.querySelectorAll('blockquote[data-secret=\"'+t.secret+'\"]'),c=new RegExp(\"^https?:$\",\"i\"),i=0;i<o.length;i++)o[i].style.display=\"none\";for(i=0;i<a.length;i++)s=a[i],e.source===s.contentWindow&&(s.removeAttribute(\"style\"),\"height\"===t.message?(1e3<(r=parseInt(t.value,10))?r=1e3:~~r<200&&(r=200),s.height=r):\"link\"===t.message&&(r=new URL(s.getAttribute(\"src\")),n=new URL(t.value),c.test(n.protocol))&&n.host===r.host&&l.activeElement===s&&(d.top.location.href=t.value))}},d.addEventListener(\"message\",d.wp.receiveEmbedMessage,!1),l.addEventListener(\"DOMContentLoaded\",function(){for(var e,t,s=l.querySelectorAll(\"iframe.wp-embedded-content\"),r=0;r<s.length;r++)(t=(e=s[r]).getAttribute(\"data-secret\"))||(t=Math.random().toString(36).substring(2,12),e.src+=\"#?secret=\"+t,e.setAttribute(\"data-secret\",t)),e.contentWindow.postMessage({message:\"ready\",secret:t},\"*\")},!1)))}(window,document);\n\/\/# sourceURL=https:\/\/lietuve.lt\/wp-includes\/js\/wp-embed.min.js\n\/* ]]> *\/\n<\/script>\n","thumbnail_url":"https:\/\/lietuve.lt\/wp-content\/uploads\/2017\/08\/1-100.jpg","thumbnail_width":800,"thumbnail_height":509,"description":"Kokia yra Lietuva pasaulyje? Koki\u0105 m\u016bs\u0173 \u0161al\u012f mato tautie\u010diai svetur? Ar emigrantai i\u0161saugos lietuvi\u0161k\u0105 tapatyb\u0119 ir gr\u012f\u0161 \u012f t\u0117vyn\u0119? \u0160iuos ir kitus klausimus kels pokalbio organizatoriai \u2013 Lietuvos edukologijos universiteto (LEU) d\u0117stytojai, pasaulio lituanistini\u0173 mokykl\u0173 mokytojai, visuomenininkai. Diskusijoje apie lietuvi\u0161kum\u0105 pasaulyje dalyvaus LEU Lietuvi\u0173 kalbos ir kult\u016bros centro vadov\u0117 Vilma Leonavi\u010dien\u0117, Islandijos lituanistin\u0117s mokyklos \u201eTrys"}