{"version":"1.0","provider_name":"\u017durnalas Lietuv\u0117","provider_url":"https:\/\/lietuve.lt","title":"Argentinietis \u0160iaulius \u012fam\u017eino ilgiausioje pasaulyje nuotraukoje  - \u017durnalas Lietuv\u0117","type":"rich","width":600,"height":338,"html":"<blockquote class=\"wp-embedded-content\" data-secret=\"zTkCvNkJmz\"><a href=\"https:\/\/lietuve.lt\/argentinietis-siaulius-iamzino-ilgiausioje-pasaulyje-nuotraukoje\/\">Argentinietis \u0160iaulius \u012fam\u017eino ilgiausioje pasaulyje nuotraukoje<\/a><\/blockquote><iframe sandbox=\"allow-scripts\" security=\"restricted\" src=\"https:\/\/lietuve.lt\/argentinietis-siaulius-iamzino-ilgiausioje-pasaulyje-nuotraukoje\/embed\/#?secret=zTkCvNkJmz\" width=\"600\" height=\"338\" title=\"&#8220;Argentinietis \u0160iaulius \u012fam\u017eino ilgiausioje pasaulyje nuotraukoje&#8221; &#8212; \u017durnalas Lietuv\u0117\" data-secret=\"zTkCvNkJmz\" frameborder=\"0\" marginwidth=\"0\" marginheight=\"0\" scrolling=\"no\" class=\"wp-embedded-content\"><\/iframe><script type=\"text\/javascript\">\n\/* <![CDATA[ *\/\n\/*! This file is auto-generated *\/\n!function(d,l){\"use strict\";l.querySelector&&d.addEventListener&&\"undefined\"!=typeof URL&&(d.wp=d.wp||{},d.wp.receiveEmbedMessage||(d.wp.receiveEmbedMessage=function(e){var t=e.data;if((t||t.secret||t.message||t.value)&&!\/[^a-zA-Z0-9]\/.test(t.secret)){for(var s,r,n,a=l.querySelectorAll('iframe[data-secret=\"'+t.secret+'\"]'),o=l.querySelectorAll('blockquote[data-secret=\"'+t.secret+'\"]'),c=new RegExp(\"^https?:$\",\"i\"),i=0;i<o.length;i++)o[i].style.display=\"none\";for(i=0;i<a.length;i++)s=a[i],e.source===s.contentWindow&&(s.removeAttribute(\"style\"),\"height\"===t.message?(1e3<(r=parseInt(t.value,10))?r=1e3:~~r<200&&(r=200),s.height=r):\"link\"===t.message&&(r=new URL(s.getAttribute(\"src\")),n=new URL(t.value),c.test(n.protocol))&&n.host===r.host&&l.activeElement===s&&(d.top.location.href=t.value))}},d.addEventListener(\"message\",d.wp.receiveEmbedMessage,!1),l.addEventListener(\"DOMContentLoaded\",function(){for(var e,t,s=l.querySelectorAll(\"iframe.wp-embedded-content\"),r=0;r<s.length;r++)(t=(e=s[r]).getAttribute(\"data-secret\"))||(t=Math.random().toString(36).substring(2,12),e.src+=\"#?secret=\"+t,e.setAttribute(\"data-secret\",t)),e.contentWindow.postMessage({message:\"ready\",secret:t},\"*\")},!1)))}(window,document);\n\/\/# sourceURL=https:\/\/lietuve.lt\/wp-includes\/js\/wp-embed.min.js\n\/* ]]> *\/\n<\/script>\n","description":"Savaitgal\u012f \u0161iaulie\u010diai miesto gatv\u0117se gal\u0117jo i\u0161vysti gana ne\u012fprast\u0105 vaizd\u0105 \u2013 l\u0117tai va\u017eiuojant\u012f automobil\u012f su besisukan\u010diu fotoaparatu ant stogo. Stabtel\u0117jusieji pa\u017ei\u016br\u0117ti grei\u010diausiai buvo \u012fam\u017einti ir taps ilgiausios fotografijos pasaulyje dalimi. I\u0161 Argentinos atvyk\u0119s fotografas Estebanas Pastorino Diazas u\u017esibr\u0117\u017e\u0117 b\u016btent \u0160iauliuose pagerinti ilgiausios kada nors darytos vientisos analogin\u0117s fotografijos rekord\u0105, kuris iki \u0161iol priklaus\u0117 jo paties Kinijoje"}