{"version":"1.0","provider_name":"\u017durnalas Lietuv\u0117","provider_url":"https:\/\/lietuve.lt","title":"Art\u0117jant T\u0117vo dienai Prezidentas apdovanojo t\u0117vus ir glob\u0117jus - \u017durnalas Lietuv\u0117","type":"rich","width":600,"height":338,"html":"<blockquote class=\"wp-embedded-content\" data-secret=\"SLI4bbrorT\"><a href=\"https:\/\/lietuve.lt\/artejant-tevo-dienai-prezidentas-apdovanojo-tevus-ir-globejus\/\">Art\u0117jant T\u0117vo dienai Prezidentas apdovanojo t\u0117vus ir glob\u0117jus<\/a><\/blockquote><iframe sandbox=\"allow-scripts\" security=\"restricted\" src=\"https:\/\/lietuve.lt\/artejant-tevo-dienai-prezidentas-apdovanojo-tevus-ir-globejus\/embed\/#?secret=SLI4bbrorT\" width=\"600\" height=\"338\" title=\"&#8220;Art\u0117jant T\u0117vo dienai Prezidentas apdovanojo t\u0117vus ir glob\u0117jus&#8221; &#8212; \u017durnalas Lietuv\u0117\" data-secret=\"SLI4bbrorT\" frameborder=\"0\" marginwidth=\"0\" marginheight=\"0\" scrolling=\"no\" class=\"wp-embedded-content\"><\/iframe><script type=\"text\/javascript\">\n\/* <![CDATA[ *\/\n\/*! This file is auto-generated *\/\n!function(d,l){\"use strict\";l.querySelector&&d.addEventListener&&\"undefined\"!=typeof URL&&(d.wp=d.wp||{},d.wp.receiveEmbedMessage||(d.wp.receiveEmbedMessage=function(e){var t=e.data;if((t||t.secret||t.message||t.value)&&!\/[^a-zA-Z0-9]\/.test(t.secret)){for(var s,r,n,a=l.querySelectorAll('iframe[data-secret=\"'+t.secret+'\"]'),o=l.querySelectorAll('blockquote[data-secret=\"'+t.secret+'\"]'),c=new RegExp(\"^https?:$\",\"i\"),i=0;i<o.length;i++)o[i].style.display=\"none\";for(i=0;i<a.length;i++)s=a[i],e.source===s.contentWindow&&(s.removeAttribute(\"style\"),\"height\"===t.message?(1e3<(r=parseInt(t.value,10))?r=1e3:~~r<200&&(r=200),s.height=r):\"link\"===t.message&&(r=new URL(s.getAttribute(\"src\")),n=new URL(t.value),c.test(n.protocol))&&n.host===r.host&&l.activeElement===s&&(d.top.location.href=t.value))}},d.addEventListener(\"message\",d.wp.receiveEmbedMessage,!1),l.addEventListener(\"DOMContentLoaded\",function(){for(var e,t,s=l.querySelectorAll(\"iframe.wp-embedded-content\"),r=0;r<s.length;r++)(t=(e=s[r]).getAttribute(\"data-secret\"))||(t=Math.random().toString(36).substring(2,12),e.src+=\"#?secret=\"+t,e.setAttribute(\"data-secret\",t)),e.contentWindow.postMessage({message:\"ready\",secret:t},\"*\")},!1)))}(window,document);\n\/\/# sourceURL=https:\/\/lietuve.lt\/wp-includes\/js\/wp-embed.min.js\n\/* ]]> *\/\n<\/script>\n","thumbnail_url":"https:\/\/lietuve.lt\/wp-content\/uploads\/2021\/06\/13.jpg","thumbnail_width":1024,"thumbnail_height":735,"description":"Prezidentas Gitanas Naus\u0117da pirm\u0105 kart\u0105 T\u0117vo dienos i\u0161vakar\u0117se ordino \u201eU\u017e nuopelnus Lietuvai\u201c medaliu apdovanojo t\u0117vus ir glob\u0117jus. Prezidento iniciatyva pernai buvo priimtos Valstyb\u0117s apdovanojim\u0173 \u012fstatymo pataisos tam, kad valstyb\u0117 gal\u0117t\u0173 i\u0161reik\u0161ti pad\u0117k\u0105 ir pagarb\u0105 u\u017e nuopelnus auginant ir ugdant vaikus ne tik mamoms, bet ir t\u0117\u010diams. U\u017e nuopelnus t\u0117vystei ir globai, u\u017e atsakingum\u0105, pasiaukojim\u0105, \u012fkvepiant\u012f"}