{"version":"1.0","provider_name":"\u017durnalas Lietuv\u0117","provider_url":"https:\/\/lietuve.lt","title":"Asociacija \u201eEiguli\u0173 Aukuras\u201c linksmai atsisveikino su \u017eiema - \u017durnalas Lietuv\u0117","type":"rich","width":600,"height":338,"html":"<blockquote class=\"wp-embedded-content\" data-secret=\"2ESj8X1l2n\"><a href=\"https:\/\/lietuve.lt\/asociacija-eiguliu-aukuras-linksmai-atsisveikino-su-ziema\/\">Asociacija \u201eEiguli\u0173 Aukuras\u201c linksmai atsisveikino su \u017eiema<\/a><\/blockquote><iframe sandbox=\"allow-scripts\" security=\"restricted\" src=\"https:\/\/lietuve.lt\/asociacija-eiguliu-aukuras-linksmai-atsisveikino-su-ziema\/embed\/#?secret=2ESj8X1l2n\" width=\"600\" height=\"338\" title=\"&#8220;Asociacija \u201eEiguli\u0173 Aukuras\u201c linksmai atsisveikino su \u017eiema&#8221; &#8212; \u017durnalas Lietuv\u0117\" data-secret=\"2ESj8X1l2n\" frameborder=\"0\" marginwidth=\"0\" marginheight=\"0\" scrolling=\"no\" class=\"wp-embedded-content\"><\/iframe><script type=\"text\/javascript\">\n\/* <![CDATA[ *\/\n\/*! This file is auto-generated *\/\n!function(d,l){\"use strict\";l.querySelector&&d.addEventListener&&\"undefined\"!=typeof URL&&(d.wp=d.wp||{},d.wp.receiveEmbedMessage||(d.wp.receiveEmbedMessage=function(e){var t=e.data;if((t||t.secret||t.message||t.value)&&!\/[^a-zA-Z0-9]\/.test(t.secret)){for(var s,r,n,a=l.querySelectorAll('iframe[data-secret=\"'+t.secret+'\"]'),o=l.querySelectorAll('blockquote[data-secret=\"'+t.secret+'\"]'),c=new RegExp(\"^https?:$\",\"i\"),i=0;i<o.length;i++)o[i].style.display=\"none\";for(i=0;i<a.length;i++)s=a[i],e.source===s.contentWindow&&(s.removeAttribute(\"style\"),\"height\"===t.message?(1e3<(r=parseInt(t.value,10))?r=1e3:~~r<200&&(r=200),s.height=r):\"link\"===t.message&&(r=new URL(s.getAttribute(\"src\")),n=new URL(t.value),c.test(n.protocol))&&n.host===r.host&&l.activeElement===s&&(d.top.location.href=t.value))}},d.addEventListener(\"message\",d.wp.receiveEmbedMessage,!1),l.addEventListener(\"DOMContentLoaded\",function(){for(var e,t,s=l.querySelectorAll(\"iframe.wp-embedded-content\"),r=0;r<s.length;r++)(t=(e=s[r]).getAttribute(\"data-secret\"))||(t=Math.random().toString(36).substring(2,12),e.src+=\"#?secret=\"+t,e.setAttribute(\"data-secret\",t)),e.contentWindow.postMessage({message:\"ready\",secret:t},\"*\")},!1)))}(window,document);\n\/\/# sourceURL=https:\/\/lietuve.lt\/wp-includes\/js\/wp-embed.min.js\n\/* ]]> *\/\n<\/script>\n","thumbnail_url":"https:\/\/lietuve.lt\/wp-content\/uploads\/2015\/02\/DSC06118.jpg","thumbnail_width":1024,"thumbnail_height":680,"description":"\u201e\u017diema, \u017eiema, b\u0117k i\u0161 kiemo! Jei neb\u0117gsi, i\u0161varysim, su botagais i\u0161baidysim!\u201c \u2013 taip visi kartu skandavo pavasario pasiilg\u0119 Kauno Eiguli\u0173 mikrorajono gyventojai, vasario 15 dienos, sekmadienio, popiet\u0119 susirink\u0119 prie Pil\u0117n\u0173 pagrindin\u0117s mokyklos. U\u017egav\u0117ni\u0173 \u2013 \u017eiemos vijimo ir pavasario \u0161aukimo \u2013 \u0161vent\u0119 gyventojams, padedami r\u0117m\u0117j\u0173 ir veikli\u0173j\u0173 kaunie\u010di\u0173, sureng\u0117 asociacijos \u201eEiguli\u0173 Aukuras\u201c \u012fk\u016br\u0117jai Ram\u016bnas ir Kristina"}