{"version":"1.0","provider_name":"\u017durnalas Lietuv\u0117","provider_url":"https:\/\/lietuve.lt","title":"Atlik\u0117j\u0105 Paul\u0105 vilioja u\u017esienio k\u016br\u0117jai, ra\u0161antys dainas \u201eEurovizijai\u201c - \u017durnalas Lietuv\u0117","type":"rich","width":600,"height":338,"html":"<blockquote class=\"wp-embedded-content\" data-secret=\"f62oFccg9Y\"><a href=\"https:\/\/lietuve.lt\/atlikeja-paula-vilioja-uzsienio-kurejai-rasantys-dainas-eurovizijai\/\">Atlik\u0117j\u0105 Paul\u0105 vilioja u\u017esienio k\u016br\u0117jai, ra\u0161antys dainas \u201eEurovizijai\u201c<\/a><\/blockquote><iframe sandbox=\"allow-scripts\" security=\"restricted\" src=\"https:\/\/lietuve.lt\/atlikeja-paula-vilioja-uzsienio-kurejai-rasantys-dainas-eurovizijai\/embed\/#?secret=f62oFccg9Y\" width=\"600\" height=\"338\" title=\"&#8220;Atlik\u0117j\u0105 Paul\u0105 vilioja u\u017esienio k\u016br\u0117jai, ra\u0161antys dainas \u201eEurovizijai\u201c&#8221; &#8212; \u017durnalas Lietuv\u0117\" data-secret=\"f62oFccg9Y\" frameborder=\"0\" marginwidth=\"0\" marginheight=\"0\" scrolling=\"no\" class=\"wp-embedded-content\"><\/iframe><script type=\"text\/javascript\">\n\/* <![CDATA[ *\/\n\/*! This file is auto-generated *\/\n!function(d,l){\"use strict\";l.querySelector&&d.addEventListener&&\"undefined\"!=typeof URL&&(d.wp=d.wp||{},d.wp.receiveEmbedMessage||(d.wp.receiveEmbedMessage=function(e){var t=e.data;if((t||t.secret||t.message||t.value)&&!\/[^a-zA-Z0-9]\/.test(t.secret)){for(var s,r,n,a=l.querySelectorAll('iframe[data-secret=\"'+t.secret+'\"]'),o=l.querySelectorAll('blockquote[data-secret=\"'+t.secret+'\"]'),c=new RegExp(\"^https?:$\",\"i\"),i=0;i<o.length;i++)o[i].style.display=\"none\";for(i=0;i<a.length;i++)s=a[i],e.source===s.contentWindow&&(s.removeAttribute(\"style\"),\"height\"===t.message?(1e3<(r=parseInt(t.value,10))?r=1e3:~~r<200&&(r=200),s.height=r):\"link\"===t.message&&(r=new URL(s.getAttribute(\"src\")),n=new URL(t.value),c.test(n.protocol))&&n.host===r.host&&l.activeElement===s&&(d.top.location.href=t.value))}},d.addEventListener(\"message\",d.wp.receiveEmbedMessage,!1),l.addEventListener(\"DOMContentLoaded\",function(){for(var e,t,s=l.querySelectorAll(\"iframe.wp-embedded-content\"),r=0;r<s.length;r++)(t=(e=s[r]).getAttribute(\"data-secret\"))||(t=Math.random().toString(36).substring(2,12),e.src+=\"#?secret=\"+t,e.setAttribute(\"data-secret\",t)),e.contentWindow.postMessage({message:\"ready\",secret:t},\"*\")},!1)))}(window,document);\n\/\/# sourceURL=https:\/\/lietuve.lt\/wp-includes\/js\/wp-embed.min.js\n\/* ]]> *\/\n<\/script>\n","thumbnail_url":"https:\/\/lietuve.lt\/wp-content\/uploads\/2017\/09\/1-68.jpg","thumbnail_width":800,"thumbnail_height":533,"description":"Lietuvos muzikos padang\u0117je suk\u0117lusi perversm\u0105 ir per vien\u0105 par\u0105 i\u0161gars\u0117jusi atlik\u0117ja Paula Valentait\u0117 savo karjeros prad\u017eia laiko nacionalin\u0119 \u201eEurovizijos\u201c atrank\u0105, kurioje nu\u0161luost\u0117 nosis ne vienam scenos senbuviui ir \u012frod\u0117, kad \u0161iame konkurse \u017emon\u0117s i\u0161siilg\u0119 permain\u0173 bei nauj\u0173 veid\u0173. Nors iki kit\u0173 met\u0173 nacionalin\u0117s konkurso atrankos dar nema\u017eai laiko, ta\u010diau jaun\u0105 atlik\u0117j\u0105 pl\u016bsta u\u017esienio \u0161ali\u0173 k\u016br\u0117jai,"}