{"version":"1.0","provider_name":"\u017durnalas Lietuv\u0117","provider_url":"https:\/\/lietuve.lt","title":"At\u0161auktas mokslo met\u0173 ilginimas - \u017durnalas Lietuv\u0117","type":"rich","width":600,"height":338,"html":"<blockquote class=\"wp-embedded-content\" data-secret=\"dlAutoWg1Q\"><a href=\"https:\/\/lietuve.lt\/atsauktas-mokslo-metu-ilginimas\/\">At\u0161auktas mokslo met\u0173 ilginimas<\/a><\/blockquote><iframe sandbox=\"allow-scripts\" security=\"restricted\" src=\"https:\/\/lietuve.lt\/atsauktas-mokslo-metu-ilginimas\/embed\/#?secret=dlAutoWg1Q\" width=\"600\" height=\"338\" title=\"&#8220;At\u0161auktas mokslo met\u0173 ilginimas&#8221; &#8212; \u017durnalas Lietuv\u0117\" data-secret=\"dlAutoWg1Q\" frameborder=\"0\" marginwidth=\"0\" marginheight=\"0\" scrolling=\"no\" class=\"wp-embedded-content\"><\/iframe><script type=\"text\/javascript\">\n\/* <![CDATA[ *\/\n\/*! This file is auto-generated *\/\n!function(d,l){\"use strict\";l.querySelector&&d.addEventListener&&\"undefined\"!=typeof URL&&(d.wp=d.wp||{},d.wp.receiveEmbedMessage||(d.wp.receiveEmbedMessage=function(e){var t=e.data;if((t||t.secret||t.message||t.value)&&!\/[^a-zA-Z0-9]\/.test(t.secret)){for(var s,r,n,a=l.querySelectorAll('iframe[data-secret=\"'+t.secret+'\"]'),o=l.querySelectorAll('blockquote[data-secret=\"'+t.secret+'\"]'),c=new RegExp(\"^https?:$\",\"i\"),i=0;i<o.length;i++)o[i].style.display=\"none\";for(i=0;i<a.length;i++)s=a[i],e.source===s.contentWindow&&(s.removeAttribute(\"style\"),\"height\"===t.message?(1e3<(r=parseInt(t.value,10))?r=1e3:~~r<200&&(r=200),s.height=r):\"link\"===t.message&&(r=new URL(s.getAttribute(\"src\")),n=new URL(t.value),c.test(n.protocol))&&n.host===r.host&&l.activeElement===s&&(d.top.location.href=t.value))}},d.addEventListener(\"message\",d.wp.receiveEmbedMessage,!1),l.addEventListener(\"DOMContentLoaded\",function(){for(var e,t,s=l.querySelectorAll(\"iframe.wp-embedded-content\"),r=0;r<s.length;r++)(t=(e=s[r]).getAttribute(\"data-secret\"))||(t=Math.random().toString(36).substring(2,12),e.src+=\"#?secret=\"+t,e.setAttribute(\"data-secret\",t)),e.contentWindow.postMessage({message:\"ready\",secret:t},\"*\")},!1)))}(window,document);\n\/\/# sourceURL=https:\/\/lietuve.lt\/wp-includes\/js\/wp-embed.min.js\n\/* ]]> *\/\n<\/script>\n","description":"Mokslo metai neilg\u0117s. Tok\u012f sprendim\u0105 pri\u0117m\u0117 \u0161vietimo ir mokslo ministr\u0117 Audron\u0117 Pitr\u0117nien\u0117. \u201eSusitikau su mokini\u0173 ir pedagog\u0173 organizacijomis, mokykl\u0173 bendruomen\u0117mis, socialiniais partneriais \u2013 visi beveik vienbalsiai palaiko toki\u0105 mokslo met\u0173 trukm\u0119, kokia yra dabar\u201c, \u2013 sako ministr\u0117. Pasak ministr\u0117s A. Pitr\u0117nien\u0117s, \u0161iuo metu nesame tinkamai pasireng\u0119 mokslo met\u0173 ilginimui. Geriau pasir\u016bpinti, kaip neprarasti n\u0117 vienos"}