{"version":"1.0","provider_name":"\u017durnalas Lietuv\u0117","provider_url":"https:\/\/lietuve.lt","title":"Atsinaujina Prezident\u0117s vyriausi\u0173j\u0173 patar\u0117j\u0173 komanda - \u017durnalas Lietuv\u0117","type":"rich","width":600,"height":338,"html":"<blockquote class=\"wp-embedded-content\" data-secret=\"BLknd5OWbK\"><a href=\"https:\/\/lietuve.lt\/atsinaujina-prezidentes-vyriausiuju-patareju-komanda\/\">Atsinaujina Prezident\u0117s vyriausi\u0173j\u0173 patar\u0117j\u0173 komanda<\/a><\/blockquote><iframe sandbox=\"allow-scripts\" security=\"restricted\" src=\"https:\/\/lietuve.lt\/atsinaujina-prezidentes-vyriausiuju-patareju-komanda\/embed\/#?secret=BLknd5OWbK\" width=\"600\" height=\"338\" title=\"&#8220;Atsinaujina Prezident\u0117s vyriausi\u0173j\u0173 patar\u0117j\u0173 komanda&#8221; &#8212; \u017durnalas Lietuv\u0117\" data-secret=\"BLknd5OWbK\" frameborder=\"0\" marginwidth=\"0\" marginheight=\"0\" scrolling=\"no\" class=\"wp-embedded-content\"><\/iframe><script type=\"text\/javascript\">\n\/* <![CDATA[ *\/\n\/*! This file is auto-generated *\/\n!function(d,l){\"use strict\";l.querySelector&&d.addEventListener&&\"undefined\"!=typeof URL&&(d.wp=d.wp||{},d.wp.receiveEmbedMessage||(d.wp.receiveEmbedMessage=function(e){var t=e.data;if((t||t.secret||t.message||t.value)&&!\/[^a-zA-Z0-9]\/.test(t.secret)){for(var s,r,n,a=l.querySelectorAll('iframe[data-secret=\"'+t.secret+'\"]'),o=l.querySelectorAll('blockquote[data-secret=\"'+t.secret+'\"]'),c=new RegExp(\"^https?:$\",\"i\"),i=0;i<o.length;i++)o[i].style.display=\"none\";for(i=0;i<a.length;i++)s=a[i],e.source===s.contentWindow&&(s.removeAttribute(\"style\"),\"height\"===t.message?(1e3<(r=parseInt(t.value,10))?r=1e3:~~r<200&&(r=200),s.height=r):\"link\"===t.message&&(r=new URL(s.getAttribute(\"src\")),n=new URL(t.value),c.test(n.protocol))&&n.host===r.host&&l.activeElement===s&&(d.top.location.href=t.value))}},d.addEventListener(\"message\",d.wp.receiveEmbedMessage,!1),l.addEventListener(\"DOMContentLoaded\",function(){for(var e,t,s=l.querySelectorAll(\"iframe.wp-embedded-content\"),r=0;r<s.length;r++)(t=(e=s[r]).getAttribute(\"data-secret\"))||(t=Math.random().toString(36).substring(2,12),e.src+=\"#?secret=\"+t,e.setAttribute(\"data-secret\",t)),e.contentWindow.postMessage({message:\"ready\",secret:t},\"*\")},!1)))}(window,document);\n\/\/# sourceURL=https:\/\/lietuve.lt\/wp-includes\/js\/wp-embed.min.js\n\/* ]]> *\/\n<\/script>\n","description":"Ruden\u012f atsinaujins Lietuvos Respublikos Prezident\u0117s Dalios Grybauskait\u0117s vyriausi\u0173j\u0173 patar\u0117j\u0173 komanda. Prezident\u0117s vyriausi\u0105ja patar\u0117ja ekonomikos ir socialin\u0117s politikos klausimais nuo rugs\u0117jo dirbs ambasador\u0117 ekonomist\u0117 Lina Antanavi\u010dien\u0117. Penkerius metus Lina Antanavi\u010dien\u0117 dirbo LR nepaprast\u0105ja ir \u012fgaliot\u0105ja ambasadore Kinijoje. Diplomatin\u0119 tarnyb\u0105 Lina Antanavi\u010dien\u0117 prad\u0117jo 1991 m. \u2013 daug met\u0173 dirbo URM Ekonomin\u0117s analiz\u0117s skyriuje, Ekonomini\u0173 ry\u0161i\u0173 departamente, buvo"}