{"version":"1.0","provider_name":"\u017durnalas Lietuv\u0117","provider_url":"https:\/\/lietuve.lt","title":"Austra Skujyt\u0117 \u012fk\u016bnijo \u0161iuolaikin\u0119 lietuvi\u0161kos pasakos heroj\u0119  - \u017durnalas Lietuv\u0117","type":"rich","width":600,"height":338,"html":"<blockquote class=\"wp-embedded-content\" data-secret=\"oScCV4NLBm\"><a href=\"https:\/\/lietuve.lt\/austra-skujyte-ikunijo-siuolaikine-lietuviskos-pasakos-heroje\/\">Austra Skujyt\u0117 \u012fk\u016bnijo \u0161iuolaikin\u0119 lietuvi\u0161kos pasakos heroj\u0119<\/a><\/blockquote><iframe sandbox=\"allow-scripts\" security=\"restricted\" src=\"https:\/\/lietuve.lt\/austra-skujyte-ikunijo-siuolaikine-lietuviskos-pasakos-heroje\/embed\/#?secret=oScCV4NLBm\" width=\"600\" height=\"338\" title=\"&#8220;Austra Skujyt\u0117 \u012fk\u016bnijo \u0161iuolaikin\u0119 lietuvi\u0161kos pasakos heroj\u0119&#8221; &#8212; \u017durnalas Lietuv\u0117\" data-secret=\"oScCV4NLBm\" frameborder=\"0\" marginwidth=\"0\" marginheight=\"0\" scrolling=\"no\" class=\"wp-embedded-content\"><\/iframe><script type=\"text\/javascript\">\n\/* <![CDATA[ *\/\n\/*! This file is auto-generated *\/\n!function(d,l){\"use strict\";l.querySelector&&d.addEventListener&&\"undefined\"!=typeof URL&&(d.wp=d.wp||{},d.wp.receiveEmbedMessage||(d.wp.receiveEmbedMessage=function(e){var t=e.data;if((t||t.secret||t.message||t.value)&&!\/[^a-zA-Z0-9]\/.test(t.secret)){for(var s,r,n,a=l.querySelectorAll('iframe[data-secret=\"'+t.secret+'\"]'),o=l.querySelectorAll('blockquote[data-secret=\"'+t.secret+'\"]'),c=new RegExp(\"^https?:$\",\"i\"),i=0;i<o.length;i++)o[i].style.display=\"none\";for(i=0;i<a.length;i++)s=a[i],e.source===s.contentWindow&&(s.removeAttribute(\"style\"),\"height\"===t.message?(1e3<(r=parseInt(t.value,10))?r=1e3:~~r<200&&(r=200),s.height=r):\"link\"===t.message&&(r=new URL(s.getAttribute(\"src\")),n=new URL(t.value),c.test(n.protocol))&&n.host===r.host&&l.activeElement===s&&(d.top.location.href=t.value))}},d.addEventListener(\"message\",d.wp.receiveEmbedMessage,!1),l.addEventListener(\"DOMContentLoaded\",function(){for(var e,t,s=l.querySelectorAll(\"iframe.wp-embedded-content\"),r=0;r<s.length;r++)(t=(e=s[r]).getAttribute(\"data-secret\"))||(t=Math.random().toString(36).substring(2,12),e.src+=\"#?secret=\"+t,e.setAttribute(\"data-secret\",t)),e.contentWindow.postMessage({message:\"ready\",secret:t},\"*\")},!1)))}(window,document);\n\/\/# sourceURL=https:\/\/lietuve.lt\/wp-includes\/js\/wp-embed.min.js\n\/* ]]> *\/\n<\/script>\n","description":"Vienai garsiausi\u0173 Lietuvos lengvaatle\u010di\u0173 Austrai Skujytei \u0161iais metais jau nebe pirm\u0105 kart\u0105 tenka dalyvauti fotosesijoje. \u0160\u012fkart sportinink\u0117 prie\u0161ais objektyv\u0105 stojo \u012fk\u016bnydama pagrindin\u0119 vienos \u017eymiausi\u0173 lietuvi\u0161k\u0173 pasak\u0173 \u201eEgl\u0117 \u017eal\u010di\u0173 karalien\u0117\u201c heroj\u0119. Pasi\u016blymo perteikti nuotraukose u\u017e \u017eal\u010dio i\u0161tek\u0117jusios ir tragi\u0161ko likimo moters \u012fvaizd\u012f A. Skujyt\u0117 sulauk\u0117 i\u0161 Lietuvoje pastaraisiais metais kurian\u010dios dizainer\u0117s Vilmos Mar\u0117. Lengvaatlet\u0117 anks\u010diau jau"}