{"version":"1.0","provider_name":"\u017durnalas Lietuv\u0117","provider_url":"https:\/\/lietuve.lt","title":"Austrijos ambasadoje vyko M. Linkyt\u0117s ir V. Baumilos i\u0161leistuv\u0117s  - \u017durnalas Lietuv\u0117","type":"rich","width":600,"height":338,"html":"<blockquote class=\"wp-embedded-content\" data-secret=\"H4XrBTnoD7\"><a href=\"https:\/\/lietuve.lt\/austrijos-ambasadoje-vyko-m-linkytes-ir-v-baumilos-isleistuves\/\">Austrijos ambasadoje vyko M. Linkyt\u0117s ir V. Baumilos i\u0161leistuv\u0117s<\/a><\/blockquote><iframe sandbox=\"allow-scripts\" security=\"restricted\" src=\"https:\/\/lietuve.lt\/austrijos-ambasadoje-vyko-m-linkytes-ir-v-baumilos-isleistuves\/embed\/#?secret=H4XrBTnoD7\" width=\"600\" height=\"338\" title=\"&#8220;Austrijos ambasadoje vyko M. Linkyt\u0117s ir V. Baumilos i\u0161leistuv\u0117s&#8221; &#8212; \u017durnalas Lietuv\u0117\" data-secret=\"H4XrBTnoD7\" frameborder=\"0\" marginwidth=\"0\" marginheight=\"0\" scrolling=\"no\" class=\"wp-embedded-content\"><\/iframe><script type=\"text\/javascript\">\n\/* <![CDATA[ *\/\n\/*! This file is auto-generated *\/\n!function(d,l){\"use strict\";l.querySelector&&d.addEventListener&&\"undefined\"!=typeof URL&&(d.wp=d.wp||{},d.wp.receiveEmbedMessage||(d.wp.receiveEmbedMessage=function(e){var t=e.data;if((t||t.secret||t.message||t.value)&&!\/[^a-zA-Z0-9]\/.test(t.secret)){for(var s,r,n,a=l.querySelectorAll('iframe[data-secret=\"'+t.secret+'\"]'),o=l.querySelectorAll('blockquote[data-secret=\"'+t.secret+'\"]'),c=new RegExp(\"^https?:$\",\"i\"),i=0;i<o.length;i++)o[i].style.display=\"none\";for(i=0;i<a.length;i++)s=a[i],e.source===s.contentWindow&&(s.removeAttribute(\"style\"),\"height\"===t.message?(1e3<(r=parseInt(t.value,10))?r=1e3:~~r<200&&(r=200),s.height=r):\"link\"===t.message&&(r=new URL(s.getAttribute(\"src\")),n=new URL(t.value),c.test(n.protocol))&&n.host===r.host&&l.activeElement===s&&(d.top.location.href=t.value))}},d.addEventListener(\"message\",d.wp.receiveEmbedMessage,!1),l.addEventListener(\"DOMContentLoaded\",function(){for(var e,t,s=l.querySelectorAll(\"iframe.wp-embedded-content\"),r=0;r<s.length;r++)(t=(e=s[r]).getAttribute(\"data-secret\"))||(t=Math.random().toString(36).substring(2,12),e.src+=\"#?secret=\"+t,e.setAttribute(\"data-secret\",t)),e.contentWindow.postMessage({message:\"ready\",secret:t},\"*\")},!1)))}(window,document);\n\/\/# sourceURL=https:\/\/lietuve.lt\/wp-includes\/js\/wp-embed.min.js\n\/* ]]> *\/\n<\/script>\n","description":"\u201eParaginsiu visus draugus Austrijoje balsuoti u\u017e Monikos ir Vaido pasirodym\u0105\u201c, \u2013 kalb\u0117jo Austrijos ambasadorius Johannas Spitzeris, i\u0161lyd\u0117damas Lietuvos delegacij\u0105 \u012f Vien\u0105, kur gegu\u017e\u0117s 19\u221223 dienomis vyks \u017ei\u016brimiausias pasaulyje televizijos dain\u0173 konkursas. Austrijos ambasados surengtose lietuvi\u0173 i\u0161leistuv\u0117se \u0161eimininkai neabejojo Lietuvos dueto s\u0117kme. Atsid\u0117kodami u\u017e palaikym\u0105, Monika ir Vaidas atliko kaskart vis kitaip skambant\u012f k\u016brin\u012f \u201eThis Time\u201c,"}