{"version":"1.0","provider_name":"\u017durnalas Lietuv\u0117","provider_url":"https:\/\/lietuve.lt","title":"Baltijos ir \u0160iaur\u0117s \u0161ali\u0173 nacionalini\u0173 dien\u0173 min\u0117jimas Prahoje - \u017durnalas Lietuv\u0117","type":"rich","width":600,"height":338,"html":"<blockquote class=\"wp-embedded-content\" data-secret=\"IxL2bY1mB3\"><a href=\"https:\/\/lietuve.lt\/baltijos-ir-siaures-saliu-nacionaliniu-dienu-minejimas-prahoje\/\">Baltijos ir \u0160iaur\u0117s \u0161ali\u0173 nacionalini\u0173 dien\u0173 min\u0117jimas Prahoje<\/a><\/blockquote><iframe sandbox=\"allow-scripts\" security=\"restricted\" src=\"https:\/\/lietuve.lt\/baltijos-ir-siaures-saliu-nacionaliniu-dienu-minejimas-prahoje\/embed\/#?secret=IxL2bY1mB3\" width=\"600\" height=\"338\" title=\"&#8220;Baltijos ir \u0160iaur\u0117s \u0161ali\u0173 nacionalini\u0173 dien\u0173 min\u0117jimas Prahoje&#8221; &#8212; \u017durnalas Lietuv\u0117\" data-secret=\"IxL2bY1mB3\" frameborder=\"0\" marginwidth=\"0\" marginheight=\"0\" scrolling=\"no\" class=\"wp-embedded-content\"><\/iframe><script type=\"text\/javascript\">\n\/* <![CDATA[ *\/\n\/*! This file is auto-generated *\/\n!function(d,l){\"use strict\";l.querySelector&&d.addEventListener&&\"undefined\"!=typeof URL&&(d.wp=d.wp||{},d.wp.receiveEmbedMessage||(d.wp.receiveEmbedMessage=function(e){var t=e.data;if((t||t.secret||t.message||t.value)&&!\/[^a-zA-Z0-9]\/.test(t.secret)){for(var s,r,n,a=l.querySelectorAll('iframe[data-secret=\"'+t.secret+'\"]'),o=l.querySelectorAll('blockquote[data-secret=\"'+t.secret+'\"]'),c=new RegExp(\"^https?:$\",\"i\"),i=0;i<o.length;i++)o[i].style.display=\"none\";for(i=0;i<a.length;i++)s=a[i],e.source===s.contentWindow&&(s.removeAttribute(\"style\"),\"height\"===t.message?(1e3<(r=parseInt(t.value,10))?r=1e3:~~r<200&&(r=200),s.height=r):\"link\"===t.message&&(r=new URL(s.getAttribute(\"src\")),n=new URL(t.value),c.test(n.protocol))&&n.host===r.host&&l.activeElement===s&&(d.top.location.href=t.value))}},d.addEventListener(\"message\",d.wp.receiveEmbedMessage,!1),l.addEventListener(\"DOMContentLoaded\",function(){for(var e,t,s=l.querySelectorAll(\"iframe.wp-embedded-content\"),r=0;r<s.length;r++)(t=(e=s[r]).getAttribute(\"data-secret\"))||(t=Math.random().toString(36).substring(2,12),e.src+=\"#?secret=\"+t,e.setAttribute(\"data-secret\",t)),e.contentWindow.postMessage({message:\"ready\",secret:t},\"*\")},!1)))}(window,document);\n\/\/# sourceURL=https:\/\/lietuve.lt\/wp-includes\/js\/wp-embed.min.js\n\/* ]]> *\/\n<\/script>\n","description":"Bir\u017eelio 11 d. Prahos Naujamies\u010dio rotu\u0161\u0117je vyko kasmetis bendras Baltijos ir \u0160iaur\u0117s valstybi\u0173 \u2013 Lietuvos, Latvijos, Estijos, Danijos, Suomijos, Norvegijos, \u0160vedijos ir Islandijos \u2013 nacionalini\u0173 dien\u0173 min\u0117jimas. Tai jau a\u0161tuntus metus i\u0161 eil\u0117s Prahoje rengiamas ambasad\u0173 pri\u0117mimas, demonstruojantis glaud\u0173 regiono valstybi\u0173 bendradarbiavim\u0105. Kartu rengiamas pri\u0117mimas atspindi ne tik \u0161iuolaikinius valstybi\u0173 ry\u0161ius ir santykius, bet ir"}