{"version":"1.0","provider_name":"\u017durnalas Lietuv\u0117","provider_url":"https:\/\/lietuve.lt","title":"Baltijos kelio 25-me\u010diui pamin\u0117ti skirti renginiai Kaune - \u017durnalas Lietuv\u0117","type":"rich","width":600,"height":338,"html":"<blockquote class=\"wp-embedded-content\" data-secret=\"6aQ2FuySKZ\"><a href=\"https:\/\/lietuve.lt\/baltijos-kelio-25-meciui-pamineti-skirti-renginiai-kaune\/\">Baltijos kelio 25-me\u010diui pamin\u0117ti skirti renginiai Kaune<\/a><\/blockquote><iframe sandbox=\"allow-scripts\" security=\"restricted\" src=\"https:\/\/lietuve.lt\/baltijos-kelio-25-meciui-pamineti-skirti-renginiai-kaune\/embed\/#?secret=6aQ2FuySKZ\" width=\"600\" height=\"338\" title=\"&#8220;Baltijos kelio 25-me\u010diui pamin\u0117ti skirti renginiai Kaune&#8221; &#8212; \u017durnalas Lietuv\u0117\" data-secret=\"6aQ2FuySKZ\" frameborder=\"0\" marginwidth=\"0\" marginheight=\"0\" scrolling=\"no\" class=\"wp-embedded-content\"><\/iframe><script type=\"text\/javascript\">\n\/* <![CDATA[ *\/\n\/*! This file is auto-generated *\/\n!function(d,l){\"use strict\";l.querySelector&&d.addEventListener&&\"undefined\"!=typeof URL&&(d.wp=d.wp||{},d.wp.receiveEmbedMessage||(d.wp.receiveEmbedMessage=function(e){var t=e.data;if((t||t.secret||t.message||t.value)&&!\/[^a-zA-Z0-9]\/.test(t.secret)){for(var s,r,n,a=l.querySelectorAll('iframe[data-secret=\"'+t.secret+'\"]'),o=l.querySelectorAll('blockquote[data-secret=\"'+t.secret+'\"]'),c=new RegExp(\"^https?:$\",\"i\"),i=0;i<o.length;i++)o[i].style.display=\"none\";for(i=0;i<a.length;i++)s=a[i],e.source===s.contentWindow&&(s.removeAttribute(\"style\"),\"height\"===t.message?(1e3<(r=parseInt(t.value,10))?r=1e3:~~r<200&&(r=200),s.height=r):\"link\"===t.message&&(r=new URL(s.getAttribute(\"src\")),n=new URL(t.value),c.test(n.protocol))&&n.host===r.host&&l.activeElement===s&&(d.top.location.href=t.value))}},d.addEventListener(\"message\",d.wp.receiveEmbedMessage,!1),l.addEventListener(\"DOMContentLoaded\",function(){for(var e,t,s=l.querySelectorAll(\"iframe.wp-embedded-content\"),r=0;r<s.length;r++)(t=(e=s[r]).getAttribute(\"data-secret\"))||(t=Math.random().toString(36).substring(2,12),e.src+=\"#?secret=\"+t,e.setAttribute(\"data-secret\",t)),e.contentWindow.postMessage({message:\"ready\",secret:t},\"*\")},!1)))}(window,document);\n\/\/# sourceURL=https:\/\/lietuve.lt\/wp-includes\/js\/wp-embed.min.js\n\/* ]]> *\/\n<\/script>\n","thumbnail_url":"https:\/\/lietuve.lt\/wp-content\/uploads\/2014\/08\/i523vc40272.jpg","thumbnail_width":648,"thumbnail_height":381,"description":"Kaune prasideda Baltijos kelio 25-me\u010diui skirt\u0173 rengini\u0173 ciklas. J\u012f kitos savait\u0117s pabaigoje vainikuos tarptautin\u0117 konferencija ir Vytauto Did\u017eiojo karo muziejaus sodelyje surengta akcija \u201eAtminimo keliu\u201c. PROGRAMA Rugpj\u016b\u010dio 22 d. 14 val. Tarptautin\u0117 konferencija \u201eSunkus kelias \u012f laisv\u0119\u201c Istorin\u0117je Lietuvos Respublikos prezident\u016broje Kaune (Vilniaus g. 33). Rugpj\u016b\u010dio 23 d. 10 val. \u0160v. Mi\u0161ios \u0160v. arkangelo Mykolo"}