{"version":"1.0","provider_name":"\u017durnalas Lietuv\u0117","provider_url":"https:\/\/lietuve.lt","title":"BELGIJA. Su Belgijos lietuviais diskutuota apie lietuvi\u0173 tautos istorij\u0105 - \u017durnalas Lietuv\u0117","type":"rich","width":600,"height":338,"html":"<blockquote class=\"wp-embedded-content\" data-secret=\"Z9Qo1LFELY\"><a href=\"https:\/\/lietuve.lt\/belgija-su-belgijos-lietuviais-diskutuota-apie-lietuviu-tautos-istorija\/\">BELGIJA. Su Belgijos lietuviais diskutuota apie lietuvi\u0173 tautos istorij\u0105<\/a><\/blockquote><iframe sandbox=\"allow-scripts\" security=\"restricted\" src=\"https:\/\/lietuve.lt\/belgija-su-belgijos-lietuviais-diskutuota-apie-lietuviu-tautos-istorija\/embed\/#?secret=Z9Qo1LFELY\" width=\"600\" height=\"338\" title=\"&#8220;BELGIJA. Su Belgijos lietuviais diskutuota apie lietuvi\u0173 tautos istorij\u0105&#8221; &#8212; \u017durnalas Lietuv\u0117\" data-secret=\"Z9Qo1LFELY\" frameborder=\"0\" marginwidth=\"0\" marginheight=\"0\" scrolling=\"no\" class=\"wp-embedded-content\"><\/iframe><script type=\"text\/javascript\">\n\/* <![CDATA[ *\/\n\/*! This file is auto-generated *\/\n!function(d,l){\"use strict\";l.querySelector&&d.addEventListener&&\"undefined\"!=typeof URL&&(d.wp=d.wp||{},d.wp.receiveEmbedMessage||(d.wp.receiveEmbedMessage=function(e){var t=e.data;if((t||t.secret||t.message||t.value)&&!\/[^a-zA-Z0-9]\/.test(t.secret)){for(var s,r,n,a=l.querySelectorAll('iframe[data-secret=\"'+t.secret+'\"]'),o=l.querySelectorAll('blockquote[data-secret=\"'+t.secret+'\"]'),c=new RegExp(\"^https?:$\",\"i\"),i=0;i<o.length;i++)o[i].style.display=\"none\";for(i=0;i<a.length;i++)s=a[i],e.source===s.contentWindow&&(s.removeAttribute(\"style\"),\"height\"===t.message?(1e3<(r=parseInt(t.value,10))?r=1e3:~~r<200&&(r=200),s.height=r):\"link\"===t.message&&(r=new URL(s.getAttribute(\"src\")),n=new URL(t.value),c.test(n.protocol))&&n.host===r.host&&l.activeElement===s&&(d.top.location.href=t.value))}},d.addEventListener(\"message\",d.wp.receiveEmbedMessage,!1),l.addEventListener(\"DOMContentLoaded\",function(){for(var e,t,s=l.querySelectorAll(\"iframe.wp-embedded-content\"),r=0;r<s.length;r++)(t=(e=s[r]).getAttribute(\"data-secret\"))||(t=Math.random().toString(36).substring(2,12),e.src+=\"#?secret=\"+t,e.setAttribute(\"data-secret\",t)),e.contentWindow.postMessage({message:\"ready\",secret:t},\"*\")},!1)))}(window,document);\n\/\/# sourceURL=https:\/\/lietuve.lt\/wp-includes\/js\/wp-embed.min.js\n\/* ]]> *\/\n<\/script>\n","description":"T\u0119siant Lietuvos naryst\u0117s Europos S\u0105jungoje de\u0161imtme\u010dio min\u0117jimo renginius, spalio 15 dien\u0105 Briuselyje, bendradarbiaujant Lietuvos nuolatinei atstovybei ES, Lietuvos ambasadai Belgijoje ir Belgijos lietuvi\u0173 bendruomen\u0117s debat\u0173 klubui, surengtas istoriko Egidijaus Aleksandravi\u010diaus naujausios knygos \u201eKarklo diegas. Lietuvi\u0173 pasaulio istorija\u201c pristatymas ir diskusija. \u201eJuk tai tauta, kuri per t\u016bkstant\u012f met\u0173 nuolat \u012frodin\u0117jo, kad buvo, yra ir bus lygi"}