{"version":"1.0","provider_name":"\u017durnalas Lietuv\u0117","provider_url":"https:\/\/lietuve.lt","title":"Bendras Lietuvos ir \u010cil\u0117s k\u016br\u0117j\u0173 filmas \u012fvertintas presti\u017einiu apdovanojimu - \u017durnalas Lietuv\u0117","type":"rich","width":600,"height":338,"html":"<blockquote class=\"wp-embedded-content\" data-secret=\"dq1OrWvXSG\"><a href=\"https:\/\/lietuve.lt\/bendras-lietuvos-ir-ciles-kureju-filmas-ivertintas-prestiziniu-apdovanojimu\/\">Bendras Lietuvos ir \u010cil\u0117s k\u016br\u0117j\u0173 filmas \u012fvertintas presti\u017einiu apdovanojimu<\/a><\/blockquote><iframe sandbox=\"allow-scripts\" security=\"restricted\" src=\"https:\/\/lietuve.lt\/bendras-lietuvos-ir-ciles-kureju-filmas-ivertintas-prestiziniu-apdovanojimu\/embed\/#?secret=dq1OrWvXSG\" width=\"600\" height=\"338\" title=\"&#8220;Bendras Lietuvos ir \u010cil\u0117s k\u016br\u0117j\u0173 filmas \u012fvertintas presti\u017einiu apdovanojimu&#8221; &#8212; \u017durnalas Lietuv\u0117\" data-secret=\"dq1OrWvXSG\" frameborder=\"0\" marginwidth=\"0\" marginheight=\"0\" scrolling=\"no\" class=\"wp-embedded-content\"><\/iframe><script type=\"text\/javascript\">\n\/* <![CDATA[ *\/\n\/*! This file is auto-generated *\/\n!function(d,l){\"use strict\";l.querySelector&&d.addEventListener&&\"undefined\"!=typeof URL&&(d.wp=d.wp||{},d.wp.receiveEmbedMessage||(d.wp.receiveEmbedMessage=function(e){var t=e.data;if((t||t.secret||t.message||t.value)&&!\/[^a-zA-Z0-9]\/.test(t.secret)){for(var s,r,n,a=l.querySelectorAll('iframe[data-secret=\"'+t.secret+'\"]'),o=l.querySelectorAll('blockquote[data-secret=\"'+t.secret+'\"]'),c=new RegExp(\"^https?:$\",\"i\"),i=0;i<o.length;i++)o[i].style.display=\"none\";for(i=0;i<a.length;i++)s=a[i],e.source===s.contentWindow&&(s.removeAttribute(\"style\"),\"height\"===t.message?(1e3<(r=parseInt(t.value,10))?r=1e3:~~r<200&&(r=200),s.height=r):\"link\"===t.message&&(r=new URL(s.getAttribute(\"src\")),n=new URL(t.value),c.test(n.protocol))&&n.host===r.host&&l.activeElement===s&&(d.top.location.href=t.value))}},d.addEventListener(\"message\",d.wp.receiveEmbedMessage,!1),l.addEventListener(\"DOMContentLoaded\",function(){for(var e,t,s=l.querySelectorAll(\"iframe.wp-embedded-content\"),r=0;r<s.length;r++)(t=(e=s[r]).getAttribute(\"data-secret\"))||(t=Math.random().toString(36).substring(2,12),e.src+=\"#?secret=\"+t,e.setAttribute(\"data-secret\",t)),e.contentWindow.postMessage({message:\"ready\",secret:t},\"*\")},!1)))}(window,document);\n\/\/# sourceURL=https:\/\/lietuve.lt\/wp-includes\/js\/wp-embed.min.js\n\/* ]]> *\/\n<\/script>\n","thumbnail_url":"https:\/\/lietuve.lt\/wp-content\/uploads\/2016\/04\/Maite-Alberdi-and-Giedr\u0117-\u017dickyt\u01171.jpg","thumbnail_width":600,"thumbnail_height":443,"description":"Bendras Lietuvos ir \u010cil\u0117s k\u016br\u0117j\u0173 Giedr\u0117s \u017dickyt\u0117s ir Maite Alberdi filmas \u201e\u010cia a\u0161 tik sve\u010dias\u201c tarptautiniame A klas\u0117s dokumentini\u0173 film\u0173 festivalyje \u201eVisions du reel\u201c \u0160veicarijoje pasaulin\u0117s premjeros metu buvo pripa\u017eintas geriausiu trumpametra\u017eiu dokumentiniu filmu. \u201eKurti \u0161\u012f film\u0105 buvo ypatinga patirtis, ir ne tik d\u0117l to, kad tur\u0117jau galimyb\u0119 filmuoti \u010cil\u0117je ir dirbti su tos \u0161alies"}