{"version":"1.0","provider_name":"\u017durnalas Lietuv\u0117","provider_url":"https:\/\/lietuve.lt","title":"Benediktas Vanagas: \u201eMan garb\u0117 b\u016bti Vy\u010dio geno ne\u0161iotoju\u201c - \u017durnalas Lietuv\u0117","type":"rich","width":600,"height":338,"html":"<blockquote class=\"wp-embedded-content\" data-secret=\"iAgJsVXRX7\"><a href=\"https:\/\/lietuve.lt\/benediktas-vanagas-man-garbe-buti-vycio-geno-nesiotoju\/\">Benediktas Vanagas: \u201eMan garb\u0117 b\u016bti Vy\u010dio geno ne\u0161iotoju\u201c<\/a><\/blockquote><iframe sandbox=\"allow-scripts\" security=\"restricted\" src=\"https:\/\/lietuve.lt\/benediktas-vanagas-man-garbe-buti-vycio-geno-nesiotoju\/embed\/#?secret=iAgJsVXRX7\" width=\"600\" height=\"338\" title=\"&#8220;Benediktas Vanagas: \u201eMan garb\u0117 b\u016bti Vy\u010dio geno ne\u0161iotoju\u201c&#8221; &#8212; \u017durnalas Lietuv\u0117\" data-secret=\"iAgJsVXRX7\" frameborder=\"0\" marginwidth=\"0\" marginheight=\"0\" scrolling=\"no\" class=\"wp-embedded-content\"><\/iframe><script type=\"text\/javascript\">\n\/* <![CDATA[ *\/\n\/*! This file is auto-generated *\/\n!function(d,l){\"use strict\";l.querySelector&&d.addEventListener&&\"undefined\"!=typeof URL&&(d.wp=d.wp||{},d.wp.receiveEmbedMessage||(d.wp.receiveEmbedMessage=function(e){var t=e.data;if((t||t.secret||t.message||t.value)&&!\/[^a-zA-Z0-9]\/.test(t.secret)){for(var s,r,n,a=l.querySelectorAll('iframe[data-secret=\"'+t.secret+'\"]'),o=l.querySelectorAll('blockquote[data-secret=\"'+t.secret+'\"]'),c=new RegExp(\"^https?:$\",\"i\"),i=0;i<o.length;i++)o[i].style.display=\"none\";for(i=0;i<a.length;i++)s=a[i],e.source===s.contentWindow&&(s.removeAttribute(\"style\"),\"height\"===t.message?(1e3<(r=parseInt(t.value,10))?r=1e3:~~r<200&&(r=200),s.height=r):\"link\"===t.message&&(r=new URL(s.getAttribute(\"src\")),n=new URL(t.value),c.test(n.protocol))&&n.host===r.host&&l.activeElement===s&&(d.top.location.href=t.value))}},d.addEventListener(\"message\",d.wp.receiveEmbedMessage,!1),l.addEventListener(\"DOMContentLoaded\",function(){for(var e,t,s=l.querySelectorAll(\"iframe.wp-embedded-content\"),r=0;r<s.length;r++)(t=(e=s[r]).getAttribute(\"data-secret\"))||(t=Math.random().toString(36).substring(2,12),e.src+=\"#?secret=\"+t,e.setAttribute(\"data-secret\",t)),e.contentWindow.postMessage({message:\"ready\",secret:t},\"*\")},!1)))}(window,document);\n\/\/# sourceURL=https:\/\/lietuve.lt\/wp-includes\/js\/wp-embed.min.js\n\/* ]]> *\/\n<\/script>\n","description":"Lietuvos u\u017esienio reikal\u0173 ministras Linas Linkevi\u010dius sausio 21 dien\u0105 pasveikino Dakaro ralyje s\u0117kmingai fini\u0161avusias Benedikto Vanago ir Antano Juknevi\u010diaus komandas. \u201eSavo pasiekimais j\u016bs \u012ftvirtinote Lietuvos vard\u0105 dykum\u0173 ralio pasauliniame elite ir garsinate m\u016bs\u0173 \u0161al\u012f u\u017esienyje\u201c, \u2013 d\u0117kodamas abiej\u0173 ekipa\u017e\u0173 nariams sak\u0117 ministras. Pasak L. Linkevi\u010diaus, \u0161iemet, \u0161ven\u010diant 25-\u0105sias Nepriklausomyb\u0117s atk\u016brimo metines, ypa\u010d malonu matyti Lietuvos"}