{"version":"1.0","provider_name":"\u017durnalas Lietuv\u0117","provider_url":"https:\/\/lietuve.lt","title":"\u201eBo\u017eol\u0117\u201c choras \u0161vent\u0117 trej\u0173 met\u0173 gimtadien\u012f - \u017durnalas Lietuv\u0117","type":"rich","width":600,"height":338,"html":"<blockquote class=\"wp-embedded-content\" data-secret=\"pbLDuRO65L\"><a href=\"https:\/\/lietuve.lt\/bozole-choras-svente-treju-metu-gimtadieni\/\">\u201eBo\u017eol\u0117\u201c choras \u0161vent\u0117 trej\u0173 met\u0173 gimtadien\u012f<\/a><\/blockquote><iframe sandbox=\"allow-scripts\" security=\"restricted\" src=\"https:\/\/lietuve.lt\/bozole-choras-svente-treju-metu-gimtadieni\/embed\/#?secret=pbLDuRO65L\" width=\"600\" height=\"338\" title=\"&#8220;\u201eBo\u017eol\u0117\u201c choras \u0161vent\u0117 trej\u0173 met\u0173 gimtadien\u012f&#8221; &#8212; \u017durnalas Lietuv\u0117\" data-secret=\"pbLDuRO65L\" frameborder=\"0\" marginwidth=\"0\" marginheight=\"0\" scrolling=\"no\" class=\"wp-embedded-content\"><\/iframe><script type=\"text\/javascript\">\n\/* <![CDATA[ *\/\n\/*! This file is auto-generated *\/\n!function(d,l){\"use strict\";l.querySelector&&d.addEventListener&&\"undefined\"!=typeof URL&&(d.wp=d.wp||{},d.wp.receiveEmbedMessage||(d.wp.receiveEmbedMessage=function(e){var t=e.data;if((t||t.secret||t.message||t.value)&&!\/[^a-zA-Z0-9]\/.test(t.secret)){for(var s,r,n,a=l.querySelectorAll('iframe[data-secret=\"'+t.secret+'\"]'),o=l.querySelectorAll('blockquote[data-secret=\"'+t.secret+'\"]'),c=new RegExp(\"^https?:$\",\"i\"),i=0;i<o.length;i++)o[i].style.display=\"none\";for(i=0;i<a.length;i++)s=a[i],e.source===s.contentWindow&&(s.removeAttribute(\"style\"),\"height\"===t.message?(1e3<(r=parseInt(t.value,10))?r=1e3:~~r<200&&(r=200),s.height=r):\"link\"===t.message&&(r=new URL(s.getAttribute(\"src\")),n=new URL(t.value),c.test(n.protocol))&&n.host===r.host&&l.activeElement===s&&(d.top.location.href=t.value))}},d.addEventListener(\"message\",d.wp.receiveEmbedMessage,!1),l.addEventListener(\"DOMContentLoaded\",function(){for(var e,t,s=l.querySelectorAll(\"iframe.wp-embedded-content\"),r=0;r<s.length;r++)(t=(e=s[r]).getAttribute(\"data-secret\"))||(t=Math.random().toString(36).substring(2,12),e.src+=\"#?secret=\"+t,e.setAttribute(\"data-secret\",t)),e.contentWindow.postMessage({message:\"ready\",secret:t},\"*\")},!1)))}(window,document);\n\/\/# sourceURL=https:\/\/lietuve.lt\/wp-includes\/js\/wp-embed.min.js\n\/* ]]> *\/\n<\/script>\n","description":"Trej\u0173 met\u0173 gimtadien\u012f \u0161ven\u010diantys \u201eBo\u017eol\u0117\u201c choristai gavo gyv\u0105 dovan\u0105 \u2013 \u017euvyt\u0119, pavadint\u0105 Faros vardu. J\u0105 ir nedidel\u012f mai\u0161el\u012f maisto atlik\u0117jams \u012fteik\u0117 rengini\u0173 ved\u0117jas Tomas Grigaitis, pasir\u016bpin\u0119s sukaktuvininkams skirtomis i\u0161kilm\u0117mis netoli Kauno esan\u010dioje \u201eNud\u017ei\u016bvusio \u0105\u017euolo\u201c sodyboje. Pirmuoju, kuriam teks priglobti augintin\u0119, tapo \u201eBo\u017eol\u0117\u201c choro atlik\u0117jas Paulius Grigaitis. Iki \u0161iol \u017euvy\u010di\u0173 neaugin\u0119s vaikinas sak\u0117 suprant\u0105s, kokia atsakomyb\u0117"}