{"version":"1.0","provider_name":"\u017durnalas Lietuv\u0117","provider_url":"https:\/\/lietuve.lt","title":"Choras \u201eAve vita\u201c kvie\u010dia \u012f 80-ojo jubiliejaus \u0161vent\u0119 - \u017durnalas Lietuv\u0117","type":"rich","width":600,"height":338,"html":"<blockquote class=\"wp-embedded-content\" data-secret=\"MQHhm7cE2E\"><a href=\"https:\/\/lietuve.lt\/choras-ave-vita-kviecia-i-80-ojo-jubiliejaus-svente\/\">Choras \u201eAve vita\u201c kvie\u010dia \u012f 80-ojo jubiliejaus \u0161vent\u0119<\/a><\/blockquote><iframe sandbox=\"allow-scripts\" security=\"restricted\" src=\"https:\/\/lietuve.lt\/choras-ave-vita-kviecia-i-80-ojo-jubiliejaus-svente\/embed\/#?secret=MQHhm7cE2E\" width=\"600\" height=\"338\" title=\"&#8220;Choras \u201eAve vita\u201c kvie\u010dia \u012f 80-ojo jubiliejaus \u0161vent\u0119&#8221; &#8212; \u017durnalas Lietuv\u0117\" data-secret=\"MQHhm7cE2E\" frameborder=\"0\" marginwidth=\"0\" marginheight=\"0\" scrolling=\"no\" class=\"wp-embedded-content\"><\/iframe><script type=\"text\/javascript\">\n\/* <![CDATA[ *\/\n\/*! This file is auto-generated *\/\n!function(d,l){\"use strict\";l.querySelector&&d.addEventListener&&\"undefined\"!=typeof URL&&(d.wp=d.wp||{},d.wp.receiveEmbedMessage||(d.wp.receiveEmbedMessage=function(e){var t=e.data;if((t||t.secret||t.message||t.value)&&!\/[^a-zA-Z0-9]\/.test(t.secret)){for(var s,r,n,a=l.querySelectorAll('iframe[data-secret=\"'+t.secret+'\"]'),o=l.querySelectorAll('blockquote[data-secret=\"'+t.secret+'\"]'),c=new RegExp(\"^https?:$\",\"i\"),i=0;i<o.length;i++)o[i].style.display=\"none\";for(i=0;i<a.length;i++)s=a[i],e.source===s.contentWindow&&(s.removeAttribute(\"style\"),\"height\"===t.message?(1e3<(r=parseInt(t.value,10))?r=1e3:~~r<200&&(r=200),s.height=r):\"link\"===t.message&&(r=new URL(s.getAttribute(\"src\")),n=new URL(t.value),c.test(n.protocol))&&n.host===r.host&&l.activeElement===s&&(d.top.location.href=t.value))}},d.addEventListener(\"message\",d.wp.receiveEmbedMessage,!1),l.addEventListener(\"DOMContentLoaded\",function(){for(var e,t,s=l.querySelectorAll(\"iframe.wp-embedded-content\"),r=0;r<s.length;r++)(t=(e=s[r]).getAttribute(\"data-secret\"))||(t=Math.random().toString(36).substring(2,12),e.src+=\"#?secret=\"+t,e.setAttribute(\"data-secret\",t)),e.contentWindow.postMessage({message:\"ready\",secret:t},\"*\")},!1)))}(window,document);\n\/\/# sourceURL=https:\/\/lietuve.lt\/wp-includes\/js\/wp-embed.min.js\n\/* ]]> *\/\n<\/script>\n","description":"Lietuvos edukologijos universiteto (LEU) mi\u0161rus choras \u201eAve vita\u201c \u0161v\u0119s garbing\u0105 80-\u0105j\u012f jubiliej\u0173. \u0160i\u0105 svarbi\u0105 sukakt\u012f jis min\u0117s \u0161. m. gegu\u017e\u0117s 16 d. 16 val. Lietuvos edukologijos universitete. Jubiliejaus proga choras pristatys ir nauj\u0105j\u012f savo album\u0105 \u201eLabas rytas\u201c. Simboli\u0161ka, ta\u010diau ne veltui \u0161is pasisveikinimas lydi choristus ir vadovus bet kokiu paros metu. \u201eAve vita\u201c kolektyvo draugus,"}