{"version":"1.0","provider_name":"\u017durnalas Lietuv\u0117","provider_url":"https:\/\/lietuve.lt","title":"Choras \u201eDagil\u0117lis\u201c jau 25 metus garsina Lietuv\u0105 pasaulyje - \u017durnalas Lietuv\u0117","type":"rich","width":600,"height":338,"html":"<blockquote class=\"wp-embedded-content\" data-secret=\"PPueMqzQUx\"><a href=\"https:\/\/lietuve.lt\/choras-dagilelis-jau-25-metus-garsina-lietuva-pasaulyje\/\">Choras \u201eDagil\u0117lis\u201c jau 25 metus garsina Lietuv\u0105 pasaulyje<\/a><\/blockquote><iframe sandbox=\"allow-scripts\" security=\"restricted\" src=\"https:\/\/lietuve.lt\/choras-dagilelis-jau-25-metus-garsina-lietuva-pasaulyje\/embed\/#?secret=PPueMqzQUx\" width=\"600\" height=\"338\" title=\"&#8220;Choras \u201eDagil\u0117lis\u201c jau 25 metus garsina Lietuv\u0105 pasaulyje&#8221; &#8212; \u017durnalas Lietuv\u0117\" data-secret=\"PPueMqzQUx\" frameborder=\"0\" marginwidth=\"0\" marginheight=\"0\" scrolling=\"no\" class=\"wp-embedded-content\"><\/iframe><script>\n\/*! This file is auto-generated *\/\n!function(d,l){\"use strict\";l.querySelector&&d.addEventListener&&\"undefined\"!=typeof URL&&(d.wp=d.wp||{},d.wp.receiveEmbedMessage||(d.wp.receiveEmbedMessage=function(e){var t=e.data;if((t||t.secret||t.message||t.value)&&!\/[^a-zA-Z0-9]\/.test(t.secret)){for(var s,r,n,a=l.querySelectorAll('iframe[data-secret=\"'+t.secret+'\"]'),o=l.querySelectorAll('blockquote[data-secret=\"'+t.secret+'\"]'),c=new RegExp(\"^https?:$\",\"i\"),i=0;i<o.length;i++)o[i].style.display=\"none\";for(i=0;i<a.length;i++)s=a[i],e.source===s.contentWindow&&(s.removeAttribute(\"style\"),\"height\"===t.message?(1e3<(r=parseInt(t.value,10))?r=1e3:~~r<200&&(r=200),s.height=r):\"link\"===t.message&&(r=new URL(s.getAttribute(\"src\")),n=new URL(t.value),c.test(n.protocol))&&n.host===r.host&&l.activeElement===s&&(d.top.location.href=t.value))}},d.addEventListener(\"message\",d.wp.receiveEmbedMessage,!1),l.addEventListener(\"DOMContentLoaded\",function(){for(var e,t,s=l.querySelectorAll(\"iframe.wp-embedded-content\"),r=0;r<s.length;r++)(t=(e=s[r]).getAttribute(\"data-secret\"))||(t=Math.random().toString(36).substring(2,12),e.src+=\"#?secret=\"+t,e.setAttribute(\"data-secret\",t)),e.contentWindow.postMessage({message:\"ready\",secret:t},\"*\")},!1)))}(window,document);\n\/\/# sourceURL=https:\/\/lietuve.lt\/wp-includes\/js\/wp-embed.min.js\n<\/script>\n","description":"\u0160v. Kotrynos ba\u017eny\u010dioje spalio 9 d. i\u0161kilming\u0105 25-ojo jubiliejaus sukakt\u012f min\u0117s pasaulin\u012f pripa\u017einim\u0105 peln\u0119s \u0160iauli\u0173 berniuk\u0173 ir jaunuoli\u0173 choras \u201eDagil\u0117lis\u201c, vadovaujamas Remigijaus Adomai\u010dio. Kartu su \u0160v. Kristoforo kameriniu orkestru kolektyvas paruo\u0161\u0117 reto gro\u017eio \u0161ventin\u0119 program\u0105 \u201eM\u016bs\u0173 dienos \u2013 kaip \u0161vent\u0117\u201c, sudaryt\u0105 i\u0161 m\u0117gstamiausi\u0173 k\u016brini\u0173, daug kart\u0173 lyd\u0117jusi\u0173 \u012f \u0161lov\u0117s olimp\u0105. Jubiliej\u0173 minint\u012f kolektyv\u0105 kinai tituluoja"}