{"version":"1.0","provider_name":"\u017durnalas Lietuv\u0117","provider_url":"https:\/\/lietuve.lt","title":"\u010cikagoje \u2013 paroda \u201eAtkakli viltis\u201c Lietuvos laisv\u0117s kovoms atminti  - \u017durnalas Lietuv\u0117","type":"rich","width":600,"height":338,"html":"<blockquote class=\"wp-embedded-content\" data-secret=\"HhNooZINak\"><a href=\"https:\/\/lietuve.lt\/cikagoje-paroda-atkakli-viltis-lietuvos-laisves-kovoms-atminti\/\">\u010cikagoje \u2013 paroda \u201eAtkakli viltis\u201c Lietuvos laisv\u0117s kovoms atminti<\/a><\/blockquote><iframe sandbox=\"allow-scripts\" security=\"restricted\" src=\"https:\/\/lietuve.lt\/cikagoje-paroda-atkakli-viltis-lietuvos-laisves-kovoms-atminti\/embed\/#?secret=HhNooZINak\" width=\"600\" height=\"338\" title=\"&#8220;\u010cikagoje \u2013 paroda \u201eAtkakli viltis\u201c Lietuvos laisv\u0117s kovoms atminti&#8221; &#8212; \u017durnalas Lietuv\u0117\" data-secret=\"HhNooZINak\" frameborder=\"0\" marginwidth=\"0\" marginheight=\"0\" scrolling=\"no\" class=\"wp-embedded-content\"><\/iframe><script type=\"text\/javascript\">\n\/* <![CDATA[ *\/\n\/*! This file is auto-generated *\/\n!function(d,l){\"use strict\";l.querySelector&&d.addEventListener&&\"undefined\"!=typeof URL&&(d.wp=d.wp||{},d.wp.receiveEmbedMessage||(d.wp.receiveEmbedMessage=function(e){var t=e.data;if((t||t.secret||t.message||t.value)&&!\/[^a-zA-Z0-9]\/.test(t.secret)){for(var s,r,n,a=l.querySelectorAll('iframe[data-secret=\"'+t.secret+'\"]'),o=l.querySelectorAll('blockquote[data-secret=\"'+t.secret+'\"]'),c=new RegExp(\"^https?:$\",\"i\"),i=0;i<o.length;i++)o[i].style.display=\"none\";for(i=0;i<a.length;i++)s=a[i],e.source===s.contentWindow&&(s.removeAttribute(\"style\"),\"height\"===t.message?(1e3<(r=parseInt(t.value,10))?r=1e3:~~r<200&&(r=200),s.height=r):\"link\"===t.message&&(r=new URL(s.getAttribute(\"src\")),n=new URL(t.value),c.test(n.protocol))&&n.host===r.host&&l.activeElement===s&&(d.top.location.href=t.value))}},d.addEventListener(\"message\",d.wp.receiveEmbedMessage,!1),l.addEventListener(\"DOMContentLoaded\",function(){for(var e,t,s=l.querySelectorAll(\"iframe.wp-embedded-content\"),r=0;r<s.length;r++)(t=(e=s[r]).getAttribute(\"data-secret\"))||(t=Math.random().toString(36).substring(2,12),e.src+=\"#?secret=\"+t,e.setAttribute(\"data-secret\",t)),e.contentWindow.postMessage({message:\"ready\",secret:t},\"*\")},!1)))}(window,document);\n\/\/# sourceURL=https:\/\/lietuve.lt\/wp-includes\/js\/wp-embed.min.js\n\/* ]]> *\/\n<\/script>\n","thumbnail_url":"https:\/\/lietuve.lt\/wp-content\/uploads\/2016\/01\/72354_858c9ab1a0917db4fa17c8142c04b691.jpg","thumbnail_width":749,"thumbnail_height":540,"description":"Minint 25-\u0105sias Sausio 13-osios \u012fvyki\u0173 metines generaliniame konsulate \u010cikagoje atidaryta fotografo Jono Kuprio nuotrauk\u0173 paroda, skirta Lietuvos laisv\u0117s kovoms atminti. Ji vyks sausio 11\u201314 dienomis. Sausio 21 d. paroda bus pristatyta ir Lietuvos generaliniame konsulate Niujorke. Fotomenininkas Jonas Kuprys fotografuoja lietuvi\u0173 i\u0161eivijos gyvenim\u0105 \u2013 renginius ir \u017emones \u2013 jau nuo 1972 met\u0173. Per daugiau kaip"}