{"version":"1.0","provider_name":"\u017durnalas Lietuv\u0117","provider_url":"https:\/\/lietuve.lt","title":"D. Grybauskait\u0117: \u201eKovoje su klimato kaita Lietuva \u2013 tarp lyderi\u0173\u201c - \u017durnalas Lietuv\u0117","type":"rich","width":600,"height":338,"html":"<blockquote class=\"wp-embedded-content\" data-secret=\"4TkszwHJOV\"><a href=\"https:\/\/lietuve.lt\/d-grybauskaite-kovoje-su-klimato-kaita-lietuva-tarp-lyderiu\/\">D. Grybauskait\u0117: \u201eKovoje su klimato kaita Lietuva \u2013 tarp lyderi\u0173\u201c<\/a><\/blockquote><iframe sandbox=\"allow-scripts\" security=\"restricted\" src=\"https:\/\/lietuve.lt\/d-grybauskaite-kovoje-su-klimato-kaita-lietuva-tarp-lyderiu\/embed\/#?secret=4TkszwHJOV\" width=\"600\" height=\"338\" title=\"&#8220;D. Grybauskait\u0117: \u201eKovoje su klimato kaita Lietuva \u2013 tarp lyderi\u0173\u201c&#8221; &#8212; \u017durnalas Lietuv\u0117\" data-secret=\"4TkszwHJOV\" frameborder=\"0\" marginwidth=\"0\" marginheight=\"0\" scrolling=\"no\" class=\"wp-embedded-content\"><\/iframe><script type=\"text\/javascript\">\n\/* <![CDATA[ *\/\n\/*! This file is auto-generated *\/\n!function(d,l){\"use strict\";l.querySelector&&d.addEventListener&&\"undefined\"!=typeof URL&&(d.wp=d.wp||{},d.wp.receiveEmbedMessage||(d.wp.receiveEmbedMessage=function(e){var t=e.data;if((t||t.secret||t.message||t.value)&&!\/[^a-zA-Z0-9]\/.test(t.secret)){for(var s,r,n,a=l.querySelectorAll('iframe[data-secret=\"'+t.secret+'\"]'),o=l.querySelectorAll('blockquote[data-secret=\"'+t.secret+'\"]'),c=new RegExp(\"^https?:$\",\"i\"),i=0;i<o.length;i++)o[i].style.display=\"none\";for(i=0;i<a.length;i++)s=a[i],e.source===s.contentWindow&&(s.removeAttribute(\"style\"),\"height\"===t.message?(1e3<(r=parseInt(t.value,10))?r=1e3:~~r<200&&(r=200),s.height=r):\"link\"===t.message&&(r=new URL(s.getAttribute(\"src\")),n=new URL(t.value),c.test(n.protocol))&&n.host===r.host&&l.activeElement===s&&(d.top.location.href=t.value))}},d.addEventListener(\"message\",d.wp.receiveEmbedMessage,!1),l.addEventListener(\"DOMContentLoaded\",function(){for(var e,t,s=l.querySelectorAll(\"iframe.wp-embedded-content\"),r=0;r<s.length;r++)(t=(e=s[r]).getAttribute(\"data-secret\"))||(t=Math.random().toString(36).substring(2,12),e.src+=\"#?secret=\"+t,e.setAttribute(\"data-secret\",t)),e.contentWindow.postMessage({message:\"ready\",secret:t},\"*\")},!1)))}(window,document);\n\/\/# sourceURL=https:\/\/lietuve.lt\/wp-includes\/js\/wp-embed.min.js\n\/* ]]> *\/\n<\/script>\n","description":"Lietuvos Prezident\u0117 Dalia Grybauskait\u0117 dalyvavo Klimato kaitos \u201eCOP21\u201c konferencijoje ir sak\u0117 kalb\u0105 pasaulio lyderi\u0173 sesijoje. Pary\u017eiuje surengtos konferencijos tikslas \u2013 pasiekti pasaulin\u012f susitarim\u0105, kaip toliau ma\u017einti klimato kait\u0105 po 2020 m., pasibaigus Kioto protokole numatytiems valstybi\u0173 \u012fsipareigojimams. \u0160alies vadov\u0117 pabr\u0117\u017e\u0117, kad jei laiku nebus imtasi veiksming\u0173 ir globali\u0173 priemoni\u0173 klimato kaitai pa\u017eaboti, padariniai gali b\u016bti"}