{"version":"1.0","provider_name":"\u017durnalas Lietuv\u0117","provider_url":"https:\/\/lietuve.lt","title":"D. Grybauskaitei \u012fteiktas auk\u0161\u010diausias Moldovos valstybinis apdovanojimas - \u017durnalas Lietuv\u0117","type":"rich","width":600,"height":338,"html":"<blockquote class=\"wp-embedded-content\" data-secret=\"dQ5BoV8CNp\"><a href=\"https:\/\/lietuve.lt\/d-grybauskaitei-iteiktas-auksciausias-moldovos-valstybinis-apdovanojimas\/\">D. Grybauskaitei \u012fteiktas auk\u0161\u010diausias Moldovos valstybinis apdovanojimas<\/a><\/blockquote><iframe sandbox=\"allow-scripts\" security=\"restricted\" src=\"https:\/\/lietuve.lt\/d-grybauskaitei-iteiktas-auksciausias-moldovos-valstybinis-apdovanojimas\/embed\/#?secret=dQ5BoV8CNp\" width=\"600\" height=\"338\" title=\"&#8220;D. Grybauskaitei \u012fteiktas auk\u0161\u010diausias Moldovos valstybinis apdovanojimas&#8221; &#8212; \u017durnalas Lietuv\u0117\" data-secret=\"dQ5BoV8CNp\" frameborder=\"0\" marginwidth=\"0\" marginheight=\"0\" scrolling=\"no\" class=\"wp-embedded-content\"><\/iframe><script type=\"text\/javascript\">\n\/* <![CDATA[ *\/\n\/*! This file is auto-generated *\/\n!function(d,l){\"use strict\";l.querySelector&&d.addEventListener&&\"undefined\"!=typeof URL&&(d.wp=d.wp||{},d.wp.receiveEmbedMessage||(d.wp.receiveEmbedMessage=function(e){var t=e.data;if((t||t.secret||t.message||t.value)&&!\/[^a-zA-Z0-9]\/.test(t.secret)){for(var s,r,n,a=l.querySelectorAll('iframe[data-secret=\"'+t.secret+'\"]'),o=l.querySelectorAll('blockquote[data-secret=\"'+t.secret+'\"]'),c=new RegExp(\"^https?:$\",\"i\"),i=0;i<o.length;i++)o[i].style.display=\"none\";for(i=0;i<a.length;i++)s=a[i],e.source===s.contentWindow&&(s.removeAttribute(\"style\"),\"height\"===t.message?(1e3<(r=parseInt(t.value,10))?r=1e3:~~r<200&&(r=200),s.height=r):\"link\"===t.message&&(r=new URL(s.getAttribute(\"src\")),n=new URL(t.value),c.test(n.protocol))&&n.host===r.host&&l.activeElement===s&&(d.top.location.href=t.value))}},d.addEventListener(\"message\",d.wp.receiveEmbedMessage,!1),l.addEventListener(\"DOMContentLoaded\",function(){for(var e,t,s=l.querySelectorAll(\"iframe.wp-embedded-content\"),r=0;r<s.length;r++)(t=(e=s[r]).getAttribute(\"data-secret\"))||(t=Math.random().toString(36).substring(2,12),e.src+=\"#?secret=\"+t,e.setAttribute(\"data-secret\",t)),e.contentWindow.postMessage({message:\"ready\",secret:t},\"*\")},!1)))}(window,document);\n\/\/# sourceURL=https:\/\/lietuve.lt\/wp-includes\/js\/wp-embed.min.js\n\/* ]]> *\/\n<\/script>\n","description":"Tre\u010diadien\u012f, baland\u017eio 22 d., Lietuvos Respublikos Prezidentei Daliai Grybauskaitei u\u017e asmenin\u012f ind\u0117l\u012f stiprinant dvi\u0161alius Lietuvos ir Moldovos santykius bei nuolatin\u0119 param\u0105 Moldovos integracijai \u012f Europos S\u0105jung\u0105 \u012fteiktas auk\u0161\u010diausias Moldovos valstybinis apdovanojimas \u2013 Moldovos Respublikos ordinas. Apdovanojim\u0105 Lietuvos vadovei \u012fteik\u0117 \u0161ios \u0161alies Prezidentas Nicolae Timofti. \u201e\u0160is apdovanojimas \u2013 Lietuvos pastang\u0173 \u012fvertinimas. M\u016bs\u0173 \u0161alis visada r\u0117m\u0117 Moldovos"}