{"version":"1.0","provider_name":"\u017durnalas Lietuv\u0117","provider_url":"https:\/\/lietuve.lt","title":"Dail\u0117s darb\u0173 paroda, skirta sveik\u0173j\u0173 ir ligoni\u0173 atskir\u010diai ma\u017einti - \u017durnalas Lietuv\u0117","type":"rich","width":600,"height":338,"html":"<blockquote class=\"wp-embedded-content\" data-secret=\"NcIDOzq04V\"><a href=\"https:\/\/lietuve.lt\/dailes-darbu-paroda-skirta-sveikuju-ir-ligoniu-atskirciai-mazinti\/\">Dail\u0117s darb\u0173 paroda, skirta sveik\u0173j\u0173 ir ligoni\u0173 atskir\u010diai ma\u017einti<\/a><\/blockquote><iframe sandbox=\"allow-scripts\" security=\"restricted\" src=\"https:\/\/lietuve.lt\/dailes-darbu-paroda-skirta-sveikuju-ir-ligoniu-atskirciai-mazinti\/embed\/#?secret=NcIDOzq04V\" width=\"600\" height=\"338\" title=\"&#8220;Dail\u0117s darb\u0173 paroda, skirta sveik\u0173j\u0173 ir ligoni\u0173 atskir\u010diai ma\u017einti&#8221; &#8212; \u017durnalas Lietuv\u0117\" data-secret=\"NcIDOzq04V\" frameborder=\"0\" marginwidth=\"0\" marginheight=\"0\" scrolling=\"no\" class=\"wp-embedded-content\"><\/iframe><script type=\"text\/javascript\">\n\/* <![CDATA[ *\/\n\/*! This file is auto-generated *\/\n!function(d,l){\"use strict\";l.querySelector&&d.addEventListener&&\"undefined\"!=typeof URL&&(d.wp=d.wp||{},d.wp.receiveEmbedMessage||(d.wp.receiveEmbedMessage=function(e){var t=e.data;if((t||t.secret||t.message||t.value)&&!\/[^a-zA-Z0-9]\/.test(t.secret)){for(var s,r,n,a=l.querySelectorAll('iframe[data-secret=\"'+t.secret+'\"]'),o=l.querySelectorAll('blockquote[data-secret=\"'+t.secret+'\"]'),c=new RegExp(\"^https?:$\",\"i\"),i=0;i<o.length;i++)o[i].style.display=\"none\";for(i=0;i<a.length;i++)s=a[i],e.source===s.contentWindow&&(s.removeAttribute(\"style\"),\"height\"===t.message?(1e3<(r=parseInt(t.value,10))?r=1e3:~~r<200&&(r=200),s.height=r):\"link\"===t.message&&(r=new URL(s.getAttribute(\"src\")),n=new URL(t.value),c.test(n.protocol))&&n.host===r.host&&l.activeElement===s&&(d.top.location.href=t.value))}},d.addEventListener(\"message\",d.wp.receiveEmbedMessage,!1),l.addEventListener(\"DOMContentLoaded\",function(){for(var e,t,s=l.querySelectorAll(\"iframe.wp-embedded-content\"),r=0;r<s.length;r++)(t=(e=s[r]).getAttribute(\"data-secret\"))||(t=Math.random().toString(36).substring(2,12),e.src+=\"#?secret=\"+t,e.setAttribute(\"data-secret\",t)),e.contentWindow.postMessage({message:\"ready\",secret:t},\"*\")},!1)))}(window,document);\n\/\/# sourceURL=https:\/\/lietuve.lt\/wp-includes\/js\/wp-embed.min.js\n\/* ]]> *\/\n<\/script>\n","description":"Galerijoje PSI (Respublikin\u0117je Vilniaus psichiatrijos ligonin\u0117je, Parko g. 15) atidaryta vaik\u0173 ir jaunimo dail\u0117s darb\u0173 paroda \u201eKad pasaulis b\u016bt\u0173 \u0161viesesnis\u201c. \u0160imtas autori\u0173 \u2013 vaikai, jaunuoliai, suaugusieji, ne\u012fgalieji \u2013 parodoje eksponuoja per 300 \u012fvairiomis technikomis atlikt\u0173 darb\u0173: portret\u0173, akvarel\u0117s darb\u0173, abstraktaus meno kompozicij\u0173, iliustracij\u0173, komiks\u0173, fotografij\u0173. Menininkus reng\u0117 ir darbus atrinko Lietuvos vaik\u0173 ir jaunimo centro","thumbnail_url":"http:\/\/lietuve.lt\/wp-content\/uploads\/2014\/03\/i6o7ti4912-210x300.jpg"}