{"version":"1.0","provider_name":"\u017durnalas Lietuv\u0117","provider_url":"https:\/\/lietuve.lt","title":"Daininink\u0117 Viktorija Mauru\u010dait\u0117 savaitei apsigyveno moter\u0173 krizi\u0173 centre - \u017durnalas Lietuv\u0117","type":"rich","width":600,"height":338,"html":"<blockquote class=\"wp-embedded-content\" data-secret=\"WBmo4achqa\"><a href=\"https:\/\/lietuve.lt\/dainininke-viktorija-maurucaite-apsigyveno-moteru-kriziu-centre\/\">Daininink\u0117 Viktorija Mauru\u010dait\u0117 savaitei apsigyveno moter\u0173 krizi\u0173 centre<\/a><\/blockquote><iframe sandbox=\"allow-scripts\" security=\"restricted\" src=\"https:\/\/lietuve.lt\/dainininke-viktorija-maurucaite-apsigyveno-moteru-kriziu-centre\/embed\/#?secret=WBmo4achqa\" width=\"600\" height=\"338\" title=\"&#8220;Daininink\u0117 Viktorija Mauru\u010dait\u0117 savaitei apsigyveno moter\u0173 krizi\u0173 centre&#8221; &#8212; \u017durnalas Lietuv\u0117\" data-secret=\"WBmo4achqa\" frameborder=\"0\" marginwidth=\"0\" marginheight=\"0\" scrolling=\"no\" class=\"wp-embedded-content\"><\/iframe><script type=\"text\/javascript\">\n\/* <![CDATA[ *\/\n\/*! This file is auto-generated *\/\n!function(d,l){\"use strict\";l.querySelector&&d.addEventListener&&\"undefined\"!=typeof URL&&(d.wp=d.wp||{},d.wp.receiveEmbedMessage||(d.wp.receiveEmbedMessage=function(e){var t=e.data;if((t||t.secret||t.message||t.value)&&!\/[^a-zA-Z0-9]\/.test(t.secret)){for(var s,r,n,a=l.querySelectorAll('iframe[data-secret=\"'+t.secret+'\"]'),o=l.querySelectorAll('blockquote[data-secret=\"'+t.secret+'\"]'),c=new RegExp(\"^https?:$\",\"i\"),i=0;i<o.length;i++)o[i].style.display=\"none\";for(i=0;i<a.length;i++)s=a[i],e.source===s.contentWindow&&(s.removeAttribute(\"style\"),\"height\"===t.message?(1e3<(r=parseInt(t.value,10))?r=1e3:~~r<200&&(r=200),s.height=r):\"link\"===t.message&&(r=new URL(s.getAttribute(\"src\")),n=new URL(t.value),c.test(n.protocol))&&n.host===r.host&&l.activeElement===s&&(d.top.location.href=t.value))}},d.addEventListener(\"message\",d.wp.receiveEmbedMessage,!1),l.addEventListener(\"DOMContentLoaded\",function(){for(var e,t,s=l.querySelectorAll(\"iframe.wp-embedded-content\"),r=0;r<s.length;r++)(t=(e=s[r]).getAttribute(\"data-secret\"))||(t=Math.random().toString(36).substring(2,12),e.src+=\"#?secret=\"+t,e.setAttribute(\"data-secret\",t)),e.contentWindow.postMessage({message:\"ready\",secret:t},\"*\")},!1)))}(window,document);\n\/\/# sourceURL=https:\/\/lietuve.lt\/wp-includes\/js\/wp-embed.min.js\n\/* ]]> *\/\n<\/script>\n","description":"Ma\u017eas kambar\u0117lis, bendra virtuv\u0117 ir grie\u017eta tvarka, kurios reikia laikytis. Vis d\u0117lto daugybei moter\u0173 ir j\u0173 vaikams gyvenimas tokiomis s\u0105lygomis yra nepalyginamai jaukesnis ir saugesnis nei savo namuose. Buvusi legendin\u0117s grup\u0117s \u201eDinamika\u201c vokalist\u0117, dalyvaudama BTV laidoje \u201eI\u0161gyvenk, jei gali\u201c, savaitei apsikeit\u0117 vietomis su savo bendravarde Viktorija, penki\u0173 vaik\u0173 mama, b\u0117gusia nuo smurtaujan\u010dio vyro, ir praskleid\u0117"}