{"version":"1.0","provider_name":"\u017durnalas Lietuv\u0117","provider_url":"https:\/\/lietuve.lt","title":"Darbdaviams \u2013 finansin\u0117s paskatos \u012fdarbinti jaunim\u0105 ir vyresnio am\u017eiaus \u017emones  - \u017durnalas Lietuv\u0117","type":"rich","width":600,"height":338,"html":"<blockquote class=\"wp-embedded-content\" data-secret=\"v1M5yDEgab\"><a href=\"https:\/\/lietuve.lt\/darbdaviams-finansines-paskatos-idarbinti-jaunima-ir-vyresnio-amziaus-zmones\/\">Darbdaviams \u2013 finansin\u0117s paskatos \u012fdarbinti jaunim\u0105 ir vyresnio am\u017eiaus \u017emones<\/a><\/blockquote><iframe sandbox=\"allow-scripts\" security=\"restricted\" src=\"https:\/\/lietuve.lt\/darbdaviams-finansines-paskatos-idarbinti-jaunima-ir-vyresnio-amziaus-zmones\/embed\/#?secret=v1M5yDEgab\" width=\"600\" height=\"338\" title=\"&#8220;Darbdaviams \u2013 finansin\u0117s paskatos \u012fdarbinti jaunim\u0105 ir vyresnio am\u017eiaus \u017emones&#8221; &#8212; \u017durnalas Lietuv\u0117\" data-secret=\"v1M5yDEgab\" frameborder=\"0\" marginwidth=\"0\" marginheight=\"0\" scrolling=\"no\" class=\"wp-embedded-content\"><\/iframe><script type=\"text\/javascript\">\n\/* <![CDATA[ *\/\n\/*! This file is auto-generated *\/\n!function(d,l){\"use strict\";l.querySelector&&d.addEventListener&&\"undefined\"!=typeof URL&&(d.wp=d.wp||{},d.wp.receiveEmbedMessage||(d.wp.receiveEmbedMessage=function(e){var t=e.data;if((t||t.secret||t.message||t.value)&&!\/[^a-zA-Z0-9]\/.test(t.secret)){for(var s,r,n,a=l.querySelectorAll('iframe[data-secret=\"'+t.secret+'\"]'),o=l.querySelectorAll('blockquote[data-secret=\"'+t.secret+'\"]'),c=new RegExp(\"^https?:$\",\"i\"),i=0;i<o.length;i++)o[i].style.display=\"none\";for(i=0;i<a.length;i++)s=a[i],e.source===s.contentWindow&&(s.removeAttribute(\"style\"),\"height\"===t.message?(1e3<(r=parseInt(t.value,10))?r=1e3:~~r<200&&(r=200),s.height=r):\"link\"===t.message&&(r=new URL(s.getAttribute(\"src\")),n=new URL(t.value),c.test(n.protocol))&&n.host===r.host&&l.activeElement===s&&(d.top.location.href=t.value))}},d.addEventListener(\"message\",d.wp.receiveEmbedMessage,!1),l.addEventListener(\"DOMContentLoaded\",function(){for(var e,t,s=l.querySelectorAll(\"iframe.wp-embedded-content\"),r=0;r<s.length;r++)(t=(e=s[r]).getAttribute(\"data-secret\"))||(t=Math.random().toString(36).substring(2,12),e.src+=\"#?secret=\"+t,e.setAttribute(\"data-secret\",t)),e.contentWindow.postMessage({message:\"ready\",secret:t},\"*\")},!1)))}(window,document);\n\/\/# sourceURL=https:\/\/lietuve.lt\/wp-includes\/js\/wp-embed.min.js\n\/* ]]> *\/\n<\/script>\n","thumbnail_url":"https:\/\/lietuve.lt\/wp-content\/uploads\/2016\/11\/14.jpg","thumbnail_width":450,"thumbnail_height":304,"description":"Siekiant sudaryti palankesnes s\u0105lygas su sunkumais darbo rinkoje susidurian\u010di\u0173 asmen\u0173 u\u017eimtumui ir skatinti darbdavius kurti daugiau darbo viet\u0173, pradedama \u012fgyvendinti nauja Europos socialinio fondo l\u0117\u0161omis finansuojama priemon\u0117 \u201eParama darbui\u201c. Darbdaviai, kurie planuoja \u012fdarbinti jaunim\u0105 iki 29 m. arba vyresnius nei 54 m. asmenis, jau gali kreiptis d\u0117l darbo u\u017emokes\u010dio i\u0161laid\u0173 dalies kompensavimo. Tam Socialin\u0117s apsaugos"}