{"version":"1.0","provider_name":"\u017durnalas Lietuv\u0117","provider_url":"https:\/\/lietuve.lt","title":"Daugiau nei 30 fotograf\u0173 var\u017e\u0117si d\u0117l geriausiojo vardo - \u017durnalas Lietuv\u0117","type":"rich","width":600,"height":338,"html":"<blockquote class=\"wp-embedded-content\" data-secret=\"XGkqNtQleI\"><a href=\"https:\/\/lietuve.lt\/daugiau-nei-30-fotografu-varzesi-del-geriausiojo-vardo\/\">Daugiau nei 30 fotograf\u0173 var\u017e\u0117si d\u0117l geriausiojo vardo<\/a><\/blockquote><iframe sandbox=\"allow-scripts\" security=\"restricted\" src=\"https:\/\/lietuve.lt\/daugiau-nei-30-fotografu-varzesi-del-geriausiojo-vardo\/embed\/#?secret=XGkqNtQleI\" width=\"600\" height=\"338\" title=\"&#8220;Daugiau nei 30 fotograf\u0173 var\u017e\u0117si d\u0117l geriausiojo vardo&#8221; &#8212; \u017durnalas Lietuv\u0117\" data-secret=\"XGkqNtQleI\" frameborder=\"0\" marginwidth=\"0\" marginheight=\"0\" scrolling=\"no\" class=\"wp-embedded-content\"><\/iframe><script type=\"text\/javascript\">\n\/* <![CDATA[ *\/\n\/*! This file is auto-generated *\/\n!function(d,l){\"use strict\";l.querySelector&&d.addEventListener&&\"undefined\"!=typeof URL&&(d.wp=d.wp||{},d.wp.receiveEmbedMessage||(d.wp.receiveEmbedMessage=function(e){var t=e.data;if((t||t.secret||t.message||t.value)&&!\/[^a-zA-Z0-9]\/.test(t.secret)){for(var s,r,n,a=l.querySelectorAll('iframe[data-secret=\"'+t.secret+'\"]'),o=l.querySelectorAll('blockquote[data-secret=\"'+t.secret+'\"]'),c=new RegExp(\"^https?:$\",\"i\"),i=0;i<o.length;i++)o[i].style.display=\"none\";for(i=0;i<a.length;i++)s=a[i],e.source===s.contentWindow&&(s.removeAttribute(\"style\"),\"height\"===t.message?(1e3<(r=parseInt(t.value,10))?r=1e3:~~r<200&&(r=200),s.height=r):\"link\"===t.message&&(r=new URL(s.getAttribute(\"src\")),n=new URL(t.value),c.test(n.protocol))&&n.host===r.host&&l.activeElement===s&&(d.top.location.href=t.value))}},d.addEventListener(\"message\",d.wp.receiveEmbedMessage,!1),l.addEventListener(\"DOMContentLoaded\",function(){for(var e,t,s=l.querySelectorAll(\"iframe.wp-embedded-content\"),r=0;r<s.length;r++)(t=(e=s[r]).getAttribute(\"data-secret\"))||(t=Math.random().toString(36).substring(2,12),e.src+=\"#?secret=\"+t,e.setAttribute(\"data-secret\",t)),e.contentWindow.postMessage({message:\"ready\",secret:t},\"*\")},!1)))}(window,document);\n\/\/# sourceURL=https:\/\/lietuve.lt\/wp-includes\/js\/wp-embed.min.js\n\/* ]]> *\/\n<\/script>\n","description":"Ankst\u0173 rugs\u0117jo 4 dienos ryt\u0105 BLC (Verslo lyderi\u0173 centre), Elips\u0117s sal\u0117je, vyko itin svarbus fotografijos meno renginys \u2013 darb\u0173 rinkini\u0173 per\u017ei\u016bra. Keturiolika kuratori\u0173 ir ekspert\u0173, atvykusi\u0173 \u012f Kaun\u0105 i\u0161 \u012fvairi\u0173 pasaulio \u0161ali\u0173, konsultavo fotografus ir vertino j\u0173 darbus. Renginyje dalyvavo per trisde\u0161imt fotografijos meno profesional\u0173, kurie tarpusavyje var\u017e\u0117si d\u0117l pagrindinio 1000 eur\u0173 piniginio prizo ir"}