{"version":"1.0","provider_name":"\u017durnalas Lietuv\u0117","provider_url":"https:\/\/lietuve.lt","title":"Deividas Norvilas atskleid\u0117, kas jam svarbiausia vertinant moters gro\u017e\u012f  - \u017durnalas Lietuv\u0117","type":"rich","width":600,"height":338,"html":"<blockquote class=\"wp-embedded-content\" data-secret=\"KoktTiAqSQ\"><a href=\"https:\/\/lietuve.lt\/deividas-norvilas-atskleide-kas-jam-svarbiausia-vertinant-moters-grozi\/\">Deividas Norvilas atskleid\u0117, kas jam svarbiausia vertinant moters gro\u017e\u012f<\/a><\/blockquote><iframe sandbox=\"allow-scripts\" security=\"restricted\" src=\"https:\/\/lietuve.lt\/deividas-norvilas-atskleide-kas-jam-svarbiausia-vertinant-moters-grozi\/embed\/#?secret=KoktTiAqSQ\" width=\"600\" height=\"338\" title=\"&#8220;Deividas Norvilas atskleid\u0117, kas jam svarbiausia vertinant moters gro\u017e\u012f&#8221; &#8212; \u017durnalas Lietuv\u0117\" data-secret=\"KoktTiAqSQ\" frameborder=\"0\" marginwidth=\"0\" marginheight=\"0\" scrolling=\"no\" class=\"wp-embedded-content\"><\/iframe><script type=\"text\/javascript\">\n\/* <![CDATA[ *\/\n\/*! This file is auto-generated *\/\n!function(d,l){\"use strict\";l.querySelector&&d.addEventListener&&\"undefined\"!=typeof URL&&(d.wp=d.wp||{},d.wp.receiveEmbedMessage||(d.wp.receiveEmbedMessage=function(e){var t=e.data;if((t||t.secret||t.message||t.value)&&!\/[^a-zA-Z0-9]\/.test(t.secret)){for(var s,r,n,a=l.querySelectorAll('iframe[data-secret=\"'+t.secret+'\"]'),o=l.querySelectorAll('blockquote[data-secret=\"'+t.secret+'\"]'),c=new RegExp(\"^https?:$\",\"i\"),i=0;i<o.length;i++)o[i].style.display=\"none\";for(i=0;i<a.length;i++)s=a[i],e.source===s.contentWindow&&(s.removeAttribute(\"style\"),\"height\"===t.message?(1e3<(r=parseInt(t.value,10))?r=1e3:~~r<200&&(r=200),s.height=r):\"link\"===t.message&&(r=new URL(s.getAttribute(\"src\")),n=new URL(t.value),c.test(n.protocol))&&n.host===r.host&&l.activeElement===s&&(d.top.location.href=t.value))}},d.addEventListener(\"message\",d.wp.receiveEmbedMessage,!1),l.addEventListener(\"DOMContentLoaded\",function(){for(var e,t,s=l.querySelectorAll(\"iframe.wp-embedded-content\"),r=0;r<s.length;r++)(t=(e=s[r]).getAttribute(\"data-secret\"))||(t=Math.random().toString(36).substring(2,12),e.src+=\"#?secret=\"+t,e.setAttribute(\"data-secret\",t)),e.contentWindow.postMessage({message:\"ready\",secret:t},\"*\")},!1)))}(window,document);\n\/\/# sourceURL=https:\/\/lietuve.lt\/wp-includes\/js\/wp-embed.min.js\n\/* ]]> *\/\n<\/script>\n","description":"\u201eIr kaip \u012f tok\u012f klausim\u0105 atsakyti? Tai turb\u016bt yra sud\u0117tingiausia, k\u0105 esu gird\u0117j\u0119s savo gyvenime!\u201c \u2013 su \u0161ypsena sak\u0117 dainininkas Deividas Norvilas, tap\u0119s vienu i\u0161 \u017einom\u0173 vyr\u0173, nusprendusi\u0173 prisijungti prie pirm\u0105 kart\u0105 Lietuvoje rengiamos socialin\u0117s akcijos \u201eTu \u2013 gra\u017ei moteris\u201c. Taip netik\u0117tai gars\u0173j\u012f atlik\u0117j\u0105 sutrikd\u0117 akcijos reng\u0117j\u0173 klausimas apie tai, kas, jo nuomone, yra gra\u017ei"}