{"version":"1.0","provider_name":"\u017durnalas Lietuv\u0117","provider_url":"https:\/\/lietuve.lt","title":"D\u0117l Gedimino kalno skelbiama valstyb\u0117s lygmens ekstremalioji situacija - \u017durnalas Lietuv\u0117","type":"rich","width":600,"height":338,"html":"<blockquote class=\"wp-embedded-content\" data-secret=\"88OwXFzQWn\"><a href=\"https:\/\/lietuve.lt\/del-gedimino-kalno-skelbiama-valstybes-lygmens-ekstremalioji-situacija\/\">D\u0117l Gedimino kalno skelbiama valstyb\u0117s lygmens ekstremalioji situacija<\/a><\/blockquote><iframe sandbox=\"allow-scripts\" security=\"restricted\" src=\"https:\/\/lietuve.lt\/del-gedimino-kalno-skelbiama-valstybes-lygmens-ekstremalioji-situacija\/embed\/#?secret=88OwXFzQWn\" width=\"600\" height=\"338\" title=\"&#8220;D\u0117l Gedimino kalno skelbiama valstyb\u0117s lygmens ekstremalioji situacija&#8221; &#8212; \u017durnalas Lietuv\u0117\" data-secret=\"88OwXFzQWn\" frameborder=\"0\" marginwidth=\"0\" marginheight=\"0\" scrolling=\"no\" class=\"wp-embedded-content\"><\/iframe><script type=\"text\/javascript\">\n\/* <![CDATA[ *\/\n\/*! This file is auto-generated *\/\n!function(d,l){\"use strict\";l.querySelector&&d.addEventListener&&\"undefined\"!=typeof URL&&(d.wp=d.wp||{},d.wp.receiveEmbedMessage||(d.wp.receiveEmbedMessage=function(e){var t=e.data;if((t||t.secret||t.message||t.value)&&!\/[^a-zA-Z0-9]\/.test(t.secret)){for(var s,r,n,a=l.querySelectorAll('iframe[data-secret=\"'+t.secret+'\"]'),o=l.querySelectorAll('blockquote[data-secret=\"'+t.secret+'\"]'),c=new RegExp(\"^https?:$\",\"i\"),i=0;i<o.length;i++)o[i].style.display=\"none\";for(i=0;i<a.length;i++)s=a[i],e.source===s.contentWindow&&(s.removeAttribute(\"style\"),\"height\"===t.message?(1e3<(r=parseInt(t.value,10))?r=1e3:~~r<200&&(r=200),s.height=r):\"link\"===t.message&&(r=new URL(s.getAttribute(\"src\")),n=new URL(t.value),c.test(n.protocol))&&n.host===r.host&&l.activeElement===s&&(d.top.location.href=t.value))}},d.addEventListener(\"message\",d.wp.receiveEmbedMessage,!1),l.addEventListener(\"DOMContentLoaded\",function(){for(var e,t,s=l.querySelectorAll(\"iframe.wp-embedded-content\"),r=0;r<s.length;r++)(t=(e=s[r]).getAttribute(\"data-secret\"))||(t=Math.random().toString(36).substring(2,12),e.src+=\"#?secret=\"+t,e.setAttribute(\"data-secret\",t)),e.contentWindow.postMessage({message:\"ready\",secret:t},\"*\")},!1)))}(window,document);\n\/\/# sourceURL=https:\/\/lietuve.lt\/wp-includes\/js\/wp-embed.min.js\n\/* ]]> *\/\n<\/script>\n","thumbnail_url":"https:\/\/lietuve.lt\/wp-content\/uploads\/2017\/12\/1-94.jpg","thumbnail_width":852,"thumbnail_height":536,"description":"Vyriausyb\u0117 nutar\u0117 skelbti valstyb\u0117s lygmens ekstremali\u0105j\u0105 situacij\u0105 d\u0117l Gedimino kalno nuo\u0161liau\u017e\u0173. Ekstremalioji situacija skelbiama Vilniaus piliaviet\u0117s teritorijoje. Ministras Pirmininkas Saulius Skvernelis sako, kad situacija valdoma. \u201eGedimino kalnas \u2013 m\u016bs\u0173 valstybingumo simbolis. Vyksta intensyv\u016bs jo i\u0161saugojimo darbai. Turime sutelkti vis\u0105 d\u0117mes\u012f ir pagaliau i\u0161spr\u0119sti \u0161i\u0105 problem\u0105. Tikiuosi, valstyb\u0117s lygmens ekstremalioji situacija suteiks tam sprendimui daugiau \u012franki\u0173\u201c,"}