{"version":"1.0","provider_name":"\u017durnalas Lietuv\u0117","provider_url":"https:\/\/lietuve.lt","title":"Dvylikmetis gitaristas Augustas Po\u0161kus: \u201eGitara gali skamb\u0117ti kaip orkestras\u201c - \u017durnalas Lietuv\u0117","type":"rich","width":600,"height":338,"html":"<blockquote class=\"wp-embedded-content\" data-secret=\"MBDa5rffah\"><a href=\"https:\/\/lietuve.lt\/dvylikmetis-gitaristas-augustas-poskus-gitara-gali-skambeti-kaip-orkestras\/\">Dvylikmetis gitaristas Augustas Po\u0161kus: \u201eGitara gali skamb\u0117ti kaip orkestras\u201c<\/a><\/blockquote><iframe sandbox=\"allow-scripts\" security=\"restricted\" src=\"https:\/\/lietuve.lt\/dvylikmetis-gitaristas-augustas-poskus-gitara-gali-skambeti-kaip-orkestras\/embed\/#?secret=MBDa5rffah\" width=\"600\" height=\"338\" title=\"&#8220;Dvylikmetis gitaristas Augustas Po\u0161kus: \u201eGitara gali skamb\u0117ti kaip orkestras\u201c&#8221; &#8212; \u017durnalas Lietuv\u0117\" data-secret=\"MBDa5rffah\" frameborder=\"0\" marginwidth=\"0\" marginheight=\"0\" scrolling=\"no\" class=\"wp-embedded-content\"><\/iframe><script type=\"text\/javascript\">\n\/* <![CDATA[ *\/\n\/*! This file is auto-generated *\/\n!function(d,l){\"use strict\";l.querySelector&&d.addEventListener&&\"undefined\"!=typeof URL&&(d.wp=d.wp||{},d.wp.receiveEmbedMessage||(d.wp.receiveEmbedMessage=function(e){var t=e.data;if((t||t.secret||t.message||t.value)&&!\/[^a-zA-Z0-9]\/.test(t.secret)){for(var s,r,n,a=l.querySelectorAll('iframe[data-secret=\"'+t.secret+'\"]'),o=l.querySelectorAll('blockquote[data-secret=\"'+t.secret+'\"]'),c=new RegExp(\"^https?:$\",\"i\"),i=0;i<o.length;i++)o[i].style.display=\"none\";for(i=0;i<a.length;i++)s=a[i],e.source===s.contentWindow&&(s.removeAttribute(\"style\"),\"height\"===t.message?(1e3<(r=parseInt(t.value,10))?r=1e3:~~r<200&&(r=200),s.height=r):\"link\"===t.message&&(r=new URL(s.getAttribute(\"src\")),n=new URL(t.value),c.test(n.protocol))&&n.host===r.host&&l.activeElement===s&&(d.top.location.href=t.value))}},d.addEventListener(\"message\",d.wp.receiveEmbedMessage,!1),l.addEventListener(\"DOMContentLoaded\",function(){for(var e,t,s=l.querySelectorAll(\"iframe.wp-embedded-content\"),r=0;r<s.length;r++)(t=(e=s[r]).getAttribute(\"data-secret\"))||(t=Math.random().toString(36).substring(2,12),e.src+=\"#?secret=\"+t,e.setAttribute(\"data-secret\",t)),e.contentWindow.postMessage({message:\"ready\",secret:t},\"*\")},!1)))}(window,document);\n\/\/# sourceURL=https:\/\/lietuve.lt\/wp-includes\/js\/wp-embed.min.js\n\/* ]]> *\/\n<\/script>\n","thumbnail_url":"https:\/\/lietuve.lt\/wp-content\/uploads\/2016\/04\/Augustas-Po\u0161kus1.jpg","thumbnail_width":640,"thumbnail_height":414,"description":"Lietuvoje pavasario, atrodo, dar teks gerokai palaukti. Ta\u010diau jau gegu\u017e\u0117s 18 d. 19 val. \u0160v. Kotrynos ba\u017eny\u010dioje ketina suskamb\u0117ti tikrai pavasari\u0161kas siautulys. \u010cia ir v\u0117l sugr\u012f\u017eta \u201eGitaros fiesta 2016\u201c. \u017dymiausi \u0161alies gitaristai, profesionalai ir m\u0117g\u0117jai vienoje scenoje \u0161iemet i\u0161pa\u017eins meil\u0119 gitarai. Koncerto organizatoriai \u201eArs Libera International\u201c atskleid\u017eia paslapt\u012f, jog ne tik klausytoj\u0173, bet ir pa\u010di\u0173"}