{"version":"1.0","provider_name":"\u017durnalas Lietuv\u0117","provider_url":"https:\/\/lietuve.lt","title":"Ekspedicijos po Indij\u0105 ir Andamanus akimirkos \u2013 parodoje Kra\u017eiuose  - \u017durnalas Lietuv\u0117","type":"rich","width":600,"height":338,"html":"<blockquote class=\"wp-embedded-content\" data-secret=\"N9lXxDo6gY\"><a href=\"https:\/\/lietuve.lt\/ekspedicijos-po-indija-ir-andamanus-akimirkos-parodoje-kraziuose\/\">Ekspedicijos po Indij\u0105 ir Andamanus akimirkos \u2013 parodoje Kra\u017eiuose<\/a><\/blockquote><iframe sandbox=\"allow-scripts\" security=\"restricted\" src=\"https:\/\/lietuve.lt\/ekspedicijos-po-indija-ir-andamanus-akimirkos-parodoje-kraziuose\/embed\/#?secret=N9lXxDo6gY\" width=\"600\" height=\"338\" title=\"&#8220;Ekspedicijos po Indij\u0105 ir Andamanus akimirkos \u2013 parodoje Kra\u017eiuose&#8221; &#8212; \u017durnalas Lietuv\u0117\" data-secret=\"N9lXxDo6gY\" frameborder=\"0\" marginwidth=\"0\" marginheight=\"0\" scrolling=\"no\" class=\"wp-embedded-content\"><\/iframe><script type=\"text\/javascript\">\n\/* <![CDATA[ *\/\n\/*! This file is auto-generated *\/\n!function(d,l){\"use strict\";l.querySelector&&d.addEventListener&&\"undefined\"!=typeof URL&&(d.wp=d.wp||{},d.wp.receiveEmbedMessage||(d.wp.receiveEmbedMessage=function(e){var t=e.data;if((t||t.secret||t.message||t.value)&&!\/[^a-zA-Z0-9]\/.test(t.secret)){for(var s,r,n,a=l.querySelectorAll('iframe[data-secret=\"'+t.secret+'\"]'),o=l.querySelectorAll('blockquote[data-secret=\"'+t.secret+'\"]'),c=new RegExp(\"^https?:$\",\"i\"),i=0;i<o.length;i++)o[i].style.display=\"none\";for(i=0;i<a.length;i++)s=a[i],e.source===s.contentWindow&&(s.removeAttribute(\"style\"),\"height\"===t.message?(1e3<(r=parseInt(t.value,10))?r=1e3:~~r<200&&(r=200),s.height=r):\"link\"===t.message&&(r=new URL(s.getAttribute(\"src\")),n=new URL(t.value),c.test(n.protocol))&&n.host===r.host&&l.activeElement===s&&(d.top.location.href=t.value))}},d.addEventListener(\"message\",d.wp.receiveEmbedMessage,!1),l.addEventListener(\"DOMContentLoaded\",function(){for(var e,t,s=l.querySelectorAll(\"iframe.wp-embedded-content\"),r=0;r<s.length;r++)(t=(e=s[r]).getAttribute(\"data-secret\"))||(t=Math.random().toString(36).substring(2,12),e.src+=\"#?secret=\"+t,e.setAttribute(\"data-secret\",t)),e.contentWindow.postMessage({message:\"ready\",secret:t},\"*\")},!1)))}(window,document);\n\/\/# sourceURL=https:\/\/lietuve.lt\/wp-includes\/js\/wp-embed.min.js\n\/* ]]> *\/\n<\/script>\n","description":"Nuo \u0161. m. bir\u017eelio 15 dienos Kra\u017ei\u0173 M. K. Sarbievijaus kult\u016bros centro galerijoje eksponuojama \u0161iaulie\u010dio Jono Nekra\u0161iaus fotografij\u0173 paroda \u201eEkspedicija: Indijoje ir Andamanuose\u201c. Fotografij\u0173 parodoje pristatoma 2013 m. lapkri\u010dio 10\u201328 d. vykusi lietuvi\u0173 jungtin\u0117 ekspedicija \u201eIndija\u201913. A. Po\u0161kos keliais\u201c. Ekspedicija buvo skirta garsiam lietuvi\u0173 keliautojui Antanui Po\u0161kai (1903\u20131992) atminti bei jo vardui Lietuvoje ir Indijoje"}