{"version":"1.0","provider_name":"\u017durnalas Lietuv\u0117","provider_url":"https:\/\/lietuve.lt","title":"Esminius poky\u010dius valstyb\u0117je pilie\u010diai turi prad\u0117ti nuo sav\u0119s - \u017durnalas Lietuv\u0117","type":"rich","width":600,"height":338,"html":"<blockquote class=\"wp-embedded-content\" data-secret=\"8YkCRWtinO\"><a href=\"https:\/\/lietuve.lt\/esminius-pokycius-valstybeje-pilieciai-turi-pradeti-nuo-saves\/\">Esminius poky\u010dius valstyb\u0117je pilie\u010diai turi prad\u0117ti nuo sav\u0119s<\/a><\/blockquote><iframe sandbox=\"allow-scripts\" security=\"restricted\" src=\"https:\/\/lietuve.lt\/esminius-pokycius-valstybeje-pilieciai-turi-pradeti-nuo-saves\/embed\/#?secret=8YkCRWtinO\" width=\"600\" height=\"338\" title=\"&#8220;Esminius poky\u010dius valstyb\u0117je pilie\u010diai turi prad\u0117ti nuo sav\u0119s&#8221; &#8212; \u017durnalas Lietuv\u0117\" data-secret=\"8YkCRWtinO\" frameborder=\"0\" marginwidth=\"0\" marginheight=\"0\" scrolling=\"no\" class=\"wp-embedded-content\"><\/iframe><script type=\"text\/javascript\">\n\/* <![CDATA[ *\/\n\/*! This file is auto-generated *\/\n!function(d,l){\"use strict\";l.querySelector&&d.addEventListener&&\"undefined\"!=typeof URL&&(d.wp=d.wp||{},d.wp.receiveEmbedMessage||(d.wp.receiveEmbedMessage=function(e){var t=e.data;if((t||t.secret||t.message||t.value)&&!\/[^a-zA-Z0-9]\/.test(t.secret)){for(var s,r,n,a=l.querySelectorAll('iframe[data-secret=\"'+t.secret+'\"]'),o=l.querySelectorAll('blockquote[data-secret=\"'+t.secret+'\"]'),c=new RegExp(\"^https?:$\",\"i\"),i=0;i<o.length;i++)o[i].style.display=\"none\";for(i=0;i<a.length;i++)s=a[i],e.source===s.contentWindow&&(s.removeAttribute(\"style\"),\"height\"===t.message?(1e3<(r=parseInt(t.value,10))?r=1e3:~~r<200&&(r=200),s.height=r):\"link\"===t.message&&(r=new URL(s.getAttribute(\"src\")),n=new URL(t.value),c.test(n.protocol))&&n.host===r.host&&l.activeElement===s&&(d.top.location.href=t.value))}},d.addEventListener(\"message\",d.wp.receiveEmbedMessage,!1),l.addEventListener(\"DOMContentLoaded\",function(){for(var e,t,s=l.querySelectorAll(\"iframe.wp-embedded-content\"),r=0;r<s.length;r++)(t=(e=s[r]).getAttribute(\"data-secret\"))||(t=Math.random().toString(36).substring(2,12),e.src+=\"#?secret=\"+t,e.setAttribute(\"data-secret\",t)),e.contentWindow.postMessage({message:\"ready\",secret:t},\"*\")},!1)))}(window,document);\n\/\/# sourceURL=https:\/\/lietuve.lt\/wp-includes\/js\/wp-embed.min.js\n\/* ]]> *\/\n<\/script>\n","description":"Kalbam\u0117s su Aiste Saulyte, kuri \u0161iuo metu gyvena ir studijuoja Jungtin\u0117je Karalyst\u0117je. U\u017e ma\u017eiau nei m\u0117nesio ji baigs politikos ir tarptautini\u0173 santyki\u0173 bakalauro studijas. Kadangi Lietuvoje nenumaldomai art\u0117ja prezidento rinkimai, \u012fdomu su\u017einoti, k\u0105 mergina m\u0105sto apie rinkimus, bendr\u0105 politikos vaizd\u0105 ir \u017emoni\u0173 po\u017ei\u016br\u012f \u012f j\u0105. Art\u0117ja prezidento rinkimai. Ar jau \u017einote, u\u017e k\u0105 balsuosite? Taip."}