{"version":"1.0","provider_name":"\u017durnalas Lietuv\u0117","provider_url":"https:\/\/lietuve.lt","title":"ESTIJA. Kristijono Donelai\u010dio 300-\u0173j\u0173 gimimo metini\u0173 min\u0117jimas - \u017durnalas Lietuv\u0117","type":"rich","width":600,"height":338,"html":"<blockquote class=\"wp-embedded-content\" data-secret=\"od3OVDQ7j2\"><a href=\"https:\/\/lietuve.lt\/estija-kristijono-donelaicio-300-uju-gimimo-metiniu-minejimas\/\">ESTIJA. Kristijono Donelai\u010dio 300-\u0173j\u0173 gimimo metini\u0173 min\u0117jimas<\/a><\/blockquote><iframe sandbox=\"allow-scripts\" security=\"restricted\" src=\"https:\/\/lietuve.lt\/estija-kristijono-donelaicio-300-uju-gimimo-metiniu-minejimas\/embed\/#?secret=od3OVDQ7j2\" width=\"600\" height=\"338\" title=\"&#8220;ESTIJA. Kristijono Donelai\u010dio 300-\u0173j\u0173 gimimo metini\u0173 min\u0117jimas&#8221; &#8212; \u017durnalas Lietuv\u0117\" data-secret=\"od3OVDQ7j2\" frameborder=\"0\" marginwidth=\"0\" marginheight=\"0\" scrolling=\"no\" class=\"wp-embedded-content\"><\/iframe><script type=\"text\/javascript\">\n\/* <![CDATA[ *\/\n\/*! This file is auto-generated *\/\n!function(d,l){\"use strict\";l.querySelector&&d.addEventListener&&\"undefined\"!=typeof URL&&(d.wp=d.wp||{},d.wp.receiveEmbedMessage||(d.wp.receiveEmbedMessage=function(e){var t=e.data;if((t||t.secret||t.message||t.value)&&!\/[^a-zA-Z0-9]\/.test(t.secret)){for(var s,r,n,a=l.querySelectorAll('iframe[data-secret=\"'+t.secret+'\"]'),o=l.querySelectorAll('blockquote[data-secret=\"'+t.secret+'\"]'),c=new RegExp(\"^https?:$\",\"i\"),i=0;i<o.length;i++)o[i].style.display=\"none\";for(i=0;i<a.length;i++)s=a[i],e.source===s.contentWindow&&(s.removeAttribute(\"style\"),\"height\"===t.message?(1e3<(r=parseInt(t.value,10))?r=1e3:~~r<200&&(r=200),s.height=r):\"link\"===t.message&&(r=new URL(s.getAttribute(\"src\")),n=new URL(t.value),c.test(n.protocol))&&n.host===r.host&&l.activeElement===s&&(d.top.location.href=t.value))}},d.addEventListener(\"message\",d.wp.receiveEmbedMessage,!1),l.addEventListener(\"DOMContentLoaded\",function(){for(var e,t,s=l.querySelectorAll(\"iframe.wp-embedded-content\"),r=0;r<s.length;r++)(t=(e=s[r]).getAttribute(\"data-secret\"))||(t=Math.random().toString(36).substring(2,12),e.src+=\"#?secret=\"+t,e.setAttribute(\"data-secret\",t)),e.contentWindow.postMessage({message:\"ready\",secret:t},\"*\")},!1)))}(window,document);\n\/\/# sourceURL=https:\/\/lietuve.lt\/wp-includes\/js\/wp-embed.min.js\n\/* ]]> *\/\n<\/script>\n","description":"2014-ieji paskelbti Kristijono Donelai\u010dio metais, minint lietuvi\u0173 gro\u017ein\u0117s literat\u016bros pradininko, poemos \u201eMetai\u201c autoriaus 300-\u0105sias gimimo metines. Jubiliejiniai K. Donelai\u010dio metai \u012ftraukti \u012f UNESCO ir valstybi\u0173 nari\u0173 2014 m. minim\u0173 sukak\u010di\u0173 s\u0105ra\u0161\u0105. \u0160ia proga Estijos lietuvi\u0173 bendruomen\u0117, Estijos lietuvi\u0173 jaunimo s\u0105junga, estai ir kit\u0173 tautybi\u0173 atstovai baland\u017eio 10 d. rinkosi \u012f ambasad\u0105 pamin\u0117ti \u0161ios kult\u016brin\u0117s sukakties."}