{"version":"1.0","provider_name":"\u017durnalas Lietuv\u0117","provider_url":"https:\/\/lietuve.lt","title":"Europos dien\u0105 Prezidentas susitiko su Utenoje besimokan\u010diais ukrainie\u010diais - \u017durnalas Lietuv\u0117","type":"rich","width":600,"height":338,"html":"<blockquote class=\"wp-embedded-content\" data-secret=\"MhBt5OB0Hx\"><a href=\"https:\/\/lietuve.lt\/europos-diena-prezidentas-susitiko-su-utenoje-besimokanciais-ukrainieciais\/\">Europos dien\u0105 Prezidentas susitiko su Utenoje besimokan\u010diais ukrainie\u010diais<\/a><\/blockquote><iframe sandbox=\"allow-scripts\" security=\"restricted\" src=\"https:\/\/lietuve.lt\/europos-diena-prezidentas-susitiko-su-utenoje-besimokanciais-ukrainieciais\/embed\/#?secret=MhBt5OB0Hx\" width=\"600\" height=\"338\" title=\"&#8220;Europos dien\u0105 Prezidentas susitiko su Utenoje besimokan\u010diais ukrainie\u010diais&#8221; &#8212; \u017durnalas Lietuv\u0117\" data-secret=\"MhBt5OB0Hx\" frameborder=\"0\" marginwidth=\"0\" marginheight=\"0\" scrolling=\"no\" class=\"wp-embedded-content\"><\/iframe><script type=\"text\/javascript\">\n\/* <![CDATA[ *\/\n\/*! This file is auto-generated *\/\n!function(d,l){\"use strict\";l.querySelector&&d.addEventListener&&\"undefined\"!=typeof URL&&(d.wp=d.wp||{},d.wp.receiveEmbedMessage||(d.wp.receiveEmbedMessage=function(e){var t=e.data;if((t||t.secret||t.message||t.value)&&!\/[^a-zA-Z0-9]\/.test(t.secret)){for(var s,r,n,a=l.querySelectorAll('iframe[data-secret=\"'+t.secret+'\"]'),o=l.querySelectorAll('blockquote[data-secret=\"'+t.secret+'\"]'),c=new RegExp(\"^https?:$\",\"i\"),i=0;i<o.length;i++)o[i].style.display=\"none\";for(i=0;i<a.length;i++)s=a[i],e.source===s.contentWindow&&(s.removeAttribute(\"style\"),\"height\"===t.message?(1e3<(r=parseInt(t.value,10))?r=1e3:~~r<200&&(r=200),s.height=r):\"link\"===t.message&&(r=new URL(s.getAttribute(\"src\")),n=new URL(t.value),c.test(n.protocol))&&n.host===r.host&&l.activeElement===s&&(d.top.location.href=t.value))}},d.addEventListener(\"message\",d.wp.receiveEmbedMessage,!1),l.addEventListener(\"DOMContentLoaded\",function(){for(var e,t,s=l.querySelectorAll(\"iframe.wp-embedded-content\"),r=0;r<s.length;r++)(t=(e=s[r]).getAttribute(\"data-secret\"))||(t=Math.random().toString(36).substring(2,12),e.src+=\"#?secret=\"+t,e.setAttribute(\"data-secret\",t)),e.contentWindow.postMessage({message:\"ready\",secret:t},\"*\")},!1)))}(window,document);\n\/\/# sourceURL=https:\/\/lietuve.lt\/wp-includes\/js\/wp-embed.min.js\n\/* ]]> *\/\n<\/script>\n","thumbnail_url":"https:\/\/lietuve.lt\/wp-content\/uploads\/2022\/05\/5-2.jpg","thumbnail_width":1024,"thumbnail_height":683,"description":"Lietuvos Prezidentas Gitanas Naus\u0117da pirmadien\u012f lank\u0117si Utenos \u201eVyturi\u0173\u201c progimnazijoje. \u0160ios mokyklos Daugaili\u0173 skyriuje \u0161alies vadovas su moksleiviais dalyvavo Europos dienai skirtoje pamokoje, o \u201eVyturi\u0173\u201c progimnazijoje susipa\u017eino su \u010dia kuriama mokini\u0173, atvykusi\u0173 i\u0161 Ukrainos, integracijos sistema. \u0160iuo metu Utenos \u201eVyturi\u0173\u201c progimnazijoje mokosi daugiau nei 460 vaik\u0173, 124 j\u0173 \u2013 i\u0161 Ukrainos. Progimnazijoje taip pat dirba i\u0161"}