{"version":"1.0","provider_name":"\u017durnalas Lietuv\u0117","provider_url":"https:\/\/lietuve.lt","title":"Europos jaunimo \u010dempionu tap\u0119s Mykolas Alekna: \u201eVadovavausi t\u0117\u010dio patarimu\u201c - \u017durnalas Lietuv\u0117","type":"rich","width":600,"height":338,"html":"<blockquote class=\"wp-embedded-content\" data-secret=\"jTAV7SxaNt\"><a href=\"https:\/\/lietuve.lt\/europos-jaunimo-cempionu-tapes-mykolas-alekna-vadovavausi-tecio-patarimu\/\">Europos jaunimo \u010dempionu tap\u0119s Mykolas Alekna: \u201eVadovavausi t\u0117\u010dio patarimu\u201c<\/a><\/blockquote><iframe sandbox=\"allow-scripts\" security=\"restricted\" src=\"https:\/\/lietuve.lt\/europos-jaunimo-cempionu-tapes-mykolas-alekna-vadovavausi-tecio-patarimu\/embed\/#?secret=jTAV7SxaNt\" width=\"600\" height=\"338\" title=\"&#8220;Europos jaunimo \u010dempionu tap\u0119s Mykolas Alekna: \u201eVadovavausi t\u0117\u010dio patarimu\u201c&#8221; &#8212; \u017durnalas Lietuv\u0117\" data-secret=\"jTAV7SxaNt\" frameborder=\"0\" marginwidth=\"0\" marginheight=\"0\" scrolling=\"no\" class=\"wp-embedded-content\"><\/iframe><script type=\"text\/javascript\">\n\/* <![CDATA[ *\/\n\/*! This file is auto-generated *\/\n!function(d,l){\"use strict\";l.querySelector&&d.addEventListener&&\"undefined\"!=typeof URL&&(d.wp=d.wp||{},d.wp.receiveEmbedMessage||(d.wp.receiveEmbedMessage=function(e){var t=e.data;if((t||t.secret||t.message||t.value)&&!\/[^a-zA-Z0-9]\/.test(t.secret)){for(var s,r,n,a=l.querySelectorAll('iframe[data-secret=\"'+t.secret+'\"]'),o=l.querySelectorAll('blockquote[data-secret=\"'+t.secret+'\"]'),c=new RegExp(\"^https?:$\",\"i\"),i=0;i<o.length;i++)o[i].style.display=\"none\";for(i=0;i<a.length;i++)s=a[i],e.source===s.contentWindow&&(s.removeAttribute(\"style\"),\"height\"===t.message?(1e3<(r=parseInt(t.value,10))?r=1e3:~~r<200&&(r=200),s.height=r):\"link\"===t.message&&(r=new URL(s.getAttribute(\"src\")),n=new URL(t.value),c.test(n.protocol))&&n.host===r.host&&l.activeElement===s&&(d.top.location.href=t.value))}},d.addEventListener(\"message\",d.wp.receiveEmbedMessage,!1),l.addEventListener(\"DOMContentLoaded\",function(){for(var e,t,s=l.querySelectorAll(\"iframe.wp-embedded-content\"),r=0;r<s.length;r++)(t=(e=s[r]).getAttribute(\"data-secret\"))||(t=Math.random().toString(36).substring(2,12),e.src+=\"#?secret=\"+t,e.setAttribute(\"data-secret\",t)),e.contentWindow.postMessage({message:\"ready\",secret:t},\"*\")},!1)))}(window,document);\n\/\/# sourceURL=https:\/\/lietuve.lt\/wp-includes\/js\/wp-embed.min.js\n\/* ]]> *\/\n<\/script>\n","thumbnail_url":"https:\/\/lietuve.lt\/wp-content\/uploads\/2021\/07\/20210625_Alfredas_Pliadis_A4S_9300-1.jpg","thumbnail_width":1024,"thumbnail_height":654,"description":"Mil\u017eini\u0161k\u0105 Alekn\u0173 \u0161eimos trof\u0117j\u0173 kolekcij\u0105 papild\u0117 dar vienas apdovanojimas. Medalis, kurio savo \u012fsp\u016bdingoje karjeroje nei\u0161kovojo net ir pats Virgilijus Alekna. Taline (Estija) vykusiame Europos jaunimo lengvosios atletikos \u010dempionate triumfavo Mykolas Alekna, 1,75 kg disk\u0105 numet\u0119s lygiai 68 metrus ir vos 2 centimetrais atsilik\u0119s nuo pirmenybi\u0173 rekordo. 18-me\u010dio lietuvio prana\u0161umas prie\u0161 var\u017eovus buvo mil\u017eini\u0161kas: antr\u0105 viet\u0105"}