{"version":"1.0","provider_name":"\u017durnalas Lietuv\u0117","provider_url":"https:\/\/lietuve.lt","title":"\u201eEurovizijos\u201c nacionalin\u0117je atrankoje pergal\u0117s sieks ir I\u0161tvanas su Ellada - \u017durnalas Lietuv\u0117","type":"rich","width":600,"height":338,"html":"<blockquote class=\"wp-embedded-content\" data-secret=\"3waL4BWnfU\"><a href=\"https:\/\/lietuve.lt\/eurovizijos-nacionalineje-atrankoje-pergales-sieks-ir-istvanas-su-ellada\/\">\u201eEurovizijos\u201c nacionalin\u0117je atrankoje pergal\u0117s sieks ir I\u0161tvanas su Ellada<\/a><\/blockquote><iframe sandbox=\"allow-scripts\" security=\"restricted\" src=\"https:\/\/lietuve.lt\/eurovizijos-nacionalineje-atrankoje-pergales-sieks-ir-istvanas-su-ellada\/embed\/#?secret=3waL4BWnfU\" width=\"600\" height=\"338\" title=\"&#8220;\u201eEurovizijos\u201c nacionalin\u0117je atrankoje pergal\u0117s sieks ir I\u0161tvanas su Ellada&#8221; &#8212; \u017durnalas Lietuv\u0117\" data-secret=\"3waL4BWnfU\" frameborder=\"0\" marginwidth=\"0\" marginheight=\"0\" scrolling=\"no\" class=\"wp-embedded-content\"><\/iframe><script type=\"text\/javascript\">\n\/* <![CDATA[ *\/\n\/*! This file is auto-generated *\/\n!function(d,l){\"use strict\";l.querySelector&&d.addEventListener&&\"undefined\"!=typeof URL&&(d.wp=d.wp||{},d.wp.receiveEmbedMessage||(d.wp.receiveEmbedMessage=function(e){var t=e.data;if((t||t.secret||t.message||t.value)&&!\/[^a-zA-Z0-9]\/.test(t.secret)){for(var s,r,n,a=l.querySelectorAll('iframe[data-secret=\"'+t.secret+'\"]'),o=l.querySelectorAll('blockquote[data-secret=\"'+t.secret+'\"]'),c=new RegExp(\"^https?:$\",\"i\"),i=0;i<o.length;i++)o[i].style.display=\"none\";for(i=0;i<a.length;i++)s=a[i],e.source===s.contentWindow&&(s.removeAttribute(\"style\"),\"height\"===t.message?(1e3<(r=parseInt(t.value,10))?r=1e3:~~r<200&&(r=200),s.height=r):\"link\"===t.message&&(r=new URL(s.getAttribute(\"src\")),n=new URL(t.value),c.test(n.protocol))&&n.host===r.host&&l.activeElement===s&&(d.top.location.href=t.value))}},d.addEventListener(\"message\",d.wp.receiveEmbedMessage,!1),l.addEventListener(\"DOMContentLoaded\",function(){for(var e,t,s=l.querySelectorAll(\"iframe.wp-embedded-content\"),r=0;r<s.length;r++)(t=(e=s[r]).getAttribute(\"data-secret\"))||(t=Math.random().toString(36).substring(2,12),e.src+=\"#?secret=\"+t,e.setAttribute(\"data-secret\",t)),e.contentWindow.postMessage({message:\"ready\",secret:t},\"*\")},!1)))}(window,document);\n\/\/# sourceURL=https:\/\/lietuve.lt\/wp-includes\/js\/wp-embed.min.js\n\/* ]]> *\/\n<\/script>\n","description":"Rom\u0173 grup\u0117s \u201eSare Roma\u201c \u012fk\u016br\u0117jas I\u0161tvanas Kvikas \u0161\u012f \u0161e\u0161tadien\u012f dalyvaus \u201eEurovizijos\u201c nacionalin\u0117je atrankoje. Kartu su juo \u2013 ir specialiai i\u0161 Vokietijos atvykusi solist\u0117 Ellada. \u012e gimt\u0105j\u0105 Lietuv\u0105 po 15 met\u0173 gr\u012f\u017eusi\u0105 daininink\u0119 nostalgi\u0161kai jaudino LRT televizijos koridoriai, sugr\u0105\u017ein\u0119 daugyb\u0119 prisiminim\u0173. \u201eA\u0161 esu romas. Ar J\u016bs numanote, kiek Europoje rom\u0173? Visi u\u017e mus balsuos \u201eEurovizijoje\u201c, \u2013"}