{"version":"1.0","provider_name":"\u017durnalas Lietuv\u0117","provider_url":"https:\/\/lietuve.lt","title":"\u201eEurovizijos\u201c nugal\u0117tojas i\u0161 \u0160vedijos \u0161i\u0105 vasar\u0105 koncertuos Lietuvoje - \u017durnalas Lietuv\u0117","type":"rich","width":600,"height":338,"html":"<blockquote class=\"wp-embedded-content\" data-secret=\"w5FzKm4M4w\"><a href=\"https:\/\/lietuve.lt\/eurovizijos-nugaletojas-is-svedijos-sia-vasara-koncertuos-lietuvoje\/\">\u201eEurovizijos\u201c nugal\u0117tojas i\u0161 \u0160vedijos \u0161i\u0105 vasar\u0105 koncertuos Lietuvoje<\/a><\/blockquote><iframe sandbox=\"allow-scripts\" security=\"restricted\" src=\"https:\/\/lietuve.lt\/eurovizijos-nugaletojas-is-svedijos-sia-vasara-koncertuos-lietuvoje\/embed\/#?secret=w5FzKm4M4w\" width=\"600\" height=\"338\" title=\"&#8220;\u201eEurovizijos\u201c nugal\u0117tojas i\u0161 \u0160vedijos \u0161i\u0105 vasar\u0105 koncertuos Lietuvoje&#8221; &#8212; \u017durnalas Lietuv\u0117\" data-secret=\"w5FzKm4M4w\" frameborder=\"0\" marginwidth=\"0\" marginheight=\"0\" scrolling=\"no\" class=\"wp-embedded-content\"><\/iframe><script type=\"text\/javascript\">\n\/* <![CDATA[ *\/\n\/*! This file is auto-generated *\/\n!function(d,l){\"use strict\";l.querySelector&&d.addEventListener&&\"undefined\"!=typeof URL&&(d.wp=d.wp||{},d.wp.receiveEmbedMessage||(d.wp.receiveEmbedMessage=function(e){var t=e.data;if((t||t.secret||t.message||t.value)&&!\/[^a-zA-Z0-9]\/.test(t.secret)){for(var s,r,n,a=l.querySelectorAll('iframe[data-secret=\"'+t.secret+'\"]'),o=l.querySelectorAll('blockquote[data-secret=\"'+t.secret+'\"]'),c=new RegExp(\"^https?:$\",\"i\"),i=0;i<o.length;i++)o[i].style.display=\"none\";for(i=0;i<a.length;i++)s=a[i],e.source===s.contentWindow&&(s.removeAttribute(\"style\"),\"height\"===t.message?(1e3<(r=parseInt(t.value,10))?r=1e3:~~r<200&&(r=200),s.height=r):\"link\"===t.message&&(r=new URL(s.getAttribute(\"src\")),n=new URL(t.value),c.test(n.protocol))&&n.host===r.host&&l.activeElement===s&&(d.top.location.href=t.value))}},d.addEventListener(\"message\",d.wp.receiveEmbedMessage,!1),l.addEventListener(\"DOMContentLoaded\",function(){for(var e,t,s=l.querySelectorAll(\"iframe.wp-embedded-content\"),r=0;r<s.length;r++)(t=(e=s[r]).getAttribute(\"data-secret\"))||(t=Math.random().toString(36).substring(2,12),e.src+=\"#?secret=\"+t,e.setAttribute(\"data-secret\",t)),e.contentWindow.postMessage({message:\"ready\",secret:t},\"*\")},!1)))}(window,document);\n\/\/# sourceURL=https:\/\/lietuve.lt\/wp-includes\/js\/wp-embed.min.js\n\/* ]]> *\/\n<\/script>\n","description":"\u0160vedas M\u00e5nsas Zelmerl\u00f6was, vos prie\u0161 kelias savaites laim\u0117j\u0119s \u201eEurovizijos\u201c dain\u0173 konkurs\u0105, atvyksta \u012f Lietuv\u0105. J\u012f lietuviai gal\u0117s i\u0161girsti muzikos festivalyje \u201eGranatos Live\u201c, kuris vyks liepos 31\u2013rugpj\u016b\u010dio 2 d. M\u00e5nsas Petteris Albertas Zelmerl\u00f6was, \u017einomas tiesiog kaip M\u00e5nsas Zelmerl\u00f6was, \u0160vedijoje i\u0161gars\u0117jo prie\u0161 de\u0161imtmet\u012f, kai draugo \u012fkalb\u0117tas dalyvavo televizijos projekte \u201eSwedish Idol\u201c. Solin\u0117 M\u00e5nso karjera prasid\u0117jo 2007 metais,"}