{"version":"1.0","provider_name":"\u017durnalas Lietuv\u0117","provider_url":"https:\/\/lietuve.lt","title":"Festivalyje \u201eMfESt\u201c k\u016br\u0117jai atskleis dar nematytas savo puses - \u017durnalas Lietuv\u0117","type":"rich","width":600,"height":338,"html":"<blockquote class=\"wp-embedded-content\" data-secret=\"xg17cUmReu\"><a href=\"https:\/\/lietuve.lt\/festivalyje-mfest-kurejai-atskleis-dar-nematytas-savo-puses\/\">Festivalyje \u201eMfESt\u201c k\u016br\u0117jai  atskleis dar nematytas savo puses<\/a><\/blockquote><iframe sandbox=\"allow-scripts\" security=\"restricted\" src=\"https:\/\/lietuve.lt\/festivalyje-mfest-kurejai-atskleis-dar-nematytas-savo-puses\/embed\/#?secret=xg17cUmReu\" width=\"600\" height=\"338\" title=\"&#8220;Festivalyje \u201eMfESt\u201c k\u016br\u0117jai  atskleis dar nematytas savo puses&#8221; &#8212; \u017durnalas Lietuv\u0117\" data-secret=\"xg17cUmReu\" frameborder=\"0\" marginwidth=\"0\" marginheight=\"0\" scrolling=\"no\" class=\"wp-embedded-content\"><\/iframe><script type=\"text\/javascript\">\n\/* <![CDATA[ *\/\n\/*! This file is auto-generated *\/\n!function(d,l){\"use strict\";l.querySelector&&d.addEventListener&&\"undefined\"!=typeof URL&&(d.wp=d.wp||{},d.wp.receiveEmbedMessage||(d.wp.receiveEmbedMessage=function(e){var t=e.data;if((t||t.secret||t.message||t.value)&&!\/[^a-zA-Z0-9]\/.test(t.secret)){for(var s,r,n,a=l.querySelectorAll('iframe[data-secret=\"'+t.secret+'\"]'),o=l.querySelectorAll('blockquote[data-secret=\"'+t.secret+'\"]'),c=new RegExp(\"^https?:$\",\"i\"),i=0;i<o.length;i++)o[i].style.display=\"none\";for(i=0;i<a.length;i++)s=a[i],e.source===s.contentWindow&&(s.removeAttribute(\"style\"),\"height\"===t.message?(1e3<(r=parseInt(t.value,10))?r=1e3:~~r<200&&(r=200),s.height=r):\"link\"===t.message&&(r=new URL(s.getAttribute(\"src\")),n=new URL(t.value),c.test(n.protocol))&&n.host===r.host&&l.activeElement===s&&(d.top.location.href=t.value))}},d.addEventListener(\"message\",d.wp.receiveEmbedMessage,!1),l.addEventListener(\"DOMContentLoaded\",function(){for(var e,t,s=l.querySelectorAll(\"iframe.wp-embedded-content\"),r=0;r<s.length;r++)(t=(e=s[r]).getAttribute(\"data-secret\"))||(t=Math.random().toString(36).substring(2,12),e.src+=\"#?secret=\"+t,e.setAttribute(\"data-secret\",t)),e.contentWindow.postMessage({message:\"ready\",secret:t},\"*\")},!1)))}(window,document);\n\/\/# sourceURL=https:\/\/lietuve.lt\/wp-includes\/js\/wp-embed.min.js\n\/* ]]> *\/\n<\/script>\n","description":"Penktadien\u012f, rugs\u0117jo 18 dien\u0105, sostin\u0117s gyventojai ir sve\u010diai tur\u0117s galimyb\u0119 i\u0161vysti trumpametra\u017ei\u0173 miuzikl\u0173 festivalio \u201eMfESt\u201c premjer\u0105. \u012egyvendinti \u0161io i\u0161skirtinio renginio id\u0117j\u0105 sutiko daugelis Lietuvoje ir u\u017esienyje \u017einom\u0173 k\u016br\u0117j\u0173 bei atlik\u0117j\u0173. \u201eMfESt\u201c scenoje jie \u017ei\u016brovams \u017eada daug netik\u0117tum\u0173. Vienas i\u0161 toki\u0173 \u2013 miuziklas su repo muzikos stiliaus elementais, kuriame repavimo gabumus atskleis ir serialo trilogijos \u201eNemylimi\u201c"}