{"version":"1.0","provider_name":"\u017durnalas Lietuv\u0117","provider_url":"https:\/\/lietuve.lt","title":"Fotomenininkas Algimantas Aleksandravi\u010dius: \u201eFotografas turi aukoti ir aukotis\u201c - \u017durnalas Lietuv\u0117","type":"rich","width":600,"height":338,"html":"<blockquote class=\"wp-embedded-content\" data-secret=\"l3KblaXJ89\"><a href=\"https:\/\/lietuve.lt\/fotomenininkas-algimantas-aleksandravicius-fotografas-turi-aukoti-ir-aukotis\/\">Fotomenininkas Algimantas Aleksandravi\u010dius: \u201eFotografas turi aukoti ir aukotis\u201c<\/a><\/blockquote><iframe sandbox=\"allow-scripts\" security=\"restricted\" src=\"https:\/\/lietuve.lt\/fotomenininkas-algimantas-aleksandravicius-fotografas-turi-aukoti-ir-aukotis\/embed\/#?secret=l3KblaXJ89\" width=\"600\" height=\"338\" title=\"&#8220;Fotomenininkas Algimantas Aleksandravi\u010dius: \u201eFotografas turi aukoti ir aukotis\u201c&#8221; &#8212; \u017durnalas Lietuv\u0117\" data-secret=\"l3KblaXJ89\" frameborder=\"0\" marginwidth=\"0\" marginheight=\"0\" scrolling=\"no\" class=\"wp-embedded-content\"><\/iframe><script type=\"text\/javascript\">\n\/* <![CDATA[ *\/\n\/*! This file is auto-generated *\/\n!function(d,l){\"use strict\";l.querySelector&&d.addEventListener&&\"undefined\"!=typeof URL&&(d.wp=d.wp||{},d.wp.receiveEmbedMessage||(d.wp.receiveEmbedMessage=function(e){var t=e.data;if((t||t.secret||t.message||t.value)&&!\/[^a-zA-Z0-9]\/.test(t.secret)){for(var s,r,n,a=l.querySelectorAll('iframe[data-secret=\"'+t.secret+'\"]'),o=l.querySelectorAll('blockquote[data-secret=\"'+t.secret+'\"]'),c=new RegExp(\"^https?:$\",\"i\"),i=0;i<o.length;i++)o[i].style.display=\"none\";for(i=0;i<a.length;i++)s=a[i],e.source===s.contentWindow&&(s.removeAttribute(\"style\"),\"height\"===t.message?(1e3<(r=parseInt(t.value,10))?r=1e3:~~r<200&&(r=200),s.height=r):\"link\"===t.message&&(r=new URL(s.getAttribute(\"src\")),n=new URL(t.value),c.test(n.protocol))&&n.host===r.host&&l.activeElement===s&&(d.top.location.href=t.value))}},d.addEventListener(\"message\",d.wp.receiveEmbedMessage,!1),l.addEventListener(\"DOMContentLoaded\",function(){for(var e,t,s=l.querySelectorAll(\"iframe.wp-embedded-content\"),r=0;r<s.length;r++)(t=(e=s[r]).getAttribute(\"data-secret\"))||(t=Math.random().toString(36).substring(2,12),e.src+=\"#?secret=\"+t,e.setAttribute(\"data-secret\",t)),e.contentWindow.postMessage({message:\"ready\",secret:t},\"*\")},!1)))}(window,document);\n\/\/# sourceURL=https:\/\/lietuve.lt\/wp-includes\/js\/wp-embed.min.js\n\/* ]]> *\/\n<\/script>\n","thumbnail_url":"https:\/\/lietuve.lt\/wp-content\/uploads\/2017\/08\/A.-Aleksandravi\u010dius.-Vido-Bivenio-nuotr..jpg","thumbnail_width":709,"thumbnail_height":459,"description":"Fotomeninink\u0105, Lietuvos nacionalin\u0117s kult\u016bros ir meno premijos laureat\u0105 Algimant\u0105 Aleksandravi\u010di\u0173 daugelis pa\u017e\u012fsta kaip vien\u0105 garsiausi\u0173 Lietuvoje portretist\u0173. Ta\u010diau pastaraisiais metais parod\u0173 sal\u0117se ar knygynuose sutinkame j\u012f kaip Lietuvos poeti\u0161kumo \u012fam\u017eintoj\u0105. Poezijos netr\u016bks menininko darb\u0173 parodoje \u201eLietuva \u2013 praskleidus debes\u0173 apklot\u0105\u201c, kuri bus atidaryta Anyk\u0161\u010di\u0173 meno inkubatoriuje per rugpj\u016bt\u012f vyksiant\u012f jubiliejin\u012f, 10-\u0105j\u012f bard\u0173 festival\u012f \u201ePurpurinis vakaras\u201c."}