{"version":"1.0","provider_name":"\u017durnalas Lietuv\u0117","provider_url":"https:\/\/lietuve.lt","title":"Gabriel\u0117 Andra\u0161i\u016bnien\u0117 i\u0161kovojo Europos vice\u010dempion\u0117s titul\u0105 - \u017durnalas Lietuv\u0117","type":"rich","width":600,"height":338,"html":"<blockquote class=\"wp-embedded-content\" data-secret=\"dCaGusxRCr\"><a href=\"https:\/\/lietuve.lt\/gabriele-andrasiuniene-iskovojo-europos-vicecempiones-titula\/\">Gabriel\u0117 Andra\u0161i\u016bnien\u0117 i\u0161kovojo Europos vice\u010dempion\u0117s titul\u0105<\/a><\/blockquote><iframe sandbox=\"allow-scripts\" security=\"restricted\" src=\"https:\/\/lietuve.lt\/gabriele-andrasiuniene-iskovojo-europos-vicecempiones-titula\/embed\/#?secret=dCaGusxRCr\" width=\"600\" height=\"338\" title=\"&#8220;Gabriel\u0117 Andra\u0161i\u016bnien\u0117 i\u0161kovojo Europos vice\u010dempion\u0117s titul\u0105&#8221; &#8212; \u017durnalas Lietuv\u0117\" data-secret=\"dCaGusxRCr\" frameborder=\"0\" marginwidth=\"0\" marginheight=\"0\" scrolling=\"no\" class=\"wp-embedded-content\"><\/iframe><script type=\"text\/javascript\">\n\/* <![CDATA[ *\/\n\/*! This file is auto-generated *\/\n!function(d,l){\"use strict\";l.querySelector&&d.addEventListener&&\"undefined\"!=typeof URL&&(d.wp=d.wp||{},d.wp.receiveEmbedMessage||(d.wp.receiveEmbedMessage=function(e){var t=e.data;if((t||t.secret||t.message||t.value)&&!\/[^a-zA-Z0-9]\/.test(t.secret)){for(var s,r,n,a=l.querySelectorAll('iframe[data-secret=\"'+t.secret+'\"]'),o=l.querySelectorAll('blockquote[data-secret=\"'+t.secret+'\"]'),c=new RegExp(\"^https?:$\",\"i\"),i=0;i<o.length;i++)o[i].style.display=\"none\";for(i=0;i<a.length;i++)s=a[i],e.source===s.contentWindow&&(s.removeAttribute(\"style\"),\"height\"===t.message?(1e3<(r=parseInt(t.value,10))?r=1e3:~~r<200&&(r=200),s.height=r):\"link\"===t.message&&(r=new URL(s.getAttribute(\"src\")),n=new URL(t.value),c.test(n.protocol))&&n.host===r.host&&l.activeElement===s&&(d.top.location.href=t.value))}},d.addEventListener(\"message\",d.wp.receiveEmbedMessage,!1),l.addEventListener(\"DOMContentLoaded\",function(){for(var e,t,s=l.querySelectorAll(\"iframe.wp-embedded-content\"),r=0;r<s.length;r++)(t=(e=s[r]).getAttribute(\"data-secret\"))||(t=Math.random().toString(36).substring(2,12),e.src+=\"#?secret=\"+t,e.setAttribute(\"data-secret\",t)),e.contentWindow.postMessage({message:\"ready\",secret:t},\"*\")},!1)))}(window,document);\n\/\/# sourceURL=https:\/\/lietuve.lt\/wp-includes\/js\/wp-embed.min.js\n\/* ]]> *\/\n<\/script>\n","thumbnail_url":"https:\/\/lietuve.lt\/wp-content\/uploads\/2023\/04\/292670808_1935674406633617_3017456976085587095_n-scaled.jpg","thumbnail_width":1024,"thumbnail_height":682,"description":"Portugalijoje vykstan\u010diame Europos orientavimosi sporto kaln\u0173 dvira\u010diais \u010dempionate s\u0117km\u0117 nusi\u0161ypsojo pra\u0117jusi\u0173 met\u0173 Europos \u010dempionei\u00a0Gabrielei Andra\u0161i\u016bnienei. Antr\u0105j\u0105 var\u017eyb\u0173 dien\u0105 bendro starto lenktyn\u0117se sportinink\u0117 i\u0161kovojo sidabro medal\u012f! Var\u017eybos pasi\u017eym\u0117jo ne tik sud\u0117tingomis trasomis, intriguojan\u010dia kova, bet ir itin sunkiomis oro s\u0105lygomis. \u0160iuo metu Portugalijoje yra kiek daugiau nei 30 \u00b0C kar\u0161\u010dio. G. Andra\u0161i\u016bnien\u0117 23 km tras\u0105 \u012fveik\u0117"}