{"version":"1.0","provider_name":"\u017durnalas Lietuv\u0117","provider_url":"https:\/\/lietuve.lt","title":"Garsios Lietuvos dizainer\u0117s kuria \u0161iuolaikinio tautinio kostiumo kolekcij\u0105 - \u017durnalas Lietuv\u0117","type":"rich","width":600,"height":338,"html":"<blockquote class=\"wp-embedded-content\" data-secret=\"dHQewlxYfM\"><a href=\"https:\/\/lietuve.lt\/garsios-lietuvos-dizaineres-kuria-siuolaikinio-tautinio-kostiumo-kolekcija\/\">Garsios Lietuvos dizainer\u0117s kuria \u0161iuolaikinio tautinio kostiumo kolekcij\u0105<\/a><\/blockquote><iframe sandbox=\"allow-scripts\" security=\"restricted\" src=\"https:\/\/lietuve.lt\/garsios-lietuvos-dizaineres-kuria-siuolaikinio-tautinio-kostiumo-kolekcija\/embed\/#?secret=dHQewlxYfM\" width=\"600\" height=\"338\" title=\"&#8220;Garsios Lietuvos dizainer\u0117s kuria \u0161iuolaikinio tautinio kostiumo kolekcij\u0105&#8221; &#8212; \u017durnalas Lietuv\u0117\" data-secret=\"dHQewlxYfM\" frameborder=\"0\" marginwidth=\"0\" marginheight=\"0\" scrolling=\"no\" class=\"wp-embedded-content\"><\/iframe><script type=\"text\/javascript\">\n\/* <![CDATA[ *\/\n\/*! This file is auto-generated *\/\n!function(d,l){\"use strict\";l.querySelector&&d.addEventListener&&\"undefined\"!=typeof URL&&(d.wp=d.wp||{},d.wp.receiveEmbedMessage||(d.wp.receiveEmbedMessage=function(e){var t=e.data;if((t||t.secret||t.message||t.value)&&!\/[^a-zA-Z0-9]\/.test(t.secret)){for(var s,r,n,a=l.querySelectorAll('iframe[data-secret=\"'+t.secret+'\"]'),o=l.querySelectorAll('blockquote[data-secret=\"'+t.secret+'\"]'),c=new RegExp(\"^https?:$\",\"i\"),i=0;i<o.length;i++)o[i].style.display=\"none\";for(i=0;i<a.length;i++)s=a[i],e.source===s.contentWindow&&(s.removeAttribute(\"style\"),\"height\"===t.message?(1e3<(r=parseInt(t.value,10))?r=1e3:~~r<200&&(r=200),s.height=r):\"link\"===t.message&&(r=new URL(s.getAttribute(\"src\")),n=new URL(t.value),c.test(n.protocol))&&n.host===r.host&&l.activeElement===s&&(d.top.location.href=t.value))}},d.addEventListener(\"message\",d.wp.receiveEmbedMessage,!1),l.addEventListener(\"DOMContentLoaded\",function(){for(var e,t,s=l.querySelectorAll(\"iframe.wp-embedded-content\"),r=0;r<s.length;r++)(t=(e=s[r]).getAttribute(\"data-secret\"))||(t=Math.random().toString(36).substring(2,12),e.src+=\"#?secret=\"+t,e.setAttribute(\"data-secret\",t)),e.contentWindow.postMessage({message:\"ready\",secret:t},\"*\")},!1)))}(window,document);\n\/\/# sourceURL=https:\/\/lietuve.lt\/wp-includes\/js\/wp-embed.min.js\n\/* ]]> *\/\n<\/script>\n","description":"Netik\u0117ti ir ry\u0161k\u016bs spalv\u0173 deriniai, languoti audiniai, simbolin\u0119 reik\u0161m\u0119 turintys drabu\u017eiai ir ra\u0161tai. Prisiminti \u0161iuos ir kitus nepelnytai primir\u0161tus tautinio lietuvi\u0173 kostiumo atributus ir derinti juos su \u0161iuolaikiniu madingu siluetu si\u016blo \u017einomos \u0161alies dizainer\u0117s Jolanta Rimkut\u0117 ir Ieva \u0160eviakovait\u0117. Lietuvos nepriklausomyb\u0117s atk\u016brimo dienos i\u0161vakar\u0117se jos pristat\u0117 kuriam\u0105 \u0161iuolaikinio tautinio kostiumo kolekcij\u0105. Jau sukurtas pirmasis kolekcijos"}