{"version":"1.0","provider_name":"\u017durnalas Lietuv\u0117","provider_url":"https:\/\/lietuve.lt","title":"Gerda Stiklickien\u0117: \u201eMano kelyje buvo be galo daug duobi\u0173\u201c - \u017durnalas Lietuv\u0117","type":"rich","width":600,"height":338,"html":"<blockquote class=\"wp-embedded-content\" data-secret=\"8YIYQdo5Yl\"><a href=\"https:\/\/lietuve.lt\/gerda-stiklickiene-mano-kelyje-buvo-be-galo-daug-duobiu\/\">Gerda Stiklickien\u0117: \u201eMano kelyje buvo be galo daug duobi\u0173\u201c<\/a><\/blockquote><iframe sandbox=\"allow-scripts\" security=\"restricted\" src=\"https:\/\/lietuve.lt\/gerda-stiklickiene-mano-kelyje-buvo-be-galo-daug-duobiu\/embed\/#?secret=8YIYQdo5Yl\" width=\"600\" height=\"338\" title=\"&#8220;Gerda Stiklickien\u0117: \u201eMano kelyje buvo be galo daug duobi\u0173\u201c&#8221; &#8212; \u017durnalas Lietuv\u0117\" data-secret=\"8YIYQdo5Yl\" frameborder=\"0\" marginwidth=\"0\" marginheight=\"0\" scrolling=\"no\" class=\"wp-embedded-content\"><\/iframe><script type=\"text\/javascript\">\n\/* <![CDATA[ *\/\n\/*! This file is auto-generated *\/\n!function(d,l){\"use strict\";l.querySelector&&d.addEventListener&&\"undefined\"!=typeof URL&&(d.wp=d.wp||{},d.wp.receiveEmbedMessage||(d.wp.receiveEmbedMessage=function(e){var t=e.data;if((t||t.secret||t.message||t.value)&&!\/[^a-zA-Z0-9]\/.test(t.secret)){for(var s,r,n,a=l.querySelectorAll('iframe[data-secret=\"'+t.secret+'\"]'),o=l.querySelectorAll('blockquote[data-secret=\"'+t.secret+'\"]'),c=new RegExp(\"^https?:$\",\"i\"),i=0;i<o.length;i++)o[i].style.display=\"none\";for(i=0;i<a.length;i++)s=a[i],e.source===s.contentWindow&&(s.removeAttribute(\"style\"),\"height\"===t.message?(1e3<(r=parseInt(t.value,10))?r=1e3:~~r<200&&(r=200),s.height=r):\"link\"===t.message&&(r=new URL(s.getAttribute(\"src\")),n=new URL(t.value),c.test(n.protocol))&&n.host===r.host&&l.activeElement===s&&(d.top.location.href=t.value))}},d.addEventListener(\"message\",d.wp.receiveEmbedMessage,!1),l.addEventListener(\"DOMContentLoaded\",function(){for(var e,t,s=l.querySelectorAll(\"iframe.wp-embedded-content\"),r=0;r<s.length;r++)(t=(e=s[r]).getAttribute(\"data-secret\"))||(t=Math.random().toString(36).substring(2,12),e.src+=\"#?secret=\"+t,e.setAttribute(\"data-secret\",t)),e.contentWindow.postMessage({message:\"ready\",secret:t},\"*\")},!1)))}(window,document);\n\/\/# sourceURL=https:\/\/lietuve.lt\/wp-includes\/js\/wp-embed.min.js\n\/* ]]> *\/\n<\/script>\n","thumbnail_url":"https:\/\/lietuve.lt\/wp-content\/uploads\/2016\/08\/TV3_2_Barai_Gyvenimas_kelyje_Meile_italiskai_Gerda_Stiklickiene_FOTO_JurArts1.jpg","thumbnail_width":684,"thumbnail_height":363,"description":"\u0160i vasara Gerdai Stiklickienei \u2013 tikras darbymetis. \u017dinoma moteris filmuojasi TV3 realyb\u0117s \u0161ou \u201e2 barai. Gyvenimas greitkelyje\u201c, \u012fra\u0161in\u0117ja dainas, o netrukus \u012fsisuks \u012f nauj\u0173 \u201eTV pagalbos\u201c laid\u0173 filmavimus. Jau \u0161\u012f sekmadien\u012f \u201e2 bar\u0173\u201c i\u0161likimo kovos laidoje Gerda pristatys savo muzikin\u0119 premjer\u0105 \u2013 dain\u0105 \u201eEisiu toliau\u201c. Be to, jau greitai \u0161\u012f k\u016brin\u012f darbo dienomis gird\u0117s TV3"}